{"id":75,"date":"2025-07-24T16:20:40","date_gmt":"2025-07-24T14:20:40","guid":{"rendered":"https:\/\/lecturepourtous.net\/index.php\/about\/"},"modified":"2026-04-27T16:24:46","modified_gmt":"2026-04-27T14:24:46","slug":"about","status":"publish","type":"page","link":"https:\/\/lecturepourtous.net\/index.php\/about\/","title":{"rendered":"Salon du livre"},"content":{"rendered":"\n<p class=\"has-text-align-center\" style=\"font-size:36px\"><strong>Auteurs invit\u00e9s au Salon du Livre <\/strong><\/p>\n\n\n\n<p class=\"has-text-align-center\" style=\"font-size:36px\"><strong>du dimanche 15 novembre 2026<\/strong><\/p>\n\n\n<style>.wp-block-kadence-advancedheading.kt-adv-heading75_b2073e-1f, .wp-block-kadence-advancedheading.kt-adv-heading75_b2073e-1f[data-kb-block=\"kb-adv-heading75_b2073e-1f\"]{font-size:var(--global-kb-font-size-md, 1.25rem);font-style:normal;}.wp-block-kadence-advancedheading.kt-adv-heading75_b2073e-1f mark.kt-highlight, .wp-block-kadence-advancedheading.kt-adv-heading75_b2073e-1f[data-kb-block=\"kb-adv-heading75_b2073e-1f\"] mark.kt-highlight{font-style:normal;color:#f76a0c;-webkit-box-decoration-break:clone;box-decoration-break:clone;padding-top:0px;padding-right:0px;padding-bottom:0px;padding-left:0px;}.wp-block-kadence-advancedheading.kt-adv-heading75_b2073e-1f img.kb-inline-image, .wp-block-kadence-advancedheading.kt-adv-heading75_b2073e-1f[data-kb-block=\"kb-adv-heading75_b2073e-1f\"] img.kb-inline-image{width:150px;vertical-align:baseline;}<\/style>\n<h2 class=\"kt-adv-heading75_b2073e-1f wp-block-kadence-advancedheading\" data-kb-block=\"kb-adv-heading75_b2073e-1f\"><strong>Berry Lucie<\/strong><\/h2>\n\n\n\n<div class=\"wp-block-media-text is-stacked-on-mobile\" style=\"grid-template-columns:30% auto\"><figure class=\"wp-block-media-text__media\"><img loading=\"lazy\" decoding=\"async\" width=\"537\" height=\"555\" src=\"https:\/\/lecturepourtous.net\/wp-content\/uploads\/2026\/04\/Berry-Lucie.png\" alt=\"\" class=\"wp-image-320 size-full\" srcset=\"https:\/\/lecturepourtous.net\/wp-content\/uploads\/2026\/04\/Berry-Lucie.png 537w, https:\/\/lecturepourtous.net\/wp-content\/uploads\/2026\/04\/Berry-Lucie-290x300.png 290w\" sizes=\"auto, (max-width: 537px) 100vw, 537px\" \/><\/figure><div class=\"wp-block-media-text__content\">\n<p><\/p>\n\n\n\n<h2 class=\"wp-block-heading\" style=\"font-size:14px\">J\u2019ai \u00e9t\u00e9 juriste pendant 18 ann\u00e9es, et cette ann\u00e9e 2025 est sous le signe de la reconversion professionnelle qui passe par un temps consacr\u00e9 \u00e0 l\u2019\u00e9criture beaucoup plus important. Apr\u00e8s avoir lu Le Horla de Maupassant, et Jane Eyre de Charlotte Bront\u00eb qui sont deux lectures diam\u00e9tralement oppos\u00e9es, j\u2019ai ressenti l\u2019envie de raconter des histoires, le besoin de faire vivre les personnages que je cr\u00e9ais dans ma t\u00eate. J\u2019ai r\u00e9ellement commenc\u00e9 \u00e0 \u00e9crire pendant mes \u00e9tudes de droit. Puis, je me suis consacr\u00e9e \u00e0 l\u2019\u00e9criture de chroniques litt\u00e9raires pour un blog que je tiens toujours. Peu \u00e0 peu, je me suis consacr\u00e9e \u00e0 la romance sous toutes ses formes et dans tous ses genres et sous-genres. J\u2019aime les belles histoires, les fins heureuses, les d\u00e9clarations d\u2019amour, les sentiments et la mani\u00e8re de les d\u00e9crire et les exploiter. J\u2019aime les personnages profonds, imparfaits ou trop parfaits.           Quand j\u2019\u00e9cris, je suis en catharsis, totalement immerg\u00e9e \u00e0 vivre avec mes personnages et \u00e0 affronter leurs \u00e9preuves. Mon premier roman avait \u00e9t\u00e9 publi\u00e9 dans une maison d\u2019\u00e9dition, malheureusement ferm\u00e9e aujourd\u2019hui. Je me suis donc naturellement tourn\u00e9e vers l\u2019auto-\u00e9dition. Quand je n\u2019\u00e9cris pas, je lis, je suis aussi b\u00eata-lectrice pour certains auteurs, je joue \u00e0 des jeux vid\u00e9os, j\u2019aime les promenades, les soleils couchants, Mariah Carey, les chanteuses \u00e0 voix, la formule 1 et les p\u00e2tes parce qu\u2019une autrice ne se nourrit pas que d\u2019histoires.<\/h2>\n\n\n\n<p><\/p>\n<\/div><\/div>\n\n\n<style>.wp-block-kadence-advancedheading.kt-adv-heading75_26f304-66, .wp-block-kadence-advancedheading.kt-adv-heading75_26f304-66[data-kb-block=\"kb-adv-heading75_26f304-66\"]{font-size:var(--global-kb-font-size-md, 1.25rem);font-style:normal;}.wp-block-kadence-advancedheading.kt-adv-heading75_26f304-66 mark.kt-highlight, .wp-block-kadence-advancedheading.kt-adv-heading75_26f304-66[data-kb-block=\"kb-adv-heading75_26f304-66\"] mark.kt-highlight{font-style:normal;color:#f76a0c;-webkit-box-decoration-break:clone;box-decoration-break:clone;padding-top:0px;padding-right:0px;padding-bottom:0px;padding-left:0px;}.wp-block-kadence-advancedheading.kt-adv-heading75_26f304-66 img.kb-inline-image, .wp-block-kadence-advancedheading.kt-adv-heading75_26f304-66[data-kb-block=\"kb-adv-heading75_26f304-66\"] img.kb-inline-image{width:150px;vertical-align:baseline;}<\/style>\n<h2 class=\"kt-adv-heading75_26f304-66 wp-block-kadence-advancedheading\" data-kb-block=\"kb-adv-heading75_26f304-66\"><strong>Berth\u00e8s Colette<\/strong><\/h2>\n\n\n\n<div class=\"wp-block-media-text is-stacked-on-mobile\" style=\"grid-template-columns:30% auto\"><figure class=\"wp-block-media-text__media\"><img loading=\"lazy\" decoding=\"async\" width=\"223\" height=\"231\" src=\"https:\/\/lecturepourtous.net\/wp-content\/uploads\/2026\/04\/Berthes-Colette-1.png\" alt=\"\" class=\"wp-image-418 size-full\"\/><\/figure><div class=\"wp-block-media-text__content\">\n<p><\/p>\n\n\n\n<h2 class=\"wp-block-heading\" style=\"font-size:14px\">Colette Berth\u00e8s, originaire du Bas Quercy ( Puylaroque\/ Septfonds) et vivant sur les c\u00f4teaux du Frontonais, a une vie aux \u00ab mille \u00bb m\u00e9tiers et toujours l&rsquo;\u00e9criture (monde professionnel, formation, presse etc).<br>Publi\u00e9e par des \u00e9diteurs nationaux (les Ar\u00e8nes, de Bor\u00e9e, Thierry Magnier, Eamsay, Riveneuve, etc) depuis 26 ans,pour une douzaine d&rsquo;ouvrages dont plusieurs portent sur la r\u00e9gion.<br>Bibliographie : tous genres litt\u00e9raires, r\u00e9cit, essai, conte oriental, biographie, romans \u2026 et le nouveau ,\u00a0\u00bb Dans les bois profonds\u00a0\u00bb, un polar \u00ab schizo \u00bb, 100 % local et \u00abalternatif \u00bb est \u00e9dit\u00e9 par une maison d&rsquo;\u00e9dition alternative elle aussi, et associative qui appartient donc \u00e0 ses auteurs.                                                                                                                                      J&rsquo;ai aussi particip\u00e9 \u00e0 plusieurs ouvrages collectifs dont \u00ab\u00a0Saint Lys la Fid\u00e9lit\u00e9\u00a0\u00bb, compagnon charpentier.<\/h2>\n\n\n\n<p><\/p>\n<\/div><\/div>\n\n\n<style>.wp-block-kadence-advancedheading.kt-adv-heading75_ab5e9d-a8, .wp-block-kadence-advancedheading.kt-adv-heading75_ab5e9d-a8[data-kb-block=\"kb-adv-heading75_ab5e9d-a8\"]{font-size:var(--global-kb-font-size-md, 1.25rem);font-style:normal;}.wp-block-kadence-advancedheading.kt-adv-heading75_ab5e9d-a8 mark.kt-highlight, .wp-block-kadence-advancedheading.kt-adv-heading75_ab5e9d-a8[data-kb-block=\"kb-adv-heading75_ab5e9d-a8\"] mark.kt-highlight{font-style:normal;color:#f76a0c;-webkit-box-decoration-break:clone;box-decoration-break:clone;padding-top:0px;padding-right:0px;padding-bottom:0px;padding-left:0px;}.wp-block-kadence-advancedheading.kt-adv-heading75_ab5e9d-a8 img.kb-inline-image, .wp-block-kadence-advancedheading.kt-adv-heading75_ab5e9d-a8[data-kb-block=\"kb-adv-heading75_ab5e9d-a8\"] img.kb-inline-image{width:150px;vertical-align:baseline;}<\/style>\n<h2 class=\"kt-adv-heading75_ab5e9d-a8 wp-block-kadence-advancedheading\" data-kb-block=\"kb-adv-heading75_ab5e9d-a8\"><strong>Blanchet-Olivier Patricia<\/strong><\/h2>\n\n\n\n<div class=\"wp-block-media-text is-stacked-on-mobile\" style=\"grid-template-columns:30% auto\"><figure class=\"wp-block-media-text__media\"><img loading=\"lazy\" decoding=\"async\" width=\"184\" height=\"190\" src=\"https:\/\/lecturepourtous.net\/wp-content\/uploads\/2026\/04\/Blancher-Olivier-Patricia.png\" alt=\"\" class=\"wp-image-323 size-full\"\/><\/figure><div class=\"wp-block-media-text__content\">\n<h2 class=\"wp-block-heading\" style=\"font-size:14px\">Curieuse du monde, j&rsquo;alterne entre le Tarn et Garonne et de longues parenth\u00e8ses \u00e0 l&rsquo;\u00e9tranger, notamment en Asie.                                                                                               Artiste peintre voyageuse, je m&rsquo;inspire de mes voyages pour peindre, \u00e9crire, \u00ab\u00a0croquer\u00a0\u00bb l&rsquo;architecture,les paysages, les instants de vie des gens rencontr\u00e9s.                Mes livres m\u00ealent \u00e9crits, photos et textes offrant un t\u00e9moignage personnel sur mes immersions culturelles.<\/h2>\n\n\n\n<p style=\"font-size:14px\"><strong>Derni\u00e8re parution : Titre : La Birmanie<\/strong>                                                                                                                                                       <\/p>\n\n\n\n<p style=\"font-size:14px\"><strong>Editions : Edita         Ann\u00e9e : 2023<\/strong><\/p>\n<\/div><\/div>\n\n\n<style>.wp-block-kadence-advancedheading.kt-adv-heading75_59fc9d-b4, .wp-block-kadence-advancedheading.kt-adv-heading75_59fc9d-b4[data-kb-block=\"kb-adv-heading75_59fc9d-b4\"]{font-size:var(--global-kb-font-size-md, 1.25rem);font-style:normal;}.wp-block-kadence-advancedheading.kt-adv-heading75_59fc9d-b4 mark.kt-highlight, .wp-block-kadence-advancedheading.kt-adv-heading75_59fc9d-b4[data-kb-block=\"kb-adv-heading75_59fc9d-b4\"] mark.kt-highlight{font-style:normal;color:#f76a0c;-webkit-box-decoration-break:clone;box-decoration-break:clone;padding-top:0px;padding-right:0px;padding-bottom:0px;padding-left:0px;}.wp-block-kadence-advancedheading.kt-adv-heading75_59fc9d-b4 img.kb-inline-image, .wp-block-kadence-advancedheading.kt-adv-heading75_59fc9d-b4[data-kb-block=\"kb-adv-heading75_59fc9d-b4\"] img.kb-inline-image{width:150px;vertical-align:baseline;}<\/style>\n<h2 class=\"kt-adv-heading75_59fc9d-b4 wp-block-kadence-advancedheading\" data-kb-block=\"kb-adv-heading75_59fc9d-b4\"><strong>Calland C\u00e9cile<\/strong><\/h2>\n\n\n\n<div class=\"wp-block-media-text is-stacked-on-mobile\" style=\"grid-template-columns:30% auto\"><figure class=\"wp-block-media-text__media\"><img loading=\"lazy\" decoding=\"async\" width=\"208\" height=\"215\" src=\"https:\/\/lecturepourtous.net\/wp-content\/uploads\/2026\/04\/Calland-Cecile.png\" alt=\"\" class=\"wp-image-324 size-full\"\/><\/figure><div class=\"wp-block-media-text__content\">\n<h2 class=\"wp-block-heading\" style=\"font-size:14px\">&nbsp;Biochimiste de formation, C\u00e9cile Calland, est ing\u00e9nieure commerciale dans le secteur de la recherche m\u00e9dicale. Elle consacre ses heures perdues \u00e0 l\u2019\u00e9criture.<\/h2>\n\n\n\n<h2 class=\"wp-block-heading\" style=\"font-size:14px\">Son premier roman policier \u00ab&nbsp;Pris dans la toile&nbsp;\u00bb para\u00eet en 2019.&nbsp; S\u2019ensuivent \u00ab Lettres mortes&nbsp;\u00bb (coup de c\u0153ur de l\u2019Agora, prix du Calibre 47 2024) et \u00ab&nbsp;Mod\u00e8le d\u00e9pos\u00e9&nbsp;\u00bb.<\/h2>\n\n\n\n<h2 class=\"wp-block-heading\" style=\"font-size:14px\">Des enqu\u00eates \u00ab entre angoisse et l\u00e9g\u00e8ret\u00e9 \u00bb dans lesquelles l\u2019humour est omnipr\u00e9sent.<\/h2>\n\n\n\n<h2 class=\"wp-block-heading\" style=\"font-size:14px\">Avec \u00ab&nbsp;Microclimax&nbsp;\u00bb, l\u2019autrice poursuit&nbsp; son exploration du roman policier en d\u00e9jouant les codes du genre.                                                                                                                  N\u00e9e pr\u00e8s de Lille de parents ouvriers, C\u00e9cile Calland vit d\u00e9sormais \u00e0 Toulouse.<\/h2>\n<\/div><\/div>\n\n\n<style>.wp-block-kadence-advancedheading.kt-adv-heading75_c17b11-31, .wp-block-kadence-advancedheading.kt-adv-heading75_c17b11-31[data-kb-block=\"kb-adv-heading75_c17b11-31\"]{font-size:var(--global-kb-font-size-md, 1.25rem);font-style:normal;}.wp-block-kadence-advancedheading.kt-adv-heading75_c17b11-31 mark.kt-highlight, .wp-block-kadence-advancedheading.kt-adv-heading75_c17b11-31[data-kb-block=\"kb-adv-heading75_c17b11-31\"] mark.kt-highlight{font-style:normal;color:#f76a0c;-webkit-box-decoration-break:clone;box-decoration-break:clone;padding-top:0px;padding-right:0px;padding-bottom:0px;padding-left:0px;}.wp-block-kadence-advancedheading.kt-adv-heading75_c17b11-31 img.kb-inline-image, .wp-block-kadence-advancedheading.kt-adv-heading75_c17b11-31[data-kb-block=\"kb-adv-heading75_c17b11-31\"] img.kb-inline-image{width:150px;vertical-align:baseline;}<\/style>\n<h2 class=\"kt-adv-heading75_c17b11-31 wp-block-kadence-advancedheading\" data-kb-block=\"kb-adv-heading75_c17b11-31\"><strong>Candat Claudine<\/strong><\/h2>\n\n\n\n<div class=\"wp-block-media-text is-stacked-on-mobile\" style=\"grid-template-columns:30% auto\"><figure class=\"wp-block-media-text__media\"><img loading=\"lazy\" decoding=\"async\" width=\"990\" height=\"1024\" src=\"https:\/\/lecturepourtous.net\/wp-content\/uploads\/2026\/04\/Candat-Claudine-990x1024.png\" alt=\"\" class=\"wp-image-325 size-full\" srcset=\"https:\/\/lecturepourtous.net\/wp-content\/uploads\/2026\/04\/Candat-Claudine-990x1024.png 990w, https:\/\/lecturepourtous.net\/wp-content\/uploads\/2026\/04\/Candat-Claudine-290x300.png 290w, https:\/\/lecturepourtous.net\/wp-content\/uploads\/2026\/04\/Candat-Claudine-768x794.png 768w, https:\/\/lecturepourtous.net\/wp-content\/uploads\/2026\/04\/Candat-Claudine-1485x1536.png 1485w, https:\/\/lecturepourtous.net\/wp-content\/uploads\/2026\/04\/Candat-Claudine.png 1522w\" sizes=\"auto, (max-width: 990px) 100vw, 990px\" \/><\/figure><div class=\"wp-block-media-text__content\">\n<h2 class=\"wp-block-heading\" style=\"font-size:14px\">CLAUDINE CANDAT est toulousaine et germaniste.                                                    Pour ses \u00e9tudes, elle s\u00e9journe \u00e0 Stuttgart et \u00e0 Vienne o\u00f9 elle s\u2019impr\u00e8gne du romantisme et du fantastique allemands.                                                            Nouvelliste, romanci\u00e8re et po\u00e8te, son inspiration est \u00e9clectique, de l\u2019humour \u00e0 l\u2019imaginaire, de l\u2019histoire \u00e0 la traduction de po\u00e9sie allemande.                                  Son thriller franco-allemand, Elwig de l\u2019Auberge Froide, est n\u00e9 d\u2019un p\u00e9riple qui l\u2019a men\u00e9e \u00e0 v\u00e9lo jusqu\u2019en Ukraine.                                                                                              Ses livres ont obtenu de nombreuses r\u00e9compenses litt\u00e9raires.                           Lisbonne avait raison correspond \u00e0 sa part espagnole.                                                       Son blog&nbsp;: <a href=\"https:\/\/claudine-candat-romanciere.blogspot.com\/\">https:\/\/claudine-candat-romanciere.blogspot.com\/<\/a><strong>    <\/strong><\/h2>\n\n\n\n<h2 class=\"wp-block-heading\" style=\"font-size:14px\"><strong>Derni\u00e8re parution&nbsp;: <\/strong>&nbsp;Titre&nbsp;: Lisbonne avait raison&nbsp;&nbsp;&nbsp;<\/h2>\n\n\n\n<h2 class=\"wp-block-heading\" style=\"font-size:14px\">\u00c9diteur&nbsp;:&nbsp;&nbsp;\u00c9ditions du 81&nbsp;&nbsp;&nbsp;&nbsp;&nbsp;&nbsp;&nbsp; Ann\u00e9e&nbsp;: 2026<\/h2>\n<\/div><\/div>\n\n\n<style>.wp-block-kadence-advancedheading.kt-adv-heading75_65fb32-96, .wp-block-kadence-advancedheading.kt-adv-heading75_65fb32-96[data-kb-block=\"kb-adv-heading75_65fb32-96\"]{font-size:var(--global-kb-font-size-md, 1.25rem);font-style:normal;}.wp-block-kadence-advancedheading.kt-adv-heading75_65fb32-96 mark.kt-highlight, .wp-block-kadence-advancedheading.kt-adv-heading75_65fb32-96[data-kb-block=\"kb-adv-heading75_65fb32-96\"] mark.kt-highlight{font-style:normal;color:#f76a0c;-webkit-box-decoration-break:clone;box-decoration-break:clone;padding-top:0px;padding-right:0px;padding-bottom:0px;padding-left:0px;}.wp-block-kadence-advancedheading.kt-adv-heading75_65fb32-96 img.kb-inline-image, .wp-block-kadence-advancedheading.kt-adv-heading75_65fb32-96[data-kb-block=\"kb-adv-heading75_65fb32-96\"] img.kb-inline-image{width:150px;vertical-align:baseline;}<\/style>\n<h2 class=\"kt-adv-heading75_65fb32-96 wp-block-kadence-advancedheading\" data-kb-block=\"kb-adv-heading75_65fb32-96\"><strong>Cazeaux Bernard<\/strong><\/h2>\n\n\n\n<div class=\"wp-block-media-text is-stacked-on-mobile\" style=\"grid-template-columns:30% auto\"><figure class=\"wp-block-media-text__media\"><img loading=\"lazy\" decoding=\"async\" width=\"990\" height=\"1024\" src=\"https:\/\/lecturepourtous.net\/wp-content\/uploads\/2026\/04\/Cazeaux-Bernard-990x1024.png\" alt=\"\" class=\"wp-image-326 size-full\" srcset=\"https:\/\/lecturepourtous.net\/wp-content\/uploads\/2026\/04\/Cazeaux-Bernard-990x1024.png 990w, https:\/\/lecturepourtous.net\/wp-content\/uploads\/2026\/04\/Cazeaux-Bernard-290x300.png 290w, https:\/\/lecturepourtous.net\/wp-content\/uploads\/2026\/04\/Cazeaux-Bernard-768x794.png 768w, https:\/\/lecturepourtous.net\/wp-content\/uploads\/2026\/04\/Cazeaux-Bernard-1485x1536.png 1485w, https:\/\/lecturepourtous.net\/wp-content\/uploads\/2026\/04\/Cazeaux-Bernard.png 1549w\" sizes=\"auto, (max-width: 990px) 100vw, 990px\" \/><\/figure><div class=\"wp-block-media-text__content\">\n<h2 class=\"wp-block-heading\" style=\"font-size:14px\"><strong>Apr\u00e8s une carri\u00e8re professionnelle dans diff\u00e9rents secteurs, Bernard Cazeaux est devenu enseignant ; une exp\u00e9rience enrichissante qui lui a beaucoup apport\u00e9. Depuis plus de trente ans, il \u00e9crit des romans qui explorent des facettes diff\u00e9rentes de la noirceur humaine.                                                                                        Tout en donnant libre cours \u00e0 son imagination, il apporte un soin particulier au caract\u00e8re et \u00e0 la complexit\u00e9 de chacun des personnages.                                                Aujourd&rsquo;hui il consacre son temps \u00e0 l&rsquo;\u00e9criture.                                                                   Il a \u00e9t\u00e9 finaliste en 2023 et 2024 du Prix de l&#8217;embouchure, avec ses deux romans, <em>Toulouse en rouge et noir<\/em>, et, <em>Toulouse les pr\u00e9dictions d&rsquo;un tueur<\/em><\/strong> <\/h2>\n\n\n\n<h2 class=\"wp-block-heading\" style=\"font-size:14px\">Derni\u00e8re parution : Titre : Pour prix de vos fautes<\/h2>\n\n\n\n<h2 class=\"wp-block-heading\" style=\"font-size:14px\">\u00c9diteur: Presses Litt\u00e9raires           Ann\u00e9e 2026<\/h2>\n<\/div><\/div>\n\n\n<style>.wp-block-kadence-advancedheading.kt-adv-heading75_2151d8-86, .wp-block-kadence-advancedheading.kt-adv-heading75_2151d8-86[data-kb-block=\"kb-adv-heading75_2151d8-86\"]{font-size:var(--global-kb-font-size-md, 1.25rem);font-style:normal;}.wp-block-kadence-advancedheading.kt-adv-heading75_2151d8-86 mark.kt-highlight, .wp-block-kadence-advancedheading.kt-adv-heading75_2151d8-86[data-kb-block=\"kb-adv-heading75_2151d8-86\"] mark.kt-highlight{font-style:normal;color:#f76a0c;-webkit-box-decoration-break:clone;box-decoration-break:clone;padding-top:0px;padding-right:0px;padding-bottom:0px;padding-left:0px;}.wp-block-kadence-advancedheading.kt-adv-heading75_2151d8-86 img.kb-inline-image, .wp-block-kadence-advancedheading.kt-adv-heading75_2151d8-86[data-kb-block=\"kb-adv-heading75_2151d8-86\"] img.kb-inline-image{width:150px;vertical-align:baseline;}<\/style>\n<h2 class=\"kt-adv-heading75_2151d8-86 wp-block-kadence-advancedheading\" data-kb-block=\"kb-adv-heading75_2151d8-86\"><strong>Chappe Nicole<\/strong><\/h2>\n\n\n\n<div class=\"wp-block-media-text is-stacked-on-mobile\" style=\"grid-template-columns:30% auto\"><figure class=\"wp-block-media-text__media\"><img loading=\"lazy\" decoding=\"async\" width=\"214\" height=\"221\" src=\"https:\/\/lecturepourtous.net\/wp-content\/uploads\/2026\/04\/Chappe-Nicole.png\" alt=\"\" class=\"wp-image-327 size-full\"\/><\/figure><div class=\"wp-block-media-text__content\">\n<h2 class=\"wp-block-heading\" style=\"font-size:14px\"><strong>Nicole chappe est n\u00e9e \u00e0 Tulle, en Corr\u00e8ze.                                                                           Apr\u00e8s un baccalaur\u00e9at litt\u00e9raire, elle suit des \u00e9tudes sup\u00e9rieures de droit et d\u2019\u00e9conomie pour devenir professeur en lyc\u00e9e.                                                                                          Elle travaille d\u2019abord en r\u00e9gion Limousin puis en Midi-Pyr\u00e9n\u00e9es, d\u2019o\u00f9 est originaire son mari.                                                                                                                                              En dehors de publications professionnelles, elle \u00e9crit pour les adultes (romans, t\u00e9moignages) et pour la jeunesse (contes, romans policiers).<\/strong><\/h2>\n\n\n\n<h2 class=\"wp-block-heading\" style=\"font-size:14px\"><strong>Derni\u00e8re parution&nbsp;: <\/strong>&nbsp;Titre&nbsp;: <strong>Un amour en Limousin<\/strong>&nbsp;<\/h2>\n\n\n\n<h2 class=\"wp-block-heading\" style=\"font-size:14px\">\u00c9diteur&nbsp;: <strong>GESTE <\/strong>&nbsp;&nbsp;&nbsp;&nbsp;&nbsp;&nbsp;&nbsp; Ann\u00e9e&nbsp;: <strong>2024<\/strong><\/h2>\n<\/div><\/div>\n\n\n<style>.wp-block-kadence-advancedheading.kt-adv-heading75_c65a3e-48, .wp-block-kadence-advancedheading.kt-adv-heading75_c65a3e-48[data-kb-block=\"kb-adv-heading75_c65a3e-48\"]{font-size:var(--global-kb-font-size-md, 1.25rem);font-style:normal;}.wp-block-kadence-advancedheading.kt-adv-heading75_c65a3e-48 mark.kt-highlight, .wp-block-kadence-advancedheading.kt-adv-heading75_c65a3e-48[data-kb-block=\"kb-adv-heading75_c65a3e-48\"] mark.kt-highlight{font-style:normal;color:#f76a0c;-webkit-box-decoration-break:clone;box-decoration-break:clone;padding-top:0px;padding-right:0px;padding-bottom:0px;padding-left:0px;}.wp-block-kadence-advancedheading.kt-adv-heading75_c65a3e-48 img.kb-inline-image, .wp-block-kadence-advancedheading.kt-adv-heading75_c65a3e-48[data-kb-block=\"kb-adv-heading75_c65a3e-48\"] img.kb-inline-image{width:150px;vertical-align:baseline;}<\/style>\n<h2 class=\"kt-adv-heading75_c65a3e-48 wp-block-kadence-advancedheading\" data-kb-block=\"kb-adv-heading75_c65a3e-48\"><strong>Clapat<\/strong><\/h2>\n\n\n\n<div class=\"wp-block-media-text is-stacked-on-mobile\" style=\"grid-template-columns:30% auto\"><figure class=\"wp-block-media-text__media\"><img loading=\"lazy\" decoding=\"async\" width=\"684\" height=\"707\" src=\"https:\/\/lecturepourtous.net\/wp-content\/uploads\/2026\/04\/Clapat-Canet-Patrick.png\" alt=\"\" class=\"wp-image-328 size-full\" srcset=\"https:\/\/lecturepourtous.net\/wp-content\/uploads\/2026\/04\/Clapat-Canet-Patrick.png 684w, https:\/\/lecturepourtous.net\/wp-content\/uploads\/2026\/04\/Clapat-Canet-Patrick-290x300.png 290w\" sizes=\"auto, (max-width: 684px) 100vw, 684px\" \/><\/figure><div class=\"wp-block-media-text__content\">\n<h2 class=\"wp-block-heading\" style=\"font-size:15px\">Clapat est l\u2019auteur de la s\u00e9rie de bandes dessin\u00e9es \u00ab&nbsp;L\u2019Extraordinaire aventure d\u2019Alcibiade Didascaux&nbsp;\u00bb. Un curieux h\u00e9ros qui voyage dans le temps pour nous faire d\u00e9couvrir l\u2019Antiquit\u00e9 gr\u00e9co-romaine, l\u2019Egypte ancienne et le Moyen \u00c2ge de mani\u00e8re humoristique. Cette s\u00e9rie a conquis des milliers de lecteurs de tous \u00e2ges. Reconnue par les plus grands sp\u00e9cialistes et conseill\u00e9e par les enseignants, elle est m\u00eame traduite jusqu\u2019en Chine. Clapat a obtenu le Grand Prix du Public au Festival de la BD de Bassillac. Les albums consacr\u00e9s aux Gaulois ont m\u00eame fait l\u2019objet d\u2019une grande exposition au Mus\u00e9e de la Poste. Clapat est \u00e9galement l\u2019auteur d\u2019ouvrages illustr\u00e9s sur la Mythologie grecque qui seront \u00e9galement pr\u00e9sent\u00e9s sur le Salon du Livre.<strong>&nbsp; &nbsp;                                                                           <\/strong><\/h2>\n\n\n\n<h2 class=\"wp-block-heading\" style=\"font-size:14px\"><strong>Derni\u00e8re parution&nbsp;: <\/strong>&nbsp;Titre&nbsp;: Je vais en Gr\u00e8ce avec Ath\u00e9na et Alcibiade&nbsp;&nbsp;&nbsp;<\/h2>\n\n\n\n<h2 class=\"wp-block-heading\" style=\"font-size:14px\">\u00c9diteur&nbsp;:ATHENA Voyages&nbsp;&nbsp;&nbsp;&nbsp;&nbsp;&nbsp;&nbsp;Ann\u00e9e&nbsp;: 2026&nbsp;&nbsp;<\/h2>\n\n\n<style>.wp-block-kadence-advancedheading.kt-adv-heading75_c0267f-3f, .wp-block-kadence-advancedheading.kt-adv-heading75_c0267f-3f[data-kb-block=\"kb-adv-heading75_c0267f-3f\"]{font-style:normal;}.wp-block-kadence-advancedheading.kt-adv-heading75_c0267f-3f mark.kt-highlight, .wp-block-kadence-advancedheading.kt-adv-heading75_c0267f-3f[data-kb-block=\"kb-adv-heading75_c0267f-3f\"] mark.kt-highlight{font-style:normal;color:#f76a0c;-webkit-box-decoration-break:clone;box-decoration-break:clone;padding-top:0px;padding-right:0px;padding-bottom:0px;padding-left:0px;}.wp-block-kadence-advancedheading.kt-adv-heading75_c0267f-3f img.kb-inline-image, .wp-block-kadence-advancedheading.kt-adv-heading75_c0267f-3f[data-kb-block=\"kb-adv-heading75_c0267f-3f\"] img.kb-inline-image{width:150px;vertical-align:baseline;}<\/style>\n<h2 class=\"kt-adv-heading75_c0267f-3f wp-block-kadence-advancedheading\" data-kb-block=\"kb-adv-heading75_c0267f-3f\"><\/h2>\n<\/div><\/div>\n\n\n<style>.wp-block-kadence-advancedheading.kt-adv-heading75_6aa936-06, .wp-block-kadence-advancedheading.kt-adv-heading75_6aa936-06[data-kb-block=\"kb-adv-heading75_6aa936-06\"]{font-size:var(--global-kb-font-size-md, 1.25rem);font-style:normal;}.wp-block-kadence-advancedheading.kt-adv-heading75_6aa936-06 mark.kt-highlight, .wp-block-kadence-advancedheading.kt-adv-heading75_6aa936-06[data-kb-block=\"kb-adv-heading75_6aa936-06\"] mark.kt-highlight{font-style:normal;color:#f76a0c;-webkit-box-decoration-break:clone;box-decoration-break:clone;padding-top:0px;padding-right:0px;padding-bottom:0px;padding-left:0px;}.wp-block-kadence-advancedheading.kt-adv-heading75_6aa936-06 img.kb-inline-image, .wp-block-kadence-advancedheading.kt-adv-heading75_6aa936-06[data-kb-block=\"kb-adv-heading75_6aa936-06\"] img.kb-inline-image{width:150px;vertical-align:baseline;}<\/style>\n<h2 class=\"kt-adv-heading75_6aa936-06 wp-block-kadence-advancedheading\" data-kb-block=\"kb-adv-heading75_6aa936-06\"><strong>Colombi\u00e9-Viv\u00e8s Yohan<\/strong><\/h2>\n\n\n<style>.wp-block-kadence-advancedheading.kt-adv-heading75_94beee-f8, .wp-block-kadence-advancedheading.kt-adv-heading75_94beee-f8[data-kb-block=\"kb-adv-heading75_94beee-f8\"]{font-style:normal;}.wp-block-kadence-advancedheading.kt-adv-heading75_94beee-f8 mark.kt-highlight, .wp-block-kadence-advancedheading.kt-adv-heading75_94beee-f8[data-kb-block=\"kb-adv-heading75_94beee-f8\"] mark.kt-highlight{font-style:normal;color:#f76a0c;-webkit-box-decoration-break:clone;box-decoration-break:clone;padding-top:0px;padding-right:0px;padding-bottom:0px;padding-left:0px;}.wp-block-kadence-advancedheading.kt-adv-heading75_94beee-f8 img.kb-inline-image, .wp-block-kadence-advancedheading.kt-adv-heading75_94beee-f8[data-kb-block=\"kb-adv-heading75_94beee-f8\"] img.kb-inline-image{width:150px;vertical-align:baseline;}<\/style>\n<h2 class=\"kt-adv-heading75_94beee-f8 wp-block-kadence-advancedheading\" data-kb-block=\"kb-adv-heading75_94beee-f8\"><\/h2>\n\n\n\n<div class=\"wp-block-media-text is-stacked-on-mobile\" style=\"grid-template-columns:30% auto\"><figure class=\"wp-block-media-text__media\"><img loading=\"lazy\" decoding=\"async\" width=\"269\" height=\"277\" src=\"https:\/\/lecturepourtous.net\/wp-content\/uploads\/2026\/04\/Colombie-Vives-Yohan.png\" alt=\"\" class=\"wp-image-329 size-full\"\/><\/figure><div class=\"wp-block-media-text__content\">\n<p><\/p>\n\n\n\n<h2 class=\"wp-block-heading\" style=\"font-size:14px\">Yohan Colombi\u00e9-Viv\u00e8s est n\u00e9 \u00e0 Auch.<br>Apr\u00e8s son dipl\u00f4me d\u2019architecture et d\u2019habitat, il travaille durant 4 ans au sein d\u2019un cabinet d\u2019architecte. Mais sa passion pour l\u2019illustration<br>ne le quitte pas. Bien au contraire !<br>Plus le temps passe,plus l\u2019amour qu\u2019il porte au dessin et \u00e0 ses personnages grandit.<br>C\u2019est chez lui entre un pile de plans et d\u2019illustrations que dans sa t\u00eate une id\u00e9e germe. Devenir illustrateur !<br>Dipl\u00f4m\u00e9 d\u2019un cycle professionnel d\u2019illustration \u00e0 l\u2019IEPSAA de Montpellier, il se consacre depuis 2015 \u00e0 l\u2019illustration et \u00e0 la bande dessin\u00e9e dans son atelier dans le Tarn-et-Garonne.   <\/h2>\n\n\n\n<h2 class=\"wp-block-heading\" style=\"font-size:14px\">Derni\u00e8res parutions :                                                                                                                 Album Fiction : Maison tremble, Ed. le Diplodocus, sortie avril 2023                     Album documentaire et Bande dessin\u00e9e: La Grippe, texte Pierre Bessi\u00e8re, Edp Science, coll. Carnet de Labo, 2021                                                                                        Livre jeux : Prisonni\u00e8re de l\u2019Olympe, texte Lylian, coll. Escape, Gl\u00e9nat, 2019<\/h2>\n\n\n\n<p><\/p>\n<\/div><\/div>\n\n\n<style>.wp-block-kadence-advancedheading.kt-adv-heading75_48b79d-c2, .wp-block-kadence-advancedheading.kt-adv-heading75_48b79d-c2[data-kb-block=\"kb-adv-heading75_48b79d-c2\"]{font-size:var(--global-kb-font-size-md, 1.25rem);font-style:normal;}.wp-block-kadence-advancedheading.kt-adv-heading75_48b79d-c2 mark.kt-highlight, .wp-block-kadence-advancedheading.kt-adv-heading75_48b79d-c2[data-kb-block=\"kb-adv-heading75_48b79d-c2\"] mark.kt-highlight{font-style:normal;color:#f76a0c;-webkit-box-decoration-break:clone;box-decoration-break:clone;padding-top:0px;padding-right:0px;padding-bottom:0px;padding-left:0px;}.wp-block-kadence-advancedheading.kt-adv-heading75_48b79d-c2 img.kb-inline-image, .wp-block-kadence-advancedheading.kt-adv-heading75_48b79d-c2[data-kb-block=\"kb-adv-heading75_48b79d-c2\"] img.kb-inline-image{width:150px;vertical-align:baseline;}<\/style>\n<h2 class=\"kt-adv-heading75_48b79d-c2 wp-block-kadence-advancedheading\" data-kb-block=\"kb-adv-heading75_48b79d-c2\"><strong>Curato Sophie<\/strong><\/h2>\n\n\n\n<div class=\"wp-block-media-text is-stacked-on-mobile\" style=\"grid-template-columns:30% auto\"><figure class=\"wp-block-media-text__media\"><img loading=\"lazy\" decoding=\"async\" width=\"477\" height=\"461\" src=\"https:\/\/lecturepourtous.net\/wp-content\/uploads\/2026\/04\/Curato-Sophie.png\" alt=\"\" class=\"wp-image-423 size-full\" srcset=\"https:\/\/lecturepourtous.net\/wp-content\/uploads\/2026\/04\/Curato-Sophie.png 477w, https:\/\/lecturepourtous.net\/wp-content\/uploads\/2026\/04\/Curato-Sophie-300x290.png 300w\" sizes=\"auto, (max-width: 477px) 100vw, 477px\" \/><\/figure><div class=\"wp-block-media-text__content\">\n<h2 class=\"wp-block-heading\" style=\"font-size:14px\">Venant d&rsquo;une famille cosmopolite et litt\u00e9raire, la lecture des classiques et la pratique des langues ont fait partie de mon enfance et de mon adolescence.           Les hasards de la vie m&rsquo;ont amen\u00e9e en Asie, en Espagne et aux \u00c9tats-Unis o\u00f9 j&rsquo;ai r\u00e9sid\u00e9 en tout pendant une vingtaine d&rsquo;ann\u00e9es.                                                                                                             J&rsquo;ai toujours \u00e9crit mais je ne me suis lanc\u00e9e dans l&rsquo;\u00e9dition que l&rsquo;an pass\u00e9.                          Mes deux premiers ouvrages sont un petit livre d&rsquo;histoires pour enfants en version bilingue et un recueil de nouvelles en anglais o\u00f9 se m\u00ealent humour d\u00e9capant et surnaturel.                                                                                                         Mon troisi\u00e8me ouvrage sera un roman en anglais portant sur les dilemmes psychologiques d&rsquo;un immigrant de deuxi\u00e8me g\u00e9n\u00e9ration aux \u00c9tats-Unis.                                                                                                                                    J&rsquo;esp\u00e8re toucher un lectorat anglophone et tous ceux qui sont curieux de mettre \u00e0 l&rsquo;\u00e9preuve leurs connaissances en dehors d&rsquo;un contexte scolaire et r\u00e9barbatif.<\/h2>\n\n\n\n<h2 class=\"wp-block-heading\" style=\"font-size:14px\">Derni\u00e8re parution : Titre : Entre chien et loup Auto-\u00e9dition         Ann\u00e9e 2025 .<\/h2>\n\n\n\n<h2 class=\"wp-block-heading\" style=\"font-size:15px\">                                   Titre : Night of the pigeon Auto-\u00e9dition   Ann\u00e9e 2025 <\/h2>\n\n\n\n<p><\/p>\n<\/div><\/div>\n\n\n<style>.wp-block-kadence-advancedheading.kt-adv-heading75_b1d772-02, .wp-block-kadence-advancedheading.kt-adv-heading75_b1d772-02[data-kb-block=\"kb-adv-heading75_b1d772-02\"]{font-size:var(--global-kb-font-size-md, 1.25rem);font-style:normal;}.wp-block-kadence-advancedheading.kt-adv-heading75_b1d772-02 mark.kt-highlight, .wp-block-kadence-advancedheading.kt-adv-heading75_b1d772-02[data-kb-block=\"kb-adv-heading75_b1d772-02\"] mark.kt-highlight{font-style:normal;color:#f76a0c;-webkit-box-decoration-break:clone;box-decoration-break:clone;padding-top:0px;padding-right:0px;padding-bottom:0px;padding-left:0px;}.wp-block-kadence-advancedheading.kt-adv-heading75_b1d772-02 img.kb-inline-image, .wp-block-kadence-advancedheading.kt-adv-heading75_b1d772-02[data-kb-block=\"kb-adv-heading75_b1d772-02\"] img.kb-inline-image{width:150px;vertical-align:baseline;}<\/style>\n<h2 class=\"kt-adv-heading75_b1d772-02 wp-block-kadence-advancedheading\" data-kb-block=\"kb-adv-heading75_b1d772-02\"><strong>Desgeorges Guillaume<\/strong><\/h2>\n\n\n\n<div class=\"wp-block-media-text is-stacked-on-mobile\" style=\"grid-template-columns:30% auto\"><figure class=\"wp-block-media-text__media\"><img loading=\"lazy\" decoding=\"async\" width=\"269\" height=\"278\" src=\"https:\/\/lecturepourtous.net\/wp-content\/uploads\/2026\/04\/Desgeorges-Guillaume.png\" alt=\"\" class=\"wp-image-330 size-full\"\/><\/figure><div class=\"wp-block-media-text__content\">\n<h2 class=\"wp-block-heading\" style=\"font-size:14px\">Curieux de l\u2019esp\u00e8ce humaine et du fonctionnement de notre soci\u00e9t\u00e9, j\u2019aime pousser les travers de nos vies modernes pour en d\u00e9noncer les limites et les contradictions.                                                                                                                             Ne souhaitant pas me confiner \u00e0 un seul genre, je vous invite \u00e0 voyager du roman d\u2019aventures pour adolescents \u00e0 la fable dystopique, de la p\u00e9riode pr\u00e9c\u00e9dant l\u2019abolition de l\u2019esclavage aux Antilles \u00e0 des mondes futuristes ultra-connect\u00e9s.<\/h2>\n\n\n\n<h2 class=\"wp-block-heading\" style=\"font-size:14px\"><strong>Derni\u00e8re parution&nbsp;: <\/strong>&nbsp;Titre&nbsp;: Les Entropistes&nbsp;&nbsp;<\/h2>\n\n\n\n<h2 class=\"wp-block-heading\" style=\"font-size:14px\">\u00c9diteur&nbsp;: Auto-\u00e9dition&nbsp;&nbsp;&nbsp;&nbsp;&nbsp;&nbsp;&nbsp;&nbsp;&nbsp;&nbsp;&nbsp; Ann\u00e9e&nbsp;: 2025<\/h2>\n<\/div><\/div>\n\n\n<style>.wp-block-kadence-advancedheading.kt-adv-heading75_b164e3-fe, .wp-block-kadence-advancedheading.kt-adv-heading75_b164e3-fe[data-kb-block=\"kb-adv-heading75_b164e3-fe\"]{font-size:var(--global-kb-font-size-md, 1.25rem);font-style:normal;}.wp-block-kadence-advancedheading.kt-adv-heading75_b164e3-fe mark.kt-highlight, .wp-block-kadence-advancedheading.kt-adv-heading75_b164e3-fe[data-kb-block=\"kb-adv-heading75_b164e3-fe\"] mark.kt-highlight{font-style:normal;color:#f76a0c;-webkit-box-decoration-break:clone;box-decoration-break:clone;padding-top:0px;padding-right:0px;padding-bottom:0px;padding-left:0px;}.wp-block-kadence-advancedheading.kt-adv-heading75_b164e3-fe img.kb-inline-image, .wp-block-kadence-advancedheading.kt-adv-heading75_b164e3-fe[data-kb-block=\"kb-adv-heading75_b164e3-fe\"] img.kb-inline-image{width:150px;vertical-align:baseline;}<\/style>\n<h2 class=\"kt-adv-heading75_b164e3-fe wp-block-kadence-advancedheading\" data-kb-block=\"kb-adv-heading75_b164e3-fe\"><strong>Dessaint Pascal<\/strong><\/h2>\n\n\n\n<div class=\"wp-block-media-text is-stacked-on-mobile\" style=\"grid-template-columns:30% auto\"><figure class=\"wp-block-media-text__media\"><img loading=\"lazy\" decoding=\"async\" width=\"904\" height=\"936\" src=\"https:\/\/lecturepourtous.net\/wp-content\/uploads\/2026\/04\/Dessaint-Pascal.png\" alt=\"\" class=\"wp-image-331 size-full\" srcset=\"https:\/\/lecturepourtous.net\/wp-content\/uploads\/2026\/04\/Dessaint-Pascal.png 904w, https:\/\/lecturepourtous.net\/wp-content\/uploads\/2026\/04\/Dessaint-Pascal-290x300.png 290w, https:\/\/lecturepourtous.net\/wp-content\/uploads\/2026\/04\/Dessaint-Pascal-768x795.png 768w\" sizes=\"auto, (max-width: 904px) 100vw, 904px\" \/><\/figure><div class=\"wp-block-media-text__content\">\n<h2 class=\"wp-block-heading\" style=\"font-size:14px\">Pascal Dessaint a \u00e9t\u00e9 r\u00e9compens\u00e9 par de nombreux prix dont le Grand Prix de litt\u00e9rature polici\u00e8re et le Prix Myst\u00e8re de la critique.                                                                Il a \u00e9t\u00e9 l\u2019un des premiers auteurs du genre \u00e0 mettre en avant les questions environnementales dans son \u0153uvre.                                                                                     On lui doit \u00e9galement des romans noirs sociaux comme&nbsp;<em>Le chemin s\u2019arr\u00eatera l\u00e0&nbsp;<\/em>(Prix Jean-Amila Meckert).                                                                                                Passionn\u00e9 par l\u2019histoire sociale, il continue d\u2019en faire la mati\u00e8re de ses livres .<\/h2>\n\n\n\n<h2 class=\"wp-block-heading has-text-align-left\" style=\"font-size:14px\"><strong>Derni\u00e8re parution&nbsp;: <\/strong>&nbsp;Titre&nbsp;: L\u2019envers de la girafe<\/h2>\n\n\n\n<h2 class=\"wp-block-heading has-text-align-left\" style=\"font-size:14px\">\u00c9diteur: Rivages&nbsp;&nbsp;&nbsp;&nbsp;     Ann\u00e9e&nbsp;: 2025<\/h2>\n<\/div><\/div>\n\n\n<style>.wp-block-kadence-advancedheading.kt-adv-heading75_9ee903-61, .wp-block-kadence-advancedheading.kt-adv-heading75_9ee903-61[data-kb-block=\"kb-adv-heading75_9ee903-61\"]{font-size:var(--global-kb-font-size-md, 1.25rem);font-style:normal;}.wp-block-kadence-advancedheading.kt-adv-heading75_9ee903-61 mark.kt-highlight, .wp-block-kadence-advancedheading.kt-adv-heading75_9ee903-61[data-kb-block=\"kb-adv-heading75_9ee903-61\"] mark.kt-highlight{font-style:normal;color:#f76a0c;-webkit-box-decoration-break:clone;box-decoration-break:clone;padding-top:0px;padding-right:0px;padding-bottom:0px;padding-left:0px;}.wp-block-kadence-advancedheading.kt-adv-heading75_9ee903-61 img.kb-inline-image, .wp-block-kadence-advancedheading.kt-adv-heading75_9ee903-61[data-kb-block=\"kb-adv-heading75_9ee903-61\"] img.kb-inline-image{width:150px;vertical-align:baseline;}<\/style>\n<h2 class=\"kt-adv-heading75_9ee903-61 wp-block-kadence-advancedheading\" data-kb-block=\"kb-adv-heading75_9ee903-61\"><strong>Dutouron Serge<\/strong><\/h2>\n\n\n\n<div class=\"wp-block-media-text is-stacked-on-mobile\" style=\"grid-template-columns:30% auto\"><figure class=\"wp-block-media-text__media\"><img loading=\"lazy\" decoding=\"async\" width=\"691\" height=\"714\" src=\"https:\/\/lecturepourtous.net\/wp-content\/uploads\/2026\/04\/Dutouron-Serge.png\" alt=\"\" class=\"wp-image-428 size-full\" srcset=\"https:\/\/lecturepourtous.net\/wp-content\/uploads\/2026\/04\/Dutouron-Serge.png 691w, https:\/\/lecturepourtous.net\/wp-content\/uploads\/2026\/04\/Dutouron-Serge-290x300.png 290w\" sizes=\"auto, (max-width: 691px) 100vw, 691px\" \/><\/figure><div class=\"wp-block-media-text__content\">\n<h2 class=\"wp-block-heading\" style=\"font-size:14px\">Par trois fois j&rsquo;ai redoubl\u00e9 mon ann\u00e9e scolaire ; je ne parle \u00e0 peu pr\u00e8s correctement que le fran\u00e7ais ; je ne sais jouer d&rsquo;aucun instrument de musique ;       si je chante, la pluie est assur\u00e9e d&rsquo;arriver ; derni\u00e8rement, on m&rsquo;a pris pour l&rsquo;ouvrier de service.                                                                                                                     Malgr\u00e9 cela, je suis tr\u00e8s satisfait du parcours passionnant que j&rsquo;ai emprunt\u00e9 tout au long de ma vie : entreprise, multiples sports, organisateur de manifestations, philanthrope, passionn\u00e9 par la g\u00e9opolitique, la lecture, l&rsquo;\u00e9criture ( avec peu de talent), la photographie, le cin\u00e9ma, les voyages, la montagne et tant d&rsquo;autres choses&#8230; <\/h2>\n\n\n\n<h2 class=\"wp-block-heading\" style=\"font-size:14px\">Titre : Sur la route de mes passions    Ann\u00e9e 2026<\/h2>\n<\/div><\/div>\n\n\n<style>.wp-block-kadence-advancedheading.kt-adv-heading75_77c7c0-30, .wp-block-kadence-advancedheading.kt-adv-heading75_77c7c0-30[data-kb-block=\"kb-adv-heading75_77c7c0-30\"]{font-size:var(--global-kb-font-size-md, 1.25rem);font-style:normal;}.wp-block-kadence-advancedheading.kt-adv-heading75_77c7c0-30 mark.kt-highlight, .wp-block-kadence-advancedheading.kt-adv-heading75_77c7c0-30[data-kb-block=\"kb-adv-heading75_77c7c0-30\"] mark.kt-highlight{font-style:normal;color:#f76a0c;-webkit-box-decoration-break:clone;box-decoration-break:clone;padding-top:0px;padding-right:0px;padding-bottom:0px;padding-left:0px;}.wp-block-kadence-advancedheading.kt-adv-heading75_77c7c0-30 img.kb-inline-image, .wp-block-kadence-advancedheading.kt-adv-heading75_77c7c0-30[data-kb-block=\"kb-adv-heading75_77c7c0-30\"] img.kb-inline-image{width:150px;vertical-align:baseline;}<\/style>\n<h2 class=\"kt-adv-heading75_77c7c0-30 wp-block-kadence-advancedheading\" data-kb-block=\"kb-adv-heading75_77c7c0-30\"><strong>Fructus Ma\u00ebl<\/strong><\/h2>\n\n\n\n<div class=\"wp-block-media-text is-stacked-on-mobile\" style=\"grid-template-columns:30% auto\"><figure class=\"wp-block-media-text__media\"><img loading=\"lazy\" decoding=\"async\" width=\"178\" height=\"184\" src=\"https:\/\/lecturepourtous.net\/wp-content\/uploads\/2026\/04\/Fructus-Mael.png\" alt=\"\" class=\"wp-image-332 size-full\"\/><\/figure><div class=\"wp-block-media-text__content\">\n<h2 class=\"wp-block-heading\" style=\"font-size:14px\">Ma\u00ebl Fructus est n\u00e9 \u00e0 Moissac, \u00e9tape de p\u00e8lerins. De l\u00e0, lui est rest\u00e9 une inclination pour la p\u00e9r\u00e9grination g\u00e9ographique et mentale. Les arts, la litt\u00e9rature et le genre humain l&rsquo;animent. Il a pass\u00e9 plusieurs ann\u00e9es \u00e0 l&rsquo;\u00eele de la R\u00e9union et au Canada,\u0153uvrant dans les secteurs artistiques et ceux du sanitaire et social.           Des espaces de circulation humaine qui ont color\u00e9 la trame de son panorama fictionnel.                                                                                                                               L&rsquo;approche du romancier, ludique et travaill\u00e9e, tient d&rsquo;avantage de la marqueterie que de la market-litt\u00e9rature. Il la con\u00e7oit universelle, populaire et relev\u00e9e, dans le sens d&rsquo;une histoire qui f\u00e9d\u00e8re au plus haut et emm\u00e8ne au plus loin. Selon lui, il faut jouer l&rsquo;andouille imaginaire si l&rsquo;on vise \u00e0 d\u00e9poiler l&rsquo;imposture ordinaire.         Ses influences vont puiser des philosophes antiques aux contemporains de l&rsquo;anticipation sociale.                                                                                                                  La forme prend aux litt\u00e9ratures de l&rsquo;imaginaire et du r\u00e9cit conventionnel par le biais duquel il investit les enjeux d&rsquo;un monde qui se d\u00e9fait et refait plus vite que les nuages ne se composent un nouvel animal.<\/h2>\n\n\n\n<h2 class=\"wp-block-heading\" style=\"font-size:14px\">Derni\u00e8re parution : Titre: Le majordome. L&rsquo;enfant de la casse.  <\/h2>\n\n\n\n<h2 class=\"wp-block-heading\" style=\"font-size:14px\">\u00c9diteur Barnett Fuzzart    Ann\u00e9e 2026<\/h2>\n<\/div><\/div>\n\n\n<style>.wp-block-kadence-advancedheading.kt-adv-heading75_4e4fd4-41, .wp-block-kadence-advancedheading.kt-adv-heading75_4e4fd4-41[data-kb-block=\"kb-adv-heading75_4e4fd4-41\"]{font-size:var(--global-kb-font-size-md, 1.25rem);font-style:normal;}.wp-block-kadence-advancedheading.kt-adv-heading75_4e4fd4-41 mark.kt-highlight, .wp-block-kadence-advancedheading.kt-adv-heading75_4e4fd4-41[data-kb-block=\"kb-adv-heading75_4e4fd4-41\"] mark.kt-highlight{font-style:normal;color:#f76a0c;-webkit-box-decoration-break:clone;box-decoration-break:clone;padding-top:0px;padding-right:0px;padding-bottom:0px;padding-left:0px;}.wp-block-kadence-advancedheading.kt-adv-heading75_4e4fd4-41 img.kb-inline-image, .wp-block-kadence-advancedheading.kt-adv-heading75_4e4fd4-41[data-kb-block=\"kb-adv-heading75_4e4fd4-41\"] img.kb-inline-image{width:150px;vertical-align:baseline;}<\/style>\n<h2 class=\"kt-adv-heading75_4e4fd4-41 wp-block-kadence-advancedheading\" data-kb-block=\"kb-adv-heading75_4e4fd4-41\"><strong>Gerdolle Thierry<\/strong><\/h2>\n\n\n\n<div class=\"wp-block-media-text is-stacked-on-mobile\" style=\"grid-template-columns:30% auto\"><figure class=\"wp-block-media-text__media\"><img loading=\"lazy\" decoding=\"async\" width=\"826\" height=\"855\" src=\"https:\/\/lecturepourtous.net\/wp-content\/uploads\/2026\/04\/Gerdolle-Thierry.png\" alt=\"\" class=\"wp-image-333 size-full\" srcset=\"https:\/\/lecturepourtous.net\/wp-content\/uploads\/2026\/04\/Gerdolle-Thierry.png 826w, https:\/\/lecturepourtous.net\/wp-content\/uploads\/2026\/04\/Gerdolle-Thierry-290x300.png 290w, https:\/\/lecturepourtous.net\/wp-content\/uploads\/2026\/04\/Gerdolle-Thierry-768x795.png 768w\" sizes=\"auto, (max-width: 826px) 100vw, 826px\" \/><\/figure><div class=\"wp-block-media-text__content\">\n<h2 class=\"wp-block-heading\" style=\"font-size:14px\">Je suis un auteur dont les romans explorent les <strong>fractures de l\u2019\u00e2me<\/strong> et les <strong>r\u00e9alit\u00e9s cach\u00e9es<\/strong>. Entre <strong>harc\u00e8lement scolaire<\/strong> (<em>Si jamais j\u2019avais dit<\/em>), <strong>identit\u00e9 et engagement<\/strong> (<em>X2D2<\/em>), et <strong>deuil myst\u00e9rieux<\/strong> (<em>L\u2019Hombre du r\u00eave<\/em>), ses histoires m\u00ealent <strong>suspense psychologique<\/strong> et <strong>\u00e9motions brutes<\/strong>.<\/h2>\n\n\n\n<h2 class=\"wp-block-heading\" style=\"font-size:14px\">Passionn\u00e9 par les <strong>paysages de La R\u00e9union<\/strong> et les <strong>aventures humaines<\/strong>, je donne vie \u00e0 des personnages en qu\u00eate de v\u00e9rit\u00e9, o\u00f9 chaque d\u00e9tail sensoriel (une odeur de bois, un rasage matinal) devient une cl\u00e9 de l\u2019intrigue.<\/h2>\n\n\n\n<h2 class=\"wp-block-heading has-text-align-left\" style=\"font-size:14px\"><strong>Derni\u00e8re parution&nbsp;: <\/strong>&nbsp;Titre&nbsp;:&nbsp;&nbsp;&nbsp;L\u2019hombre du R\u00eave&nbsp;&nbsp;&nbsp;&nbsp;&nbsp;&nbsp;&nbsp;&nbsp;&nbsp;<\/h2>\n\n\n\n<h2 class=\"wp-block-heading has-text-align-left\" style=\"font-size:14px\">&nbsp;\u00c9diteur&nbsp;:&nbsp;&nbsp;Hello \u00c9dition &nbsp;&nbsp;&nbsp;&nbsp;&nbsp;&nbsp;&nbsp;&nbsp;&nbsp;&nbsp;&nbsp;&nbsp;&nbsp;&nbsp; Ann\u00e9e&nbsp;: 2026<\/h2>\n<\/div><\/div>\n\n\n<style>.wp-block-kadence-advancedheading.kt-adv-heading75_f72212-da, .wp-block-kadence-advancedheading.kt-adv-heading75_f72212-da[data-kb-block=\"kb-adv-heading75_f72212-da\"]{font-size:var(--global-kb-font-size-md, 1.25rem);font-style:normal;}.wp-block-kadence-advancedheading.kt-adv-heading75_f72212-da mark.kt-highlight, .wp-block-kadence-advancedheading.kt-adv-heading75_f72212-da[data-kb-block=\"kb-adv-heading75_f72212-da\"] mark.kt-highlight{font-style:normal;color:#f76a0c;-webkit-box-decoration-break:clone;box-decoration-break:clone;padding-top:0px;padding-right:0px;padding-bottom:0px;padding-left:0px;}.wp-block-kadence-advancedheading.kt-adv-heading75_f72212-da img.kb-inline-image, .wp-block-kadence-advancedheading.kt-adv-heading75_f72212-da[data-kb-block=\"kb-adv-heading75_f72212-da\"] img.kb-inline-image{width:150px;vertical-align:baseline;}<\/style>\n<h2 class=\"kt-adv-heading75_f72212-da wp-block-kadence-advancedheading\" data-kb-block=\"kb-adv-heading75_f72212-da\"><strong>Gleize Georges Patrick<\/strong><\/h2>\n\n\n\n<div class=\"wp-block-media-text is-stacked-on-mobile\" style=\"grid-template-columns:30% auto\"><figure class=\"wp-block-media-text__media\"><img loading=\"lazy\" decoding=\"async\" width=\"904\" height=\"935\" src=\"https:\/\/lecturepourtous.net\/wp-content\/uploads\/2026\/04\/Gleize-Georges-Patrick.png\" alt=\"\" class=\"wp-image-334 size-full\" srcset=\"https:\/\/lecturepourtous.net\/wp-content\/uploads\/2026\/04\/Gleize-Georges-Patrick.png 904w, https:\/\/lecturepourtous.net\/wp-content\/uploads\/2026\/04\/Gleize-Georges-Patrick-290x300.png 290w, https:\/\/lecturepourtous.net\/wp-content\/uploads\/2026\/04\/Gleize-Georges-Patrick-768x794.png 768w\" sizes=\"auto, (max-width: 904px) 100vw, 904px\" \/><\/figure><div class=\"wp-block-media-text__content\">\n<h2 class=\"wp-block-heading\" style=\"font-size:14px\"><strong>N\u00e9 \u00e0 Paris, Georges-Patrick GLEIZE est Agr\u00e9g\u00e9 d\u2019histoire, membre des \u00e9crivains combattants, soci\u00e9taire de l\u2019Acad\u00e9mie de Languedoc.                                            Auteur de plus de vingt-cinq  romans publi\u00e9s chez Albin Michel, Calmann-L\u00e9vy, ou d\u2019essais chez Le Papillon Rouge, ce sp\u00e9cialiste des campagnes m\u00e9ridionales, passionn\u00e9 de photos et de g\u00e9opolitique, d\u00e9passe par son \u00e9criture le cadre du terroir pour se dimensionner dans celui de l\u2019Histoire de la m\u00e9moire des hommes.<\/strong><\/h2>\n\n\n\n<h2 class=\"wp-block-heading\" style=\"font-size:14px\"><strong>Derni\u00e8re parution&nbsp;: <\/strong>&nbsp;Titre&nbsp;:&nbsp;Tel un oiseau bless\u00e9&nbsp;&nbsp;<\/h2>\n\n\n\n<h2 class=\"wp-block-heading\" style=\"font-size:14px\">\u00c9diteur&nbsp;: Calman-L\u00e9vy Ann\u00e9e&nbsp;: 2026<\/h2>\n<\/div><\/div>\n\n\n<style>.wp-block-kadence-advancedheading.kt-adv-heading75_b8c6ea-8c, .wp-block-kadence-advancedheading.kt-adv-heading75_b8c6ea-8c[data-kb-block=\"kb-adv-heading75_b8c6ea-8c\"]{font-size:var(--global-kb-font-size-md, 1.25rem);font-style:normal;}.wp-block-kadence-advancedheading.kt-adv-heading75_b8c6ea-8c mark.kt-highlight, .wp-block-kadence-advancedheading.kt-adv-heading75_b8c6ea-8c[data-kb-block=\"kb-adv-heading75_b8c6ea-8c\"] mark.kt-highlight{font-style:normal;color:#f76a0c;-webkit-box-decoration-break:clone;box-decoration-break:clone;padding-top:0px;padding-right:0px;padding-bottom:0px;padding-left:0px;}.wp-block-kadence-advancedheading.kt-adv-heading75_b8c6ea-8c img.kb-inline-image, .wp-block-kadence-advancedheading.kt-adv-heading75_b8c6ea-8c[data-kb-block=\"kb-adv-heading75_b8c6ea-8c\"] img.kb-inline-image{width:150px;vertical-align:baseline;}<\/style>\n<h2 class=\"kt-adv-heading75_b8c6ea-8c wp-block-kadence-advancedheading\" data-kb-block=\"kb-adv-heading75_b8c6ea-8c\"><strong>Hugounenc Philippe<\/strong><\/h2>\n\n\n\n<div class=\"wp-block-media-text is-stacked-on-mobile\" style=\"grid-template-columns:30% auto\"><figure class=\"wp-block-media-text__media\"><img loading=\"lazy\" decoding=\"async\" width=\"990\" height=\"1024\" src=\"https:\/\/lecturepourtous.net\/wp-content\/uploads\/2026\/04\/Hugounenc-Philippe-990x1024.png\" alt=\"\" class=\"wp-image-335 size-full\" srcset=\"https:\/\/lecturepourtous.net\/wp-content\/uploads\/2026\/04\/Hugounenc-Philippe-990x1024.png 990w, https:\/\/lecturepourtous.net\/wp-content\/uploads\/2026\/04\/Hugounenc-Philippe-290x300.png 290w, https:\/\/lecturepourtous.net\/wp-content\/uploads\/2026\/04\/Hugounenc-Philippe-768x794.png 768w, https:\/\/lecturepourtous.net\/wp-content\/uploads\/2026\/04\/Hugounenc-Philippe.png 1378w\" sizes=\"auto, (max-width: 990px) 100vw, 990px\" \/><\/figure><div class=\"wp-block-media-text__content\">\n<h2 class=\"wp-block-heading\" style=\"font-size:14px\">Je suis romancier, auteur d&rsquo;aventures,de thrillers et de science-fiction.                     J&rsquo;explore le myst\u00e8re et les futurs possibles. Mes personnages sont confront\u00e9s \u00e0 leurs choix et \u00e0 leurs limites.                                                                                                               J&rsquo;\u00e9cris \u00e9galement des fictions pour la jeunesse ainsi que des r\u00e9cits d&rsquo;inspiration spirituelle.                                                                                                                                         La po\u00e9sie fait partie int\u00e9grante de mon univers d&rsquo;\u00e9criture. Tension, r\u00e9flexion et \u00e9motion traversent mes livres.                                                                                       L&rsquo;humain demeure au c\u0153ur de chacun de mes r\u00e9cits.  <\/h2>\n\n\n\n<h2 class=\"wp-block-heading has-text-align-left\" style=\"font-size:14px\">Derni\u00e8re parution : Titre : Le Groenland n&rsquo;est pas \u00e0 vendre  <\/h2>\n\n\n\n<h2 class=\"wp-block-heading\" style=\"font-size:14px\">\u00c9diteur: HP CREA     Ann\u00e9e 2026<\/h2>\n\n\n\n<p style=\"font-size:14px\"><\/p>\n<\/div><\/div>\n\n\n<style>.wp-block-kadence-advancedheading.kt-adv-heading75_10e8cf-5b, .wp-block-kadence-advancedheading.kt-adv-heading75_10e8cf-5b[data-kb-block=\"kb-adv-heading75_10e8cf-5b\"]{font-size:var(--global-kb-font-size-md, 1.25rem);font-style:normal;}.wp-block-kadence-advancedheading.kt-adv-heading75_10e8cf-5b mark.kt-highlight, .wp-block-kadence-advancedheading.kt-adv-heading75_10e8cf-5b[data-kb-block=\"kb-adv-heading75_10e8cf-5b\"] mark.kt-highlight{font-style:normal;color:#f76a0c;-webkit-box-decoration-break:clone;box-decoration-break:clone;padding-top:0px;padding-right:0px;padding-bottom:0px;padding-left:0px;}.wp-block-kadence-advancedheading.kt-adv-heading75_10e8cf-5b img.kb-inline-image, .wp-block-kadence-advancedheading.kt-adv-heading75_10e8cf-5b[data-kb-block=\"kb-adv-heading75_10e8cf-5b\"] img.kb-inline-image{width:150px;vertical-align:baseline;}<\/style>\n<h2 class=\"kt-adv-heading75_10e8cf-5b wp-block-kadence-advancedheading\" data-kb-block=\"kb-adv-heading75_10e8cf-5b\"><strong>Lasserre-Vergne Anne<\/strong><\/h2>\n\n\n\n<div class=\"wp-block-media-text is-stacked-on-mobile\" style=\"grid-template-columns:30% auto\"><figure class=\"wp-block-media-text__media\"><img loading=\"lazy\" decoding=\"async\" width=\"316\" height=\"327\" src=\"https:\/\/lecturepourtous.net\/wp-content\/uploads\/2026\/04\/Lasserre-Vergne-Anne.png\" alt=\"\" class=\"wp-image-336 size-full\" srcset=\"https:\/\/lecturepourtous.net\/wp-content\/uploads\/2026\/04\/Lasserre-Vergne-Anne.png 316w, https:\/\/lecturepourtous.net\/wp-content\/uploads\/2026\/04\/Lasserre-Vergne-Anne-290x300.png 290w\" sizes=\"auto, (max-width: 316px) 100vw, 316px\" \/><\/figure><div class=\"wp-block-media-text__content\">\n<h2 class=\"wp-block-heading\" style=\"font-size:14px\">Docteur \u00e8s lettres, conf\u00e9renci\u00e8re, membre titulaire Acad\u00e9mie de Montauban, chroniqueuse radio.                                                                                                               Une vingtaine d&rsquo;ouvrages publi\u00e9s : des essais sur les Pyr\u00e9n\u00e9es, des biographies, des nouvelles, un roman, un r\u00e9cit t\u00e9moignage.  <\/h2>\n\n\n\n<h2 class=\"wp-block-heading\" style=\"font-size:14px\"> Derni\u00e8re parution :  Titre: Si je m&rsquo;endors, tu me r\u00e9veilleras <\/h2>\n\n\n\n<h2 class=\"wp-block-heading\" style=\"font-size:14px\">\u00c9diteur : Lazare et Capucine       Ann\u00e9e 2024<\/h2>\n\n\n\n<h2 class=\"wp-block-heading\" style=\"font-size:14px\"><\/h2>\n<\/div><\/div>\n\n\n<style>.wp-block-kadence-advancedheading.kt-adv-heading75_2a3440-b5, .wp-block-kadence-advancedheading.kt-adv-heading75_2a3440-b5[data-kb-block=\"kb-adv-heading75_2a3440-b5\"]{font-size:var(--global-kb-font-size-md, 1.25rem);font-style:normal;}.wp-block-kadence-advancedheading.kt-adv-heading75_2a3440-b5 mark.kt-highlight, .wp-block-kadence-advancedheading.kt-adv-heading75_2a3440-b5[data-kb-block=\"kb-adv-heading75_2a3440-b5\"] mark.kt-highlight{font-style:normal;color:#f76a0c;-webkit-box-decoration-break:clone;box-decoration-break:clone;padding-top:0px;padding-right:0px;padding-bottom:0px;padding-left:0px;}.wp-block-kadence-advancedheading.kt-adv-heading75_2a3440-b5 img.kb-inline-image, .wp-block-kadence-advancedheading.kt-adv-heading75_2a3440-b5[data-kb-block=\"kb-adv-heading75_2a3440-b5\"] img.kb-inline-image{width:150px;vertical-align:baseline;}<\/style>\n<h2 class=\"kt-adv-heading75_2a3440-b5 wp-block-kadence-advancedheading\" data-kb-block=\"kb-adv-heading75_2a3440-b5\">L&rsquo;Hermine Jeanne<\/h2>\n\n\n\n<div class=\"wp-block-media-text is-stacked-on-mobile\" style=\"grid-template-columns:30% auto\"><figure class=\"wp-block-media-text__media\"><img loading=\"lazy\" decoding=\"async\" width=\"482\" height=\"498\" src=\"https:\/\/lecturepourtous.net\/wp-content\/uploads\/2026\/04\/LHermine-Jeanne.png\" alt=\"\" class=\"wp-image-337 size-full\" srcset=\"https:\/\/lecturepourtous.net\/wp-content\/uploads\/2026\/04\/LHermine-Jeanne.png 482w, https:\/\/lecturepourtous.net\/wp-content\/uploads\/2026\/04\/LHermine-Jeanne-290x300.png 290w\" sizes=\"auto, (max-width: 482px) 100vw, 482px\" \/><\/figure><div class=\"wp-block-media-text__content\">\n<h2 class=\"wp-block-heading\" style=\"font-size:14px\">Jeanne L\u2019Hermine est n\u00e9e \u00e0 Paris.                                                                                        Apr\u00e8s des \u00e9tudes litt\u00e9raires, elle commence une carri\u00e8re au sein de l\u2019enseignement. D\u2019abord professeur d\u2019allemand et de lettres<br>au coll\u00e8ge, elle s\u2019oriente apr\u00e8s la naissance de son fils vers l\u2019\u00e9cole primaire.             \u00c0 l\u2019\u00e2ge que l\u2019on dit sage, \u00e9crire devient pour elle une \u00e9vidence.<\/h2>\n\n\n\n<h2 class=\"wp-block-heading\" style=\"font-size:14px\"><br>Derni\u00e8re parution : La maison de la r\u00e9silience <\/h2>\n\n\n\n<h2 class=\"wp-block-heading\" style=\"font-size:14px\">(Ed. Bord du Lot)      Octobre 2025<\/h2>\n\n\n\n<p style=\"font-size:14px\"><\/p>\n<\/div><\/div>\n\n\n<style>.wp-block-kadence-advancedheading.kt-adv-heading75_b3bbdc-b8, .wp-block-kadence-advancedheading.kt-adv-heading75_b3bbdc-b8[data-kb-block=\"kb-adv-heading75_b3bbdc-b8\"]{font-size:var(--global-kb-font-size-md, 1.25rem);font-style:normal;}.wp-block-kadence-advancedheading.kt-adv-heading75_b3bbdc-b8 mark.kt-highlight, .wp-block-kadence-advancedheading.kt-adv-heading75_b3bbdc-b8[data-kb-block=\"kb-adv-heading75_b3bbdc-b8\"] mark.kt-highlight{font-style:normal;color:#f76a0c;-webkit-box-decoration-break:clone;box-decoration-break:clone;padding-top:0px;padding-right:0px;padding-bottom:0px;padding-left:0px;}.wp-block-kadence-advancedheading.kt-adv-heading75_b3bbdc-b8 img.kb-inline-image, .wp-block-kadence-advancedheading.kt-adv-heading75_b3bbdc-b8[data-kb-block=\"kb-adv-heading75_b3bbdc-b8\"] img.kb-inline-image{width:150px;vertical-align:baseline;}<\/style>\n<h2 class=\"kt-adv-heading75_b3bbdc-b8 wp-block-kadence-advancedheading\" data-kb-block=\"kb-adv-heading75_b3bbdc-b8\">Milan Brice<\/h2>\n\n\n\n<div class=\"wp-block-media-text is-stacked-on-mobile\" style=\"grid-template-columns:30% auto\"><figure class=\"wp-block-media-text__media\"><img loading=\"lazy\" decoding=\"async\" width=\"133\" height=\"137\" src=\"https:\/\/lecturepourtous.net\/wp-content\/uploads\/2026\/04\/Milan-Brice.png\" alt=\"\" class=\"wp-image-338 size-full\"\/><\/figure><div class=\"wp-block-media-text__content\">\n<h2 class=\"wp-block-heading\" style=\"font-size:14px\">Fils d\u2019un p\u00e8re militaire et d\u2019une m\u00e8re pi\u00e9montaise, Brice Milan a \u00e9t\u00e9 poursuivi par les \u00e9tudes sup\u00e9rieures avant de devenir professeur dans l\u2019enseignement sup\u00e9rieur.                                                                                                                                   D\u00e8s l\u2019adolescence, la po\u00e9sie et l\u2019imaginaire se sont invit\u00e9s dans son existence. Mari\u00e9 et p\u00e8re de trois enfants, il essaie de conjuguer sa passion de l\u2019\u00e9criture avec vie professionnelle et familiale.                                                                                              La plume de Brice Milan s\u2019exprime particuli\u00e8rement bien dans les univers de Fantasy ou de Science-Fiction, mais il ne d\u00e9daigne pas d\u2019explorer les \u00e9poques contemporaines. Ses \u00e9crits traitent r\u00e9guli\u00e8rement de l\u2019enfance et des illusions perdues, explorent l\u2019\u00e2me humaine avec d\u00e9licatesse et onirisme.<\/h2>\n\n\n\n<h2 class=\"wp-block-heading\" style=\"font-size:14px\"><strong>Derni\u00e8re parution&nbsp;: <\/strong>&nbsp;Titre&nbsp;:&nbsp;&nbsp;&nbsp;&nbsp;&nbsp;&nbsp;&nbsp;&nbsp;&nbsp; La belle assise&nbsp;<\/h2>\n\n\n\n<h2 class=\"wp-block-heading\" style=\"font-size:14px\">\u00c9diteur&nbsp;:&nbsp;BOD (auto\u00e9dition)&nbsp;&nbsp;&nbsp;&nbsp;&nbsp;&nbsp;&nbsp;&nbsp;&nbsp; Ann\u00e9e&nbsp;: 07-2025<\/h2>\n<\/div><\/div>\n\n\n<style>.wp-block-kadence-advancedheading.kt-adv-heading75_21a66a-58, .wp-block-kadence-advancedheading.kt-adv-heading75_21a66a-58[data-kb-block=\"kb-adv-heading75_21a66a-58\"]{font-size:var(--global-kb-font-size-md, 1.25rem);font-style:normal;}.wp-block-kadence-advancedheading.kt-adv-heading75_21a66a-58 mark.kt-highlight, .wp-block-kadence-advancedheading.kt-adv-heading75_21a66a-58[data-kb-block=\"kb-adv-heading75_21a66a-58\"] mark.kt-highlight{font-style:normal;color:#f76a0c;-webkit-box-decoration-break:clone;box-decoration-break:clone;padding-top:0px;padding-right:0px;padding-bottom:0px;padding-left:0px;}.wp-block-kadence-advancedheading.kt-adv-heading75_21a66a-58 img.kb-inline-image, .wp-block-kadence-advancedheading.kt-adv-heading75_21a66a-58[data-kb-block=\"kb-adv-heading75_21a66a-58\"] img.kb-inline-image{width:150px;vertical-align:baseline;}<\/style>\n<h2 class=\"kt-adv-heading75_21a66a-58 wp-block-kadence-advancedheading\" data-kb-block=\"kb-adv-heading75_21a66a-58\">Muller G\u00e9rard<\/h2>\n\n\n\n<div class=\"wp-block-media-text is-stacked-on-mobile\" style=\"grid-template-columns:30% auto\"><figure class=\"wp-block-media-text__media\"><img loading=\"lazy\" decoding=\"async\" width=\"153\" height=\"159\" src=\"https:\/\/lecturepourtous.net\/wp-content\/uploads\/2026\/04\/Muller-Gerard.png\" alt=\"\" class=\"wp-image-339 size-full\"\/><\/figure><div class=\"wp-block-media-text__content\">\n<h2 class=\"wp-block-heading\" style=\"font-size:14px\">76 ans, ing\u00e9nieur, retrait\u00e9 de l\u2019industrie a\u00e9rospatiale o\u00f9 il r\u00e9alise encore du \u00ab&nbsp;consulting&nbsp;\u00bb pour des PME et des startups, G\u00e9rard Muller est un vrai passionn\u00e9 de litt\u00e9rature.                                                                                                                                 Il consacre son temps libre \u00e0 l\u2019\u00e9criture de po\u00e9sies et de romans de fiction, en voyageant \u00e0 travers les diff\u00e9rents genres, du polar au roman psychologique.             Il anime par ailleurs un atelier litt\u00e9raire&nbsp;consacr\u00e9 \u00e0 l\u2019\u00e9criture romanesque (atelier Phil\u00e9mon \u00e0 Toulouse) o\u00f9 il coache de \u00ab&nbsp;jeunes auteurs&nbsp;\u00bb jusqu\u2019\u00e0 l\u2019\u00e9dition de leur premier roman.&nbsp;<\/h2>\n\n\n\n<h2 class=\"wp-block-heading\" style=\"font-size:14px\">Il est membre de la Soci\u00e9t\u00e9 des Po\u00e8tes et Artistes de France, Acad\u00e9micien des livres de Toulouse et Directeur de la collection roman aux \u00c9ditions Un Autre Reg\u2019Art.<\/h2>\n\n\n\n<h2 class=\"wp-block-heading\" style=\"font-size:14px\"><strong>Derni\u00e8re parution&nbsp;: <\/strong>&nbsp;Titre&nbsp;: Deux gendarmes en missions chez les nudistes<\/h2>\n\n\n\n<h2 class=\"wp-block-heading\" style=\"font-size:14px\">\u00c9diteur&nbsp;: Les Presses Litt\u00e9raires&nbsp;&nbsp;&nbsp;&nbsp;&nbsp;&nbsp;&nbsp;&nbsp;&nbsp;&nbsp;&nbsp;&nbsp;&nbsp;&nbsp;&nbsp;&nbsp;&nbsp;&nbsp; Ann\u00e9e&nbsp;: 2025<\/h2>\n<\/div><\/div>\n\n\n<style>.wp-block-kadence-advancedheading.kt-adv-heading75_459501-b0, .wp-block-kadence-advancedheading.kt-adv-heading75_459501-b0[data-kb-block=\"kb-adv-heading75_459501-b0\"]{font-size:var(--global-kb-font-size-md, 1.25rem);font-style:normal;}.wp-block-kadence-advancedheading.kt-adv-heading75_459501-b0 mark.kt-highlight, .wp-block-kadence-advancedheading.kt-adv-heading75_459501-b0[data-kb-block=\"kb-adv-heading75_459501-b0\"] mark.kt-highlight{font-style:normal;color:#f76a0c;-webkit-box-decoration-break:clone;box-decoration-break:clone;padding-top:0px;padding-right:0px;padding-bottom:0px;padding-left:0px;}.wp-block-kadence-advancedheading.kt-adv-heading75_459501-b0 img.kb-inline-image, .wp-block-kadence-advancedheading.kt-adv-heading75_459501-b0[data-kb-block=\"kb-adv-heading75_459501-b0\"] img.kb-inline-image{width:150px;vertical-align:baseline;}<\/style>\n<h2 class=\"kt-adv-heading75_459501-b0 wp-block-kadence-advancedheading\" data-kb-block=\"kb-adv-heading75_459501-b0\"><strong>Ni\u00e9to Patrick<\/strong><\/h2>\n\n\n\n<div class=\"wp-block-media-text is-stacked-on-mobile\" style=\"grid-template-columns:30% auto\"><figure class=\"wp-block-media-text__media\"><img loading=\"lazy\" decoding=\"async\" width=\"990\" height=\"1024\" src=\"https:\/\/lecturepourtous.net\/wp-content\/uploads\/2026\/04\/Nieto-Patrick-990x1024.png\" alt=\"\" class=\"wp-image-340 size-full\" srcset=\"https:\/\/lecturepourtous.net\/wp-content\/uploads\/2026\/04\/Nieto-Patrick-990x1024.png 990w, https:\/\/lecturepourtous.net\/wp-content\/uploads\/2026\/04\/Nieto-Patrick-290x300.png 290w, https:\/\/lecturepourtous.net\/wp-content\/uploads\/2026\/04\/Nieto-Patrick-768x794.png 768w, https:\/\/lecturepourtous.net\/wp-content\/uploads\/2026\/04\/Nieto-Patrick.png 998w\" sizes=\"auto, (max-width: 990px) 100vw, 990px\" \/><\/figure><div class=\"wp-block-media-text__content\">\n<h2 class=\"wp-block-heading\" style=\"font-size:14px\">Patrick NIETO, 63 ans, ancien commandant de police, a exerc\u00e9 pendant trente-cinq ans en r\u00e9gion parisienne dans le domaine de l\u2019investigation judiciaire.              Il est \u00e0 ce jour l\u2019auteur de huit romans policiers et de deux romans historiques. Son troisi\u00e8me opus \u00ab&nbsp;corrompu&nbsp;\u00bb a obtenu le prestigieux prix de l\u2019Embouchure en 2020, remis \u00e0 l\u2019occasion du festival Toulouse-polars du sud.                                    L\u2019intrigue de son dernier titre&nbsp;: PLUIE DE SANG se d\u00e9roule en Provence au 17\u00b0 si\u00e8cle et en Nouvelle-France et elle met en sc\u00e8ne deux personnages parmi les plus illustres de l\u2019\u00e9poque.<\/h2>\n\n\n\n<h2 class=\"wp-block-heading\" style=\"font-size:14px\"><strong>Derni\u00e8re parution&nbsp;: <\/strong>&nbsp;Pluie de sang&nbsp;&nbsp;&nbsp;&nbsp;&nbsp;&nbsp;&nbsp;&nbsp;<\/h2>\n\n\n\n<h2 class=\"wp-block-heading\" style=\"font-size:14px\"> \u00c9diteur&nbsp;: Geste \u00c9ditions&nbsp;&nbsp;&nbsp;&nbsp;&nbsp;&nbsp;&nbsp;&nbsp;&nbsp; Ann\u00e9e&nbsp;:&nbsp; 2026<\/h2>\n\n\n\n<p style=\"font-size:14px\"><\/p>\n<\/div><\/div>\n\n\n<style>.wp-block-kadence-advancedheading.kt-adv-heading75_911b9a-5b, .wp-block-kadence-advancedheading.kt-adv-heading75_911b9a-5b[data-kb-block=\"kb-adv-heading75_911b9a-5b\"]{font-size:var(--global-kb-font-size-md, 1.25rem);font-style:normal;}.wp-block-kadence-advancedheading.kt-adv-heading75_911b9a-5b mark.kt-highlight, .wp-block-kadence-advancedheading.kt-adv-heading75_911b9a-5b[data-kb-block=\"kb-adv-heading75_911b9a-5b\"] mark.kt-highlight{font-style:normal;color:#f76a0c;-webkit-box-decoration-break:clone;box-decoration-break:clone;padding-top:0px;padding-right:0px;padding-bottom:0px;padding-left:0px;}.wp-block-kadence-advancedheading.kt-adv-heading75_911b9a-5b img.kb-inline-image, .wp-block-kadence-advancedheading.kt-adv-heading75_911b9a-5b[data-kb-block=\"kb-adv-heading75_911b9a-5b\"] img.kb-inline-image{width:150px;vertical-align:baseline;}<\/style>\n<h2 class=\"kt-adv-heading75_911b9a-5b wp-block-kadence-advancedheading\" data-kb-block=\"kb-adv-heading75_911b9a-5b\"><strong>Noulet Didier<\/strong><\/h2>\n\n\n\n<div class=\"wp-block-media-text is-stacked-on-mobile\" style=\"grid-template-columns:30% auto\"><figure class=\"wp-block-media-text__media\"><img loading=\"lazy\" decoding=\"async\" width=\"990\" height=\"1024\" src=\"https:\/\/lecturepourtous.net\/wp-content\/uploads\/2026\/04\/Noulet-Didier-990x1024.png\" alt=\"\" class=\"wp-image-397 size-full\" srcset=\"https:\/\/lecturepourtous.net\/wp-content\/uploads\/2026\/04\/Noulet-Didier-990x1024.png 990w, https:\/\/lecturepourtous.net\/wp-content\/uploads\/2026\/04\/Noulet-Didier-290x300.png 290w, https:\/\/lecturepourtous.net\/wp-content\/uploads\/2026\/04\/Noulet-Didier-768x794.png 768w, https:\/\/lecturepourtous.net\/wp-content\/uploads\/2026\/04\/Noulet-Didier.png 1034w\" sizes=\"auto, (max-width: 990px) 100vw, 990px\" \/><\/figure><div class=\"wp-block-media-text__content\">\n<h2 class=\"wp-block-heading\" style=\"font-size:14px\">\u00ab\u00a0Didier Noulet est originaire de la r\u00e9gion parisienne. Apr\u00e8s avoir suivi des \u00e9tudes techniques, il a exerc\u00e9 dans les secteurs du nucl\u00e9aire puis de l\u2019informatique. Tr\u00e8s t\u00f4t attir\u00e9 par l\u2019\u00e9criture, il en fait aujourd\u2019hui son activit\u00e9 principale, depuis son installation dans le Tarn-et-Garonne. Passionn\u00e9 d\u2019histoire, il m\u00eale avec habilet\u00e9 cette discipline \u00e0 ses r\u00e9cits, offrant au lecteur une plong\u00e9e dans des facettes parfois m\u00e9connues du pass\u00e9. Son parcours d\u2019\u00e9crivain s\u2019illustre notamment \u00e0 travers ses \u0153uvres, des larmes de coton \u00e0 L\u2019Envers de la marotte, jusqu\u2019\u00e0 La Relique, t\u00e9moignant d\u2019une \u00e9volution constante dans son style et ses th\u00e9matiques. Il n\u2019h\u00e9site pas, \u00e0 l\u2019occasion, \u00e0 effleurer le fantastique et l\u2019imaginaire, insufflant ainsi une touche de r\u00eave dans un monde qui en a bien besoin. Les auteurs ne sont-ils pas les alchimistes du r\u00eave ?\u00a0\u00bb<\/h2>\n\n\n\n<h2 class=\"wp-block-heading\" style=\"font-size:14px\"><br>Derni\u00e8re parution : Titre : L&rsquo;or maudit de Toulouse<\/h2>\n\n\n\n<h2 class=\"wp-block-heading\" style=\"font-size:14px\">\u00c9diteur : Amazon     Ann\u00e9e 2026<\/h2>\n<\/div><\/div>\n\n\n<style>.wp-block-kadence-advancedheading.kt-adv-heading75_3133f9-23, .wp-block-kadence-advancedheading.kt-adv-heading75_3133f9-23[data-kb-block=\"kb-adv-heading75_3133f9-23\"]{font-size:var(--global-kb-font-size-md, 1.25rem);font-style:normal;}.wp-block-kadence-advancedheading.kt-adv-heading75_3133f9-23 mark.kt-highlight, .wp-block-kadence-advancedheading.kt-adv-heading75_3133f9-23[data-kb-block=\"kb-adv-heading75_3133f9-23\"] mark.kt-highlight{font-style:normal;color:#f76a0c;-webkit-box-decoration-break:clone;box-decoration-break:clone;padding-top:0px;padding-right:0px;padding-bottom:0px;padding-left:0px;}.wp-block-kadence-advancedheading.kt-adv-heading75_3133f9-23 img.kb-inline-image, .wp-block-kadence-advancedheading.kt-adv-heading75_3133f9-23[data-kb-block=\"kb-adv-heading75_3133f9-23\"] img.kb-inline-image{width:150px;vertical-align:baseline;}<\/style>\n<h2 class=\"kt-adv-heading75_3133f9-23 wp-block-kadence-advancedheading\" data-kb-block=\"kb-adv-heading75_3133f9-23\"><strong>Nunez Marie-H\u00e9l\u00e8ne<\/strong><\/h2>\n\n\n\n<div class=\"wp-block-media-text is-stacked-on-mobile\" style=\"grid-template-columns:30% auto\"><figure class=\"wp-block-media-text__media\"><img loading=\"lazy\" decoding=\"async\" width=\"935\" height=\"966\" src=\"https:\/\/lecturepourtous.net\/wp-content\/uploads\/2026\/04\/Nunez-Marie-Helene.png\" alt=\"\" class=\"wp-image-341 size-full\" srcset=\"https:\/\/lecturepourtous.net\/wp-content\/uploads\/2026\/04\/Nunez-Marie-Helene.png 935w, https:\/\/lecturepourtous.net\/wp-content\/uploads\/2026\/04\/Nunez-Marie-Helene-290x300.png 290w, https:\/\/lecturepourtous.net\/wp-content\/uploads\/2026\/04\/Nunez-Marie-Helene-768x793.png 768w\" sizes=\"auto, (max-width: 935px) 100vw, 935px\" \/><\/figure><div class=\"wp-block-media-text__content\">\n<h2 class=\"wp-block-heading\" style=\"font-size:14px\">Professeur agr\u00e9g\u00e9e de lettres classiques, la litt\u00e9rature a \u00e9t\u00e9 la compagne de ma vie et j&rsquo;ai depuis treize ans, publi\u00e9 quatre romans.                                                                                 J&rsquo;ai obtenu deux premiers prix pour le livre \u00ab\u00a0La petite\u00a0\u00bb paru en 2020 (par les gourmets de lettres et un autre par l&rsquo;ALCA ) et en janvier 2026, le grand prix litt\u00e9raire de la ville de Toulouse d\u00e9cern\u00e9 par l&rsquo;Acad\u00e9mie du Languedoc pour \u00a0\u00bb Les territoires \u00e9tanches\u00a0\u00bb paru en 2024.<\/h2>\n\n\n\n<h2 class=\"wp-block-heading\" style=\"font-size:14px\">Derni\u00e8re parution : Titre : Aussi discordant que le cri des mouettes<\/h2>\n\n\n\n<h2 class=\"wp-block-heading\" style=\"font-size:14px\">\u00c9diteur : Az&rsquo;art \u00c9ditions     Ann\u00e9e 2025<\/h2>\n<\/div><\/div>\n\n\n<style>.wp-block-kadence-advancedheading.kt-adv-heading75_21c071-12, .wp-block-kadence-advancedheading.kt-adv-heading75_21c071-12[data-kb-block=\"kb-adv-heading75_21c071-12\"]{font-size:var(--global-kb-font-size-md, 1.25rem);font-style:normal;}.wp-block-kadence-advancedheading.kt-adv-heading75_21c071-12 mark.kt-highlight, .wp-block-kadence-advancedheading.kt-adv-heading75_21c071-12[data-kb-block=\"kb-adv-heading75_21c071-12\"] mark.kt-highlight{font-style:normal;color:#f76a0c;-webkit-box-decoration-break:clone;box-decoration-break:clone;padding-top:0px;padding-right:0px;padding-bottom:0px;padding-left:0px;}.wp-block-kadence-advancedheading.kt-adv-heading75_21c071-12 img.kb-inline-image, .wp-block-kadence-advancedheading.kt-adv-heading75_21c071-12[data-kb-block=\"kb-adv-heading75_21c071-12\"] img.kb-inline-image{width:150px;vertical-align:baseline;}<\/style>\n<h2 class=\"kt-adv-heading75_21c071-12 wp-block-kadence-advancedheading\" data-kb-block=\"kb-adv-heading75_21c071-12\">Odeypaz \/ Ni\u00e9to Nathalie<\/h2>\n\n\n\n<div class=\"wp-block-media-text is-stacked-on-mobile\" style=\"grid-template-columns:30% auto\"><figure class=\"wp-block-media-text__media\"><img loading=\"lazy\" decoding=\"async\" width=\"391\" height=\"405\" src=\"https:\/\/lecturepourtous.net\/wp-content\/uploads\/2026\/04\/Odeypaz-Nieto-Nathalie.png\" alt=\"\" class=\"wp-image-342 size-full\" srcset=\"https:\/\/lecturepourtous.net\/wp-content\/uploads\/2026\/04\/Odeypaz-Nieto-Nathalie.png 391w, https:\/\/lecturepourtous.net\/wp-content\/uploads\/2026\/04\/Odeypaz-Nieto-Nathalie-290x300.png 290w\" sizes=\"auto, (max-width: 391px) 100vw, 391px\" \/><\/figure><div class=\"wp-block-media-text__content\">\n<h2 class=\"wp-block-heading\" style=\"font-size:14px\">Artiste illustratrice, peintre, dessinatrice spontan\u00e9e.                                                                    Aide \u00e0 d\u00e9velopper l&rsquo;imagination des enfants.  <\/h2>\n\n\n\n<h2 class=\"wp-block-heading\" style=\"font-size:14px\">Derni\u00e8re parution : Titre : Que vois-je ?<\/h2>\n\n\n\n<h2 class=\"wp-block-heading\" style=\"font-size:14px\">\u00c9diteur : Odeypaz    Ann\u00e9e 2025<\/h2>\n<\/div><\/div>\n\n\n<style>.wp-block-kadence-advancedheading.kt-adv-heading75_6b185a-6f, .wp-block-kadence-advancedheading.kt-adv-heading75_6b185a-6f[data-kb-block=\"kb-adv-heading75_6b185a-6f\"]{font-size:var(--global-kb-font-size-md, 1.25rem);font-style:normal;}.wp-block-kadence-advancedheading.kt-adv-heading75_6b185a-6f mark.kt-highlight, .wp-block-kadence-advancedheading.kt-adv-heading75_6b185a-6f[data-kb-block=\"kb-adv-heading75_6b185a-6f\"] mark.kt-highlight{font-style:normal;color:#f76a0c;-webkit-box-decoration-break:clone;box-decoration-break:clone;padding-top:0px;padding-right:0px;padding-bottom:0px;padding-left:0px;}.wp-block-kadence-advancedheading.kt-adv-heading75_6b185a-6f img.kb-inline-image, .wp-block-kadence-advancedheading.kt-adv-heading75_6b185a-6f[data-kb-block=\"kb-adv-heading75_6b185a-6f\"] img.kb-inline-image{width:150px;vertical-align:baseline;}<\/style>\n<h2 class=\"kt-adv-heading75_6b185a-6f wp-block-kadence-advancedheading\" data-kb-block=\"kb-adv-heading75_6b185a-6f\"><strong>Polomski Jo\u00ebl<\/strong><\/h2>\n\n\n\n<div class=\"wp-block-media-text is-stacked-on-mobile\" style=\"grid-template-columns:30% auto\"><figure class=\"wp-block-media-text__media\"><img loading=\"lazy\" decoding=\"async\" width=\"905\" height=\"935\" src=\"https:\/\/lecturepourtous.net\/wp-content\/uploads\/2026\/04\/Polomski-Joel.png\" alt=\"\" class=\"wp-image-343 size-full\" srcset=\"https:\/\/lecturepourtous.net\/wp-content\/uploads\/2026\/04\/Polomski-Joel.png 905w, https:\/\/lecturepourtous.net\/wp-content\/uploads\/2026\/04\/Polomski-Joel-290x300.png 290w, https:\/\/lecturepourtous.net\/wp-content\/uploads\/2026\/04\/Polomski-Joel-768x793.png 768w\" sizes=\"auto, (max-width: 905px) 100vw, 905px\" \/><\/figure><div class=\"wp-block-media-text__content\">\n<h2 class=\"wp-block-heading\" style=\"font-size:14px\">B\u00e9d\u00e9iste install\u00e9 dans le Lot depuis 40ans, Jo\u00ebl Polomski a puis\u00e9 son inspiration dans le patrimoine quercynois pour \u00e9diter de nombreux albums : \u00ab le diable du pont Valentr\u00e9 \u00bb, \u00ab Champollion h\u00e9ritier du peuple Kagot \u00bb, \u00ab le disparu de St Cirq Lapopie \u00bb , \u00ab le diable du gouffre de Padirac \u00bb , \u00ab le saut de la mounine \u00bb, etc\u2026<br>Sa rencontre avec Fran\u00e7ois Henri Souli\u00e9 donnera le jour \u00e0 3 albums : \u00ab l\u2019hiver de l\u2019\u00e9l\u00e9phant \u00bb ,\u00ab Montauban 1621 \u00bb et \u00ab la fortune des Sapiac \u00bb .                                         Jo\u00ebl Polomski a \u00e9galement r\u00e9alis\u00e9 plusieurs livres \u00e9troitement li\u00e9s \u00e0 des grottes orn\u00e9es: \u00ab Les chevaux du Pech Merle \u00bb, \u00ab Chronique du pont d\u2019Arc l\u2019enfant autre \u00bb et \u00ab la derni\u00e8re femme \u00bb consacr\u00e9 \u00e0 la grotte Cosquer.<\/h2>\n\n\n\n<h2 class=\"wp-block-heading\" style=\"font-size:14px\">Derni\u00e8re parution : Titre : la derni\u00e8re femme<\/h2>\n\n\n\n<h2 class=\"wp-block-heading\" style=\"font-size:14px\">\u00c9diteur F\u00e9dora          Ann\u00e9e 2025<\/h2>\n<\/div><\/div>\n\n\n<style>.wp-block-kadence-advancedheading.kt-adv-heading75_005dbd-ba, .wp-block-kadence-advancedheading.kt-adv-heading75_005dbd-ba[data-kb-block=\"kb-adv-heading75_005dbd-ba\"]{font-size:var(--global-kb-font-size-md, 1.25rem);font-style:normal;}.wp-block-kadence-advancedheading.kt-adv-heading75_005dbd-ba mark.kt-highlight, .wp-block-kadence-advancedheading.kt-adv-heading75_005dbd-ba[data-kb-block=\"kb-adv-heading75_005dbd-ba\"] mark.kt-highlight{font-style:normal;color:#f76a0c;-webkit-box-decoration-break:clone;box-decoration-break:clone;padding-top:0px;padding-right:0px;padding-bottom:0px;padding-left:0px;}.wp-block-kadence-advancedheading.kt-adv-heading75_005dbd-ba img.kb-inline-image, .wp-block-kadence-advancedheading.kt-adv-heading75_005dbd-ba[data-kb-block=\"kb-adv-heading75_005dbd-ba\"] img.kb-inline-image{width:150px;vertical-align:baseline;}<\/style>\n<h2 class=\"kt-adv-heading75_005dbd-ba wp-block-kadence-advancedheading\" data-kb-block=\"kb-adv-heading75_005dbd-ba\"><strong>Roumagnac Alain<\/strong><\/h2>\n\n\n\n<div class=\"wp-block-media-text is-stacked-on-mobile\" style=\"grid-template-columns:30% auto\"><figure class=\"wp-block-media-text__media\"><img loading=\"lazy\" decoding=\"async\" width=\"990\" height=\"1024\" src=\"https:\/\/lecturepourtous.net\/wp-content\/uploads\/2026\/04\/Roumagnac-Alain-990x1024.png\" alt=\"\" class=\"wp-image-344 size-full\" srcset=\"https:\/\/lecturepourtous.net\/wp-content\/uploads\/2026\/04\/Roumagnac-Alain-990x1024.png 990w, https:\/\/lecturepourtous.net\/wp-content\/uploads\/2026\/04\/Roumagnac-Alain-290x300.png 290w, https:\/\/lecturepourtous.net\/wp-content\/uploads\/2026\/04\/Roumagnac-Alain-768x794.png 768w, https:\/\/lecturepourtous.net\/wp-content\/uploads\/2026\/04\/Roumagnac-Alain-1485x1536.png 1485w, https:\/\/lecturepourtous.net\/wp-content\/uploads\/2026\/04\/Roumagnac-Alain.png 1706w\" sizes=\"auto, (max-width: 990px) 100vw, 990px\" \/><\/figure><div class=\"wp-block-media-text__content\">\n<h2 class=\"wp-block-heading\" style=\"font-size:14px\">Assistant technique de laboratoire en canc\u00e9rologie,j&rsquo;ai d\u00e9but\u00e9 l&rsquo;aventure litt\u00e9raire dans l&rsquo;univers du polar il y a maintenant dix-sept ans et suis \u00e9dit\u00e9 depuis neuf ans.                                                                                                                                                    Les piliers de mon \u00e9criture sont l&rsquo;Histoire, l&rsquo;\u00e9sot\u00e9rique, des personnages de fortes valeurs humanistes , le tout dans un style aussi soign\u00e9 que possible, sans nuire \u00e0 l&rsquo;intrigue sombre et percutante.<\/h2>\n\n\n\n<h2 class=\"wp-block-heading\" style=\"font-size:14px\">Derni\u00e8re parution : Titre : La horde sanglante<\/h2>\n\n\n\n<h2 class=\"wp-block-heading\" style=\"font-size:14px\">\u00c9diteur: Cairn           Ann\u00e9e 2025<\/h2>\n<\/div><\/div>\n\n\n<style>.wp-block-kadence-advancedheading.kt-adv-heading75_7bd506-a3, .wp-block-kadence-advancedheading.kt-adv-heading75_7bd506-a3[data-kb-block=\"kb-adv-heading75_7bd506-a3\"]{font-size:var(--global-kb-font-size-md, 1.25rem);font-style:normal;}.wp-block-kadence-advancedheading.kt-adv-heading75_7bd506-a3 mark.kt-highlight, .wp-block-kadence-advancedheading.kt-adv-heading75_7bd506-a3[data-kb-block=\"kb-adv-heading75_7bd506-a3\"] mark.kt-highlight{font-style:normal;color:#f76a0c;-webkit-box-decoration-break:clone;box-decoration-break:clone;padding-top:0px;padding-right:0px;padding-bottom:0px;padding-left:0px;}.wp-block-kadence-advancedheading.kt-adv-heading75_7bd506-a3 img.kb-inline-image, .wp-block-kadence-advancedheading.kt-adv-heading75_7bd506-a3[data-kb-block=\"kb-adv-heading75_7bd506-a3\"] img.kb-inline-image{width:150px;vertical-align:baseline;}<\/style>\n<h2 class=\"kt-adv-heading75_7bd506-a3 wp-block-kadence-advancedheading\" data-kb-block=\"kb-adv-heading75_7bd506-a3\"><strong>Roussouli\u00e8res Jean-Pierre<\/strong><\/h2>\n\n\n\n<div class=\"wp-block-media-text is-stacked-on-mobile\" style=\"grid-template-columns:30% auto\"><figure class=\"wp-block-media-text__media\"><img loading=\"lazy\" decoding=\"async\" width=\"199\" height=\"206\" src=\"https:\/\/lecturepourtous.net\/wp-content\/uploads\/2026\/04\/Roussoulieres-Jean-Pierre-1.png\" alt=\"\" class=\"wp-image-426 size-full\"\/><\/figure><div class=\"wp-block-media-text__content\">\n<p><\/p>\n<\/div><\/div>\n\n\n<style>.wp-block-kadence-advancedheading.kt-adv-heading75_e25f5c-3e, .wp-block-kadence-advancedheading.kt-adv-heading75_e25f5c-3e[data-kb-block=\"kb-adv-heading75_e25f5c-3e\"]{font-size:var(--global-kb-font-size-md, 1.25rem);font-style:normal;}.wp-block-kadence-advancedheading.kt-adv-heading75_e25f5c-3e mark.kt-highlight, .wp-block-kadence-advancedheading.kt-adv-heading75_e25f5c-3e[data-kb-block=\"kb-adv-heading75_e25f5c-3e\"] mark.kt-highlight{font-style:normal;color:#f76a0c;-webkit-box-decoration-break:clone;box-decoration-break:clone;padding-top:0px;padding-right:0px;padding-bottom:0px;padding-left:0px;}.wp-block-kadence-advancedheading.kt-adv-heading75_e25f5c-3e img.kb-inline-image, .wp-block-kadence-advancedheading.kt-adv-heading75_e25f5c-3e[data-kb-block=\"kb-adv-heading75_e25f5c-3e\"] img.kb-inline-image{width:150px;vertical-align:baseline;}<\/style>\n<h2 class=\"kt-adv-heading75_e25f5c-3e wp-block-kadence-advancedheading\" data-kb-block=\"kb-adv-heading75_e25f5c-3e\"><strong>Saint Laurent Josiane<\/strong><\/h2>\n\n\n\n<div class=\"wp-block-media-text is-stacked-on-mobile\" style=\"grid-template-columns:30% auto\"><figure class=\"wp-block-media-text__media\"><img loading=\"lazy\" decoding=\"async\" width=\"453\" height=\"467\" src=\"https:\/\/lecturepourtous.net\/wp-content\/uploads\/2026\/04\/Saint-Laurent-Josiane.png\" alt=\"\" class=\"wp-image-346 size-full\" srcset=\"https:\/\/lecturepourtous.net\/wp-content\/uploads\/2026\/04\/Saint-Laurent-Josiane.png 453w, https:\/\/lecturepourtous.net\/wp-content\/uploads\/2026\/04\/Saint-Laurent-Josiane-291x300.png 291w\" sizes=\"auto, (max-width: 453px) 100vw, 453px\" \/><\/figure><div class=\"wp-block-media-text__content\">\n<h2 class=\"wp-block-heading\" style=\"font-size:14px\">Originaire de Toulouse, Josiane Saint-Laurent n&rsquo;est pas venue au Polar par hasard. Fille de policier, elle a grandi dans le poids du suspense et des secrets.<\/h2>\n\n\n\n<h2 class=\"wp-block-heading\" style=\"font-size:14px\">Membre de l&rsquo;Acad\u00e9mie des Livres de Toulouse, elle a fait du Sud-Ouest son terrain de chasse litt\u00e9raire.                                                                                                                        De la brique rose aux sommets glac\u00e9s de la Haute-Ari\u00e8ge, en passant par les reflets trompeurs de Collioure, elle ancre ses r\u00e9cits dans une r\u00e9alit\u00e9 g\u00e9ographique adapt\u00e9e.<\/h2>\n\n\n\n<h2 class=\"wp-block-heading\" style=\"font-size:14px\"><strong>Derni\u00e8re parution&nbsp;: <\/strong>&nbsp;Titre&nbsp;: <strong>Silences Funestes en Haute Ari\u00e8ge&nbsp;&nbsp;&nbsp;&nbsp;&nbsp;&nbsp;&nbsp;&nbsp; <\/strong>&nbsp;&nbsp;&nbsp;&nbsp;&nbsp;&nbsp;&nbsp;&nbsp;&nbsp;&nbsp;&nbsp;&nbsp;&nbsp;&nbsp;&nbsp;&nbsp;&nbsp;&nbsp;&nbsp;&nbsp;&nbsp;&nbsp;&nbsp;&nbsp;&nbsp;&nbsp;&nbsp;&nbsp;&nbsp;&nbsp;<\/h2>\n\n\n\n<h2 class=\"wp-block-heading\" style=\"font-size:14px\">\u00c9diteur&nbsp;: Les Presses Litt\u00e9raires&nbsp;&nbsp;     Ann\u00e9e&nbsp;: 2025<\/h2>\n<\/div><\/div>\n\n\n<style>.wp-block-kadence-advancedheading.kt-adv-heading75_fc2bb8-85, .wp-block-kadence-advancedheading.kt-adv-heading75_fc2bb8-85[data-kb-block=\"kb-adv-heading75_fc2bb8-85\"]{font-size:var(--global-kb-font-size-md, 1.25rem);font-style:normal;}.wp-block-kadence-advancedheading.kt-adv-heading75_fc2bb8-85 mark.kt-highlight, .wp-block-kadence-advancedheading.kt-adv-heading75_fc2bb8-85[data-kb-block=\"kb-adv-heading75_fc2bb8-85\"] mark.kt-highlight{font-style:normal;color:#f76a0c;-webkit-box-decoration-break:clone;box-decoration-break:clone;padding-top:0px;padding-right:0px;padding-bottom:0px;padding-left:0px;}.wp-block-kadence-advancedheading.kt-adv-heading75_fc2bb8-85 img.kb-inline-image, .wp-block-kadence-advancedheading.kt-adv-heading75_fc2bb8-85[data-kb-block=\"kb-adv-heading75_fc2bb8-85\"] img.kb-inline-image{width:150px;vertical-align:baseline;}<\/style>\n<h2 class=\"kt-adv-heading75_fc2bb8-85 wp-block-kadence-advancedheading\" data-kb-block=\"kb-adv-heading75_fc2bb8-85\">Serra Ga\u00ebtan<\/h2>\n\n\n\n<div class=\"wp-block-media-text is-stacked-on-mobile\" style=\"grid-template-columns:30% auto\"><figure class=\"wp-block-media-text__media\"><img loading=\"lazy\" decoding=\"async\" width=\"199\" height=\"205\" src=\"https:\/\/lecturepourtous.net\/wp-content\/uploads\/2026\/04\/Serra-Gaetan.png\" alt=\"\" class=\"wp-image-347 size-full\"\/><\/figure><div class=\"wp-block-media-text__content\">\n<h2 class=\"wp-block-heading\" style=\"font-size:14px\">Je suis un peu comme un super-h\u00e9ros \u00e0 la double identit\u00e9 : professeur des<br>\u00e9coles le jour et auteur jeunesse la nuit (et le reste du temps o\u00f9 je ne suis pas en classe) !                                                                                                                                             Mes \u00e9l\u00e8ves sont souvent les premiers cobayes de mes \u00e9crits. Ma classe est mon \u201claboratoire secret\u201d.<br>Litt\u00e9rature, p\u00e9dagogie et arts sont des th\u00e9matiques fr\u00e9quentes dans mes livres, pour les enfants de 3 \u00e0 14 ans.<\/h2>\n\n\n\n<h2 class=\"wp-block-heading\" style=\"font-size:14px\"><br>Derni\u00e8re parution : Titre : Grive<\/h2>\n\n\n\n<h2 class=\"wp-block-heading\" style=\"font-size:14px\">\u00c9diteur : Les Petites Moustaches            Ann\u00e9e : 2025<\/h2>\n\n\n\n<h2 class=\"wp-block-heading\" style=\"font-size:14px\"><\/h2>\n<\/div><\/div>\n\n\n<style>.wp-block-kadence-advancedheading.kt-adv-heading75_abb23f-49, .wp-block-kadence-advancedheading.kt-adv-heading75_abb23f-49[data-kb-block=\"kb-adv-heading75_abb23f-49\"]{font-size:var(--global-kb-font-size-md, 1.25rem);font-style:normal;}.wp-block-kadence-advancedheading.kt-adv-heading75_abb23f-49 mark.kt-highlight, .wp-block-kadence-advancedheading.kt-adv-heading75_abb23f-49[data-kb-block=\"kb-adv-heading75_abb23f-49\"] mark.kt-highlight{font-style:normal;color:#f76a0c;-webkit-box-decoration-break:clone;box-decoration-break:clone;padding-top:0px;padding-right:0px;padding-bottom:0px;padding-left:0px;}.wp-block-kadence-advancedheading.kt-adv-heading75_abb23f-49 img.kb-inline-image, .wp-block-kadence-advancedheading.kt-adv-heading75_abb23f-49[data-kb-block=\"kb-adv-heading75_abb23f-49\"] img.kb-inline-image{width:150px;vertical-align:baseline;}<\/style>\n<h2 class=\"kt-adv-heading75_abb23f-49 wp-block-kadence-advancedheading\" data-kb-block=\"kb-adv-heading75_abb23f-49\"><strong>Songe Jean <\/strong><\/h2>\n\n\n\n<div class=\"wp-block-media-text is-stacked-on-mobile\" style=\"grid-template-columns:30% auto\"><figure class=\"wp-block-media-text__media\"><img loading=\"lazy\" decoding=\"async\" width=\"407\" height=\"421\" src=\"https:\/\/lecturepourtous.net\/wp-content\/uploads\/2026\/04\/Songe-Bourg-Yannick.png\" alt=\"\" class=\"wp-image-348 size-full\" srcset=\"https:\/\/lecturepourtous.net\/wp-content\/uploads\/2026\/04\/Songe-Bourg-Yannick.png 407w, https:\/\/lecturepourtous.net\/wp-content\/uploads\/2026\/04\/Songe-Bourg-Yannick-290x300.png 290w\" sizes=\"auto, (max-width: 407px) 100vw, 407px\" \/><\/figure><div class=\"wp-block-media-text__content\">\n<p><\/p>\n\n\n\n<p><\/p>\n\n\n\n<p><\/p>\n\n\n\n<h2 class=\"wp-block-heading\" style=\"font-size:14px\">Sous le nom de Jean Songe, Yannick bourg repr\u00e9sente la maison d&rsquo;\u00e9dition ind\u00e9pendante n\u00e9e en mai 2025 et bas\u00e9e \u00e0 Moissac (82200).                                Dipl\u00f4m\u00e9 d&rsquo;arts graphiques de l&rsquo;\u00c9cole Sup\u00e9rieure des Arts Graphiques Duperr\u00e9. Dans les ann\u00e9es 80, il publie, comme sc\u00e9nariste du dessinateur Philippe Huger, deux albums de bandes dessin\u00e9es ( En chaleur, Le grand r\u00eave am\u00e9ricain) et devient \u00e9ditorialiste de Penthouse.                                                                                           Il co-fonde avec David Dufresne la revue ( culte) Combo ! et la maison d&rsquo;\u00e9dition Black Mony, devient journaliste ind\u00e9pendant ( Le jour, Lib\u00e9ration magazine, Nova Mag, Photo, Calibre 38, Rage, les Inrokuptibles, France 3&#8230;Lecteur \u00e0 la S\u00e9rie Noire\/La Noire, Gallimard, 1995\/ 1996 ) puis il publie trois romans noirs : La danse du psychopompe, Les potes de la perception, \u00c9rection : pi\u00e8ge \u00e0 cons .                           Depuis la fin des ann\u00e9es 90, sous le nom de Jean Songe, il se consacre \u00e0 plein temps \u00e0 l&rsquo;\u00e9criture.                                                                                                                  Apr\u00e8s deux romans noirs ( Tout (ce que je sais) vient du noir; La voix des maisons ) et trois r\u00e9cits d&rsquo;intervention civique ( Ma vie atomique; Sodexo la goulonne; A l&rsquo;ombre d&rsquo;Oulreau ), il ne compte pas en rester l\u00e0 comme \u00e9crivain et replonge dans l&rsquo;underground comme \u00e9diteur.                                <\/h2>\n\n\n\n<h2 class=\"wp-block-heading\" style=\"font-size:14px\"> Derni\u00e8re parution: Titre : DS tangos pour Maradona <\/h2>\n\n\n\n<h2 class=\"wp-block-heading\" style=\"font-size:14px\">\u00c9diteur: La Culott\u00e9e           Ann\u00e9e 2025<\/h2>\n\n\n\n<p style=\"font-size:14px\"><\/p>\n\n\n\n<p><\/p>\n\n\n\n<p style=\"font-size:14px\"><\/p>\n<\/div><\/div>\n\n\n<style>.wp-block-kadence-advancedheading.kt-adv-heading75_369e12-84, .wp-block-kadence-advancedheading.kt-adv-heading75_369e12-84[data-kb-block=\"kb-adv-heading75_369e12-84\"]{font-size:var(--global-kb-font-size-md, 1.25rem);font-style:normal;}.wp-block-kadence-advancedheading.kt-adv-heading75_369e12-84 mark.kt-highlight, .wp-block-kadence-advancedheading.kt-adv-heading75_369e12-84[data-kb-block=\"kb-adv-heading75_369e12-84\"] mark.kt-highlight{font-style:normal;color:#f76a0c;-webkit-box-decoration-break:clone;box-decoration-break:clone;padding-top:0px;padding-right:0px;padding-bottom:0px;padding-left:0px;}.wp-block-kadence-advancedheading.kt-adv-heading75_369e12-84 img.kb-inline-image, .wp-block-kadence-advancedheading.kt-adv-heading75_369e12-84[data-kb-block=\"kb-adv-heading75_369e12-84\"] img.kb-inline-image{width:150px;vertical-align:baseline;}<\/style>\n<h2 class=\"kt-adv-heading75_369e12-84 wp-block-kadence-advancedheading\" data-kb-block=\"kb-adv-heading75_369e12-84\"><strong>Souli\u00e9 Fran\u00e7ois-Henri<\/strong><\/h2>\n\n\n\n<div class=\"wp-block-media-text is-stacked-on-mobile\" style=\"grid-template-columns:30% auto\"><figure class=\"wp-block-media-text__media\"><img loading=\"lazy\" decoding=\"async\" width=\"202\" height=\"209\" src=\"https:\/\/lecturepourtous.net\/wp-content\/uploads\/2026\/04\/Soulie-Francois-Henri.png\" alt=\"\" class=\"wp-image-349 size-full\"\/><\/figure><div class=\"wp-block-media-text__content\">\n<h2 class=\"wp-block-heading\" style=\"font-size:14px\"><\/h2>\n\n\n\n<h2 class=\"wp-block-heading\" style=\"font-size:14px\">Derni\u00e8re parution : Titre : Une citadelle en enfer \u00c9diteur : 10\/18 Ann\u00e9e 2025<\/h2>\n<\/div><\/div>\n\n\n<style>.wp-block-kadence-advancedheading.kt-adv-heading75_630394-2c, .wp-block-kadence-advancedheading.kt-adv-heading75_630394-2c[data-kb-block=\"kb-adv-heading75_630394-2c\"]{font-size:var(--global-kb-font-size-md, 1.25rem);font-style:normal;}.wp-block-kadence-advancedheading.kt-adv-heading75_630394-2c mark.kt-highlight, .wp-block-kadence-advancedheading.kt-adv-heading75_630394-2c[data-kb-block=\"kb-adv-heading75_630394-2c\"] mark.kt-highlight{font-style:normal;color:#f76a0c;-webkit-box-decoration-break:clone;box-decoration-break:clone;padding-top:0px;padding-right:0px;padding-bottom:0px;padding-left:0px;}.wp-block-kadence-advancedheading.kt-adv-heading75_630394-2c img.kb-inline-image, .wp-block-kadence-advancedheading.kt-adv-heading75_630394-2c[data-kb-block=\"kb-adv-heading75_630394-2c\"] img.kb-inline-image{width:150px;vertical-align:baseline;}<\/style>\n<h2 class=\"kt-adv-heading75_630394-2c wp-block-kadence-advancedheading\" data-kb-block=\"kb-adv-heading75_630394-2c\">Thiers Cyrille<\/h2>\n\n\n\n<div class=\"wp-block-media-text is-stacked-on-mobile\" style=\"grid-template-columns:30% auto\"><figure class=\"wp-block-media-text__media\"><img loading=\"lazy\" decoding=\"async\" width=\"717\" height=\"742\" src=\"https:\/\/lecturepourtous.net\/wp-content\/uploads\/2026\/04\/Thiers-Cyrille.png\" alt=\"\" class=\"wp-image-350 size-full\" srcset=\"https:\/\/lecturepourtous.net\/wp-content\/uploads\/2026\/04\/Thiers-Cyrille.png 717w, https:\/\/lecturepourtous.net\/wp-content\/uploads\/2026\/04\/Thiers-Cyrille-290x300.png 290w\" sizes=\"auto, (max-width: 717px) 100vw, 717px\" \/><\/figure><div class=\"wp-block-media-text__content\">\n<h2 class=\"wp-block-heading\" style=\"font-size:14px\">Ing\u00e9nieur en a\u00e9ronautique chez un c\u00e9l\u00e8bre avionneur de la r\u00e9gion, Cyrille Thiers \u00e9tait d\u00e9j\u00e0 presque cinquantenaire quand il a publi\u00e9 son premier ouvrage, un recueil de nouvelles noires et polici\u00e8res, intitul\u00e9  \u00ab\u00a0On a toute la vie pour mourir\u00a0\u00bb (janvier 2019).                                                                                                                      L&rsquo;accueil tr\u00e8s encourageant qu&rsquo;il a re\u00e7u \u00e0 sa sortie l&rsquo;a incit\u00e9 \u00e0 passer au roman.       Le succ\u00e8s de \u00ab\u00a0La m\u00e9moire de l&rsquo;art\u00a0\u00bb (2021), une enqu\u00eate \u00e0 suspense dans le monde des mus\u00e9es et des grands ma\u00eetres de la peinture appelait une suite qui est sortie fin 2023 :  \u00ab\u00a0La porte des lions\u00a0\u00bb.                                                                                                La s\u00e9rie va se cl\u00f4turer par un troisi\u00e8me et dernier tome \u00ab\u00a0Le scarab\u00e9e d&rsquo;or\u00a0\u00bb dont la sortie est pr\u00e9vue juste avant le salon.                                                                                          A noter que \u00a0\u00bb La m\u00e9moire de l&rsquo;art\u00a0\u00bb a \u00e9t\u00e9 finaliste 2021 des Plumes Francophones     ( sur plus de 1200 participants), Grand Prix 2021 de la ville de Lons et Livre d&rsquo;Or au salon de Saint-Papoul 2023.                                            <\/h2>\n\n\n\n<h2 class=\"wp-block-heading\" style=\"font-size:14px\">Derni\u00e8re parution : Titre : La m\u00e9moire de l&rsquo;art T3- Le scarab\u00e9e d&rsquo;or  <\/h2>\n\n\n\n<h2 class=\"wp-block-heading\" style=\"font-size:14px\"> \u00c9diteur: Auto\u00e9dition              Ann\u00e9e 2026<\/h2>\n\n\n\n<p><\/p>\n<\/div><\/div>\n\n\n<style>.wp-block-kadence-advancedheading.kt-adv-heading75_215b8c-02, .wp-block-kadence-advancedheading.kt-adv-heading75_215b8c-02[data-kb-block=\"kb-adv-heading75_215b8c-02\"]{font-size:var(--global-kb-font-size-md, 1.25rem);font-style:normal;}.wp-block-kadence-advancedheading.kt-adv-heading75_215b8c-02 mark.kt-highlight, .wp-block-kadence-advancedheading.kt-adv-heading75_215b8c-02[data-kb-block=\"kb-adv-heading75_215b8c-02\"] mark.kt-highlight{font-style:normal;color:#f76a0c;-webkit-box-decoration-break:clone;box-decoration-break:clone;padding-top:0px;padding-right:0px;padding-bottom:0px;padding-left:0px;}.wp-block-kadence-advancedheading.kt-adv-heading75_215b8c-02 img.kb-inline-image, .wp-block-kadence-advancedheading.kt-adv-heading75_215b8c-02[data-kb-block=\"kb-adv-heading75_215b8c-02\"] img.kb-inline-image{width:150px;vertical-align:baseline;}<\/style>\n<h2 class=\"kt-adv-heading75_215b8c-02 wp-block-kadence-advancedheading\" data-kb-block=\"kb-adv-heading75_215b8c-02\"><strong>Treyborac<\/strong> Louisa<\/h2>\n\n\n\n<div class=\"wp-block-media-text is-stacked-on-mobile\" style=\"grid-template-columns:30% auto\"><figure class=\"wp-block-media-text__media\"><img loading=\"lazy\" decoding=\"async\" width=\"289\" height=\"299\" src=\"https:\/\/lecturepourtous.net\/wp-content\/uploads\/2026\/04\/Treyborac-Bartolo-Louisa-Isabelle.png\" alt=\"\" class=\"wp-image-351 size-full\"\/><\/figure><div class=\"wp-block-media-text__content\">\n<h2 class=\"wp-block-heading\" style=\"font-size:14px\">Enseignante en maternelle et polyglotte nourrie d&rsquo;expatriation, h\u00e9riti\u00e8re de trois g\u00e9n\u00e9rations de libraires, \u00e9diteurs, Louisa Treyborac poursuit la transmission d&rsquo;histoires.                                                                                                                                      D&rsquo;o\u00f9 une bibliographie vari\u00e9e : romans dystopiques, fantastiques, burlesques ou romances douces.                                                                                                                       Elle a \u00e9galement publi\u00e9 des contes ou nouvelles en recueils collectifs ou presse jeunesse.                                                                                                                  <\/h2>\n\n\n\n<h2 class=\"wp-block-heading\" style=\"font-size:14px\">Derni\u00e8re parution : Titre : Faux semblants et vrai huis clos en terre c\u00e9venole<\/h2>\n\n\n\n<h2 class=\"wp-block-heading\" style=\"font-size:14px\">\u00c9diteur : BOD        Ann\u00e9e 2025<\/h2>\n<\/div><\/div>\n\n\n<style>.wp-block-kadence-advancedheading.kt-adv-heading75_46044f-a1, .wp-block-kadence-advancedheading.kt-adv-heading75_46044f-a1[data-kb-block=\"kb-adv-heading75_46044f-a1\"]{font-size:var(--global-kb-font-size-md, 1.25rem);font-style:normal;}.wp-block-kadence-advancedheading.kt-adv-heading75_46044f-a1 mark.kt-highlight, .wp-block-kadence-advancedheading.kt-adv-heading75_46044f-a1[data-kb-block=\"kb-adv-heading75_46044f-a1\"] mark.kt-highlight{font-style:normal;color:#f76a0c;-webkit-box-decoration-break:clone;box-decoration-break:clone;padding-top:0px;padding-right:0px;padding-bottom:0px;padding-left:0px;}.wp-block-kadence-advancedheading.kt-adv-heading75_46044f-a1 img.kb-inline-image, .wp-block-kadence-advancedheading.kt-adv-heading75_46044f-a1[data-kb-block=\"kb-adv-heading75_46044f-a1\"] img.kb-inline-image{width:150px;vertical-align:baseline;}<\/style>\n<h2 class=\"kt-adv-heading75_46044f-a1 wp-block-kadence-advancedheading\" data-kb-block=\"kb-adv-heading75_46044f-a1\"><strong>Vaissi\u00e8re Jean-Fran\u00e7ois<\/strong><\/h2>\n\n\n\n<div class=\"wp-block-media-text is-stacked-on-mobile\" style=\"grid-template-columns:30% auto\"><figure class=\"wp-block-media-text__media\"><img loading=\"lazy\" decoding=\"async\" width=\"483\" height=\"499\" src=\"https:\/\/lecturepourtous.net\/wp-content\/uploads\/2026\/04\/Vaissieres-Jean-Francois.png\" alt=\"\" class=\"wp-image-352 size-full\" srcset=\"https:\/\/lecturepourtous.net\/wp-content\/uploads\/2026\/04\/Vaissieres-Jean-Francois.png 483w, https:\/\/lecturepourtous.net\/wp-content\/uploads\/2026\/04\/Vaissieres-Jean-Francois-290x300.png 290w\" sizes=\"auto, (max-width: 483px) 100vw, 483px\" \/><\/figure><div class=\"wp-block-media-text__content\">\n<h2 class=\"wp-block-heading\" style=\"font-size:14px\">Jean-Fran\u00e7ois Vaissi\u00e8re vit \u00e0 Toulouse.                                                                                   Sa carri\u00e8re radio, RFM &amp; Europe 2, s\u2019est doubl\u00e9e d\u2019une collaboration, comme critique musical, avec le magazine Rock &amp; Folk et la D\u00e9p\u00eache du Midi.           Depuis 2018 il a publi\u00e9 plusieurs ouvrages (roman, nouvelles, polar) et<br>remport\u00e9 plusieurs prix litt\u00e9raires : Prix du Roman 2022 des Gourmets de Lettres, plac\u00e9s sous l&rsquo;\u00e9gide de l&rsquo;Acad\u00e9mie des Jeux Floraux de Toulouse, ainsi que le Prix du Roman du salon du livre de Saint Lys pour son roman \u00a0\u00bb Ne pas briser le cercle\u00a0\u00bb.  Son recueil de nouvelles \u00ab C\u2019est la vie ! \u00bb a \u00e9t\u00e9 r\u00e9compens\u00e9 par le Prix Coup de C\u0153ur 2024 du Festival du livre de Sainte-Foy-de-Peyroli\u00e8res et le prix de la nouvelle 2025 des Arts Litt\u00e9raires.                                                                                       Auteur-compositeur interpr\u00e8te, sous le pseudo de Jefferson Noizet, il a commis, cinq albums salu\u00e9s par la critique pour leur authenticit\u00e9 et leur attachement \u00e0 la chanson fran\u00e7aise.<br><br>Derni\u00e8re parution :  Meurtres \u00e0 Toulouse : vengeances tardives<\/h2>\n\n\n\n<h2 class=\"wp-block-heading\" style=\"font-size:14px\">\u00c9dition : La Geste                   Ann\u00e9e 2026<br><\/h2>\n<\/div><\/div>\n\n\n<style>.wp-block-kadence-advancedheading.kt-adv-heading75_e6aab8-d4, .wp-block-kadence-advancedheading.kt-adv-heading75_e6aab8-d4[data-kb-block=\"kb-adv-heading75_e6aab8-d4\"]{font-size:var(--global-kb-font-size-md, 1.25rem);font-style:normal;}.wp-block-kadence-advancedheading.kt-adv-heading75_e6aab8-d4 mark.kt-highlight, .wp-block-kadence-advancedheading.kt-adv-heading75_e6aab8-d4[data-kb-block=\"kb-adv-heading75_e6aab8-d4\"] mark.kt-highlight{font-style:normal;color:#f76a0c;-webkit-box-decoration-break:clone;box-decoration-break:clone;padding-top:0px;padding-right:0px;padding-bottom:0px;padding-left:0px;}.wp-block-kadence-advancedheading.kt-adv-heading75_e6aab8-d4 img.kb-inline-image, .wp-block-kadence-advancedheading.kt-adv-heading75_e6aab8-d4[data-kb-block=\"kb-adv-heading75_e6aab8-d4\"] img.kb-inline-image{width:150px;vertical-align:baseline;}<\/style>\n<h2 class=\"kt-adv-heading75_e6aab8-d4 wp-block-kadence-advancedheading\" data-kb-block=\"kb-adv-heading75_e6aab8-d4\"><strong>Vasse Christophe<\/strong><\/h2>\n\n\n\n<div class=\"wp-block-media-text is-stacked-on-mobile\" style=\"grid-template-columns:30% auto\"><figure class=\"wp-block-media-text__media\"><img loading=\"lazy\" decoding=\"async\" width=\"145\" height=\"150\" src=\"https:\/\/lecturepourtous.net\/wp-content\/uploads\/2026\/04\/Vasse-Christophe.png\" alt=\"\" class=\"wp-image-353 size-full\"\/><\/figure><div class=\"wp-block-media-text__content\">\n<h2 class=\"wp-block-heading\" style=\"font-size:14px\">Christophe VASSE est n\u00e9 et vit \u00e0 Toulouse.                                                                    Ing\u00e9nieur, il consacre son temps libre \u00e0 l\u2019\u00e9criture.                                                              Il publie son premier roman en 2017 aux \u00e9ditions Nouveaux Auteurs&nbsp;: \u00ab&nbsp;Celle qui ne pleurait jamais&nbsp;\u00bb, qui remporte le Prix du Polar Femme Actuelle la m\u00eame ann\u00e9e. Suivront cinq autres titres, dont \u00ab&nbsp;Celle qui ne pardonnait pas, Prix du Coquelicot Noir 2022, et \u00ab&nbsp;Celles qui sortaient de l\u2019ombre&nbsp;\u00bb, son dernier roman paru aux \u00e9ditions L\u2019Oiseau Noir en juin 2025.                                                                   Auteur de polars et de thrillers, il signe aussi en 2024 un roman de litt\u00e9rature g\u00e9n\u00e9rale, \u00ab&nbsp;L\u2019enfant qui apprenait \u00e0 nager avec les buffles&nbsp;\u00bb, r\u00e9cit du parcours initiatique d\u2019un jeune cambodgien qui, \u00e0 force de courage et de r\u00e9silience, \u00e9chappera \u00e0 l\u2019enfer des Khmers rouges pour se forger un destin extraordinaire.<\/h2>\n\n\n\n<h2 class=\"wp-block-heading\" style=\"font-size:14px\"><strong>Derni\u00e8re parution&nbsp;: <\/strong>Celles qui sortaient de l\u2019ombre&nbsp;&nbsp;&nbsp;&nbsp;&nbsp;&nbsp;&nbsp;&nbsp;&nbsp;&nbsp;&nbsp;&nbsp;&nbsp;&nbsp;&nbsp;&nbsp;&nbsp;&nbsp;&nbsp;&nbsp;&nbsp;&nbsp; <\/h2>\n\n\n\n<h2 class=\"wp-block-heading\" style=\"font-size:14px\"><strong>\u00c9diteur&nbsp;:<\/strong> L\u2019oiseau noir&nbsp;&nbsp;&nbsp;&nbsp;&nbsp;&nbsp;&nbsp;&nbsp;&nbsp;&nbsp;&nbsp;&nbsp;&nbsp; <strong>Ann\u00e9e<\/strong>&nbsp;: 2025<\/h2>\n<\/div><\/div>\n\n\n<style>.wp-block-kadence-advancedheading.kt-adv-heading75_374c09-93, .wp-block-kadence-advancedheading.kt-adv-heading75_374c09-93[data-kb-block=\"kb-adv-heading75_374c09-93\"]{text-align:center;font-style:normal;}.wp-block-kadence-advancedheading.kt-adv-heading75_374c09-93 mark.kt-highlight, .wp-block-kadence-advancedheading.kt-adv-heading75_374c09-93[data-kb-block=\"kb-adv-heading75_374c09-93\"] mark.kt-highlight{font-style:normal;color:#f76a0c;-webkit-box-decoration-break:clone;box-decoration-break:clone;padding-top:0px;padding-right:0px;padding-bottom:0px;padding-left:0px;}.wp-block-kadence-advancedheading.kt-adv-heading75_374c09-93 img.kb-inline-image, .wp-block-kadence-advancedheading.kt-adv-heading75_374c09-93[data-kb-block=\"kb-adv-heading75_374c09-93\"] img.kb-inline-image{width:150px;vertical-align:baseline;}<\/style>\n<h2 class=\"kt-adv-heading75_374c09-93 wp-block-kadence-advancedheading\" data-kb-block=\"kb-adv-heading75_374c09-93\">Animation lors du Salon du Livre 2026<\/h2>\n\n\n\n<div class=\"wp-block-media-text is-stacked-on-mobile\" style=\"grid-template-columns:30% auto\"><figure class=\"wp-block-media-text__media\"><img loading=\"lazy\" decoding=\"async\" width=\"751\" height=\"997\" src=\"https:\/\/lecturepourtous.net\/wp-content\/uploads\/2026\/04\/TartemPion.png\" alt=\"\" class=\"wp-image-433 size-full\" srcset=\"https:\/\/lecturepourtous.net\/wp-content\/uploads\/2026\/04\/TartemPion.png 751w, https:\/\/lecturepourtous.net\/wp-content\/uploads\/2026\/04\/TartemPion-226x300.png 226w\" sizes=\"auto, (max-width: 751px) 100vw, 751px\" \/><\/figure><div class=\"wp-block-media-text__content\">\n<h2 class=\"wp-block-heading\" style=\"font-size:14px\">Marc Zulian , Pr\u00e9sident de l&rsquo;association Tartem&rsquo;Pion<\/h2>\n\n\n\n<h2 class=\"wp-block-heading alignwide\" style=\"font-size:14px\">L\u2019association Tartem\u2019Pion regroupe des amateurs de jeux de soci\u00e9t\u00e9 de Castelsarrasin et alentours.                                                                                                       Fid\u00e8le \u00e0 l\u2019esprit du salon, elle vous pr\u00e9sentera ses jeux en lien avec les livres et la litt\u00e9rature. Venez jouer avec les Fr\u00e8res Grimm ou jongler avec les mots\u00a0!<\/h2>\n<\/div><\/div>\n\n\n\n<h2 class=\"wp-block-heading has-text-align-center\" style=\"font-size:36px\">Salon du livre 2025<\/h2>\n\n\n<style>.kb-row-layout-id75_2c8705-a7 > .kt-row-column-wrap{align-content:start;}:where(.kb-row-layout-id75_2c8705-a7 > .kt-row-column-wrap) > .wp-block-kadence-column{justify-content:start;}.kb-row-layout-id75_2c8705-a7 > .kt-row-column-wrap{column-gap:var(--global-kb-gap-md, 2rem);row-gap:var(--global-kb-gap-md, 2rem);max-width:800px;margin-left:auto;margin-right:auto;padding-top:var(--global-kb-spacing-xxl, 5rem);padding-bottom:var(--global-kb-spacing-xxl, 5rem);grid-template-columns:minmax(0, 1fr);}.kb-row-layout-id75_2c8705-a7 > .kt-row-layout-overlay{opacity:0.30;}@media all and (max-width: 1024px){.kb-row-layout-id75_2c8705-a7 > .kt-row-column-wrap{grid-template-columns:minmax(0, 1fr);}}@media all and (max-width: 767px){.kb-row-layout-id75_2c8705-a7 > .kt-row-column-wrap{grid-template-columns:minmax(0, 1fr);}}<\/style><div class=\"kb-row-layout-wrap kb-row-layout-id75_2c8705-a7 alignfull has-theme-palette8-background-color kt-row-has-bg wp-block-kadence-rowlayout\"><div class=\"kt-row-column-wrap kt-has-1-columns kt-row-layout-equal kt-tab-layout-inherit kt-mobile-layout-row kt-row-valign-top\">\n<style>.kadence-column75_5fda96-cd > .kt-inside-inner-col,.kadence-column75_5fda96-cd > .kt-inside-inner-col:before{border-top-left-radius:0px;border-top-right-radius:0px;border-bottom-right-radius:0px;border-bottom-left-radius:0px;}.kadence-column75_5fda96-cd > .kt-inside-inner-col{column-gap:var(--global-kb-gap-sm, 1rem);}.kadence-column75_5fda96-cd > .kt-inside-inner-col{flex-direction:column;}.kadence-column75_5fda96-cd > .kt-inside-inner-col > .aligncenter{width:100%;}.kadence-column75_5fda96-cd > .kt-inside-inner-col:before{opacity:0.3;}.kadence-column75_5fda96-cd{position:relative;}@media all and (max-width: 1024px){.kadence-column75_5fda96-cd > .kt-inside-inner-col{flex-direction:column;justify-content:center;}}@media all and (max-width: 767px){.kadence-column75_5fda96-cd > .kt-inside-inner-col{flex-direction:column;justify-content:center;}}<\/style>\n<div class=\"wp-block-kadence-column kadence-column75_5fda96-cd\"><div class=\"kt-inside-inner-col\">\n<figure class=\"wp-block-image size-full\"><img loading=\"lazy\" decoding=\"async\" width=\"564\" height=\"798\" src=\"https:\/\/lecturepourtous.net\/wp-content\/uploads\/2025\/11\/Page-1.png\" alt=\"\" class=\"wp-image-306\" srcset=\"https:\/\/lecturepourtous.net\/wp-content\/uploads\/2025\/11\/Page-1.png 564w, https:\/\/lecturepourtous.net\/wp-content\/uploads\/2025\/11\/Page-1-212x300.png 212w\" sizes=\"auto, (max-width: 564px) 100vw, 564px\" \/><\/figure>\n\n\n\n<figure class=\"wp-block-image size-full\"><img loading=\"lazy\" decoding=\"async\" width=\"566\" height=\"796\" src=\"https:\/\/lecturepourtous.net\/wp-content\/uploads\/2025\/11\/Page-2.png\" alt=\"\" class=\"wp-image-307\" srcset=\"https:\/\/lecturepourtous.net\/wp-content\/uploads\/2025\/11\/Page-2.png 566w, https:\/\/lecturepourtous.net\/wp-content\/uploads\/2025\/11\/Page-2-213x300.png 213w\" sizes=\"auto, (max-width: 566px) 100vw, 566px\" \/><\/figure>\n\n\n\n<figure class=\"wp-block-image size-full\"><img loading=\"lazy\" decoding=\"async\" width=\"564\" height=\"798\" src=\"https:\/\/lecturepourtous.net\/wp-content\/uploads\/2025\/11\/Page-3.png\" alt=\"\" class=\"wp-image-308\" srcset=\"https:\/\/lecturepourtous.net\/wp-content\/uploads\/2025\/11\/Page-3.png 564w, https:\/\/lecturepourtous.net\/wp-content\/uploads\/2025\/11\/Page-3-212x300.png 212w\" sizes=\"auto, (max-width: 564px) 100vw, 564px\" \/><\/figure>\n\n\n\n<figure class=\"wp-block-image size-full\"><img loading=\"lazy\" decoding=\"async\" width=\"564\" height=\"799\" src=\"https:\/\/lecturepourtous.net\/wp-content\/uploads\/2025\/11\/Page-4.png\" alt=\"\" class=\"wp-image-309\" srcset=\"https:\/\/lecturepourtous.net\/wp-content\/uploads\/2025\/11\/Page-4.png 564w, https:\/\/lecturepourtous.net\/wp-content\/uploads\/2025\/11\/Page-4-212x300.png 212w\" sizes=\"auto, (max-width: 564px) 100vw, 564px\" \/><\/figure>\n\n\n\n<figure class=\"wp-block-image size-full\"><img loading=\"lazy\" decoding=\"async\" width=\"565\" height=\"796\" src=\"https:\/\/lecturepourtous.net\/wp-content\/uploads\/2025\/11\/Page-5.png\" alt=\"\" class=\"wp-image-310\" srcset=\"https:\/\/lecturepourtous.net\/wp-content\/uploads\/2025\/11\/Page-5.png 565w, https:\/\/lecturepourtous.net\/wp-content\/uploads\/2025\/11\/Page-5-213x300.png 213w\" sizes=\"auto, (max-width: 565px) 100vw, 565px\" \/><\/figure>\n\n\n\n<figure class=\"wp-block-image size-full\"><img loading=\"lazy\" decoding=\"async\" width=\"563\" height=\"797\" src=\"https:\/\/lecturepourtous.net\/wp-content\/uploads\/2025\/11\/Page-6.png\" alt=\"\" class=\"wp-image-311\" srcset=\"https:\/\/lecturepourtous.net\/wp-content\/uploads\/2025\/11\/Page-6.png 563w, https:\/\/lecturepourtous.net\/wp-content\/uploads\/2025\/11\/Page-6-212x300.png 212w\" sizes=\"auto, (max-width: 563px) 100vw, 563px\" \/><\/figure>\n\n\n\n<figure class=\"wp-block-image size-full\"><img loading=\"lazy\" decoding=\"async\" width=\"566\" height=\"798\" src=\"https:\/\/lecturepourtous.net\/wp-content\/uploads\/2025\/11\/Page-7.png\" alt=\"\" class=\"wp-image-312\" srcset=\"https:\/\/lecturepourtous.net\/wp-content\/uploads\/2025\/11\/Page-7.png 566w, https:\/\/lecturepourtous.net\/wp-content\/uploads\/2025\/11\/Page-7-213x300.png 213w\" sizes=\"auto, (max-width: 566px) 100vw, 566px\" \/><\/figure>\n\n\n\n<figure class=\"wp-block-image size-full\"><img loading=\"lazy\" decoding=\"async\" width=\"564\" height=\"798\" src=\"https:\/\/lecturepourtous.net\/wp-content\/uploads\/2025\/11\/Page-8.png\" alt=\"\" class=\"wp-image-313\" srcset=\"https:\/\/lecturepourtous.net\/wp-content\/uploads\/2025\/11\/Page-8.png 564w, https:\/\/lecturepourtous.net\/wp-content\/uploads\/2025\/11\/Page-8-212x300.png 212w\" sizes=\"auto, (max-width: 564px) 100vw, 564px\" \/><\/figure>\n\n\n\n<figure class=\"wp-block-image size-full\"><img loading=\"lazy\" decoding=\"async\" width=\"563\" height=\"796\" src=\"https:\/\/lecturepourtous.net\/wp-content\/uploads\/2025\/11\/Page-9.png\" alt=\"\" class=\"wp-image-314\" srcset=\"https:\/\/lecturepourtous.net\/wp-content\/uploads\/2025\/11\/Page-9.png 563w, https:\/\/lecturepourtous.net\/wp-content\/uploads\/2025\/11\/Page-9-212x300.png 212w\" sizes=\"auto, (max-width: 563px) 100vw, 563px\" \/><\/figure>\n\n\n\n<figure class=\"wp-block-image size-full\"><img loading=\"lazy\" decoding=\"async\" width=\"561\" height=\"797\" src=\"https:\/\/lecturepourtous.net\/wp-content\/uploads\/2025\/11\/Page-10.png\" alt=\"\" class=\"wp-image-315\" srcset=\"https:\/\/lecturepourtous.net\/wp-content\/uploads\/2025\/11\/Page-10.png 561w, https:\/\/lecturepourtous.net\/wp-content\/uploads\/2025\/11\/Page-10-211x300.png 211w\" sizes=\"auto, (max-width: 561px) 100vw, 561px\" \/><\/figure>\n\n\n\n<figure class=\"wp-block-image size-full\"><img loading=\"lazy\" decoding=\"async\" width=\"562\" height=\"797\" src=\"https:\/\/lecturepourtous.net\/wp-content\/uploads\/2025\/11\/Page-11.png\" alt=\"\" class=\"wp-image-316\" srcset=\"https:\/\/lecturepourtous.net\/wp-content\/uploads\/2025\/11\/Page-11.png 562w, https:\/\/lecturepourtous.net\/wp-content\/uploads\/2025\/11\/Page-11-212x300.png 212w\" sizes=\"auto, (max-width: 562px) 100vw, 562px\" \/><\/figure>\n<\/div><\/div>\n\n<\/div><\/div>\n\n<style>.wp-block-kadence-advancedheading.kt-adv-heading75_ac9372-3b, .wp-block-kadence-advancedheading.kt-adv-heading75_ac9372-3b[data-kb-block=\"kb-adv-heading75_ac9372-3b\"]{text-align:center;font-style:normal;}.wp-block-kadence-advancedheading.kt-adv-heading75_ac9372-3b mark.kt-highlight, .wp-block-kadence-advancedheading.kt-adv-heading75_ac9372-3b[data-kb-block=\"kb-adv-heading75_ac9372-3b\"] mark.kt-highlight{font-style:normal;color:#f76a0c;-webkit-box-decoration-break:clone;box-decoration-break:clone;padding-top:0px;padding-right:0px;padding-bottom:0px;padding-left:0px;}.wp-block-kadence-advancedheading.kt-adv-heading75_ac9372-3b img.kb-inline-image, .wp-block-kadence-advancedheading.kt-adv-heading75_ac9372-3b[data-kb-block=\"kb-adv-heading75_ac9372-3b\"] img.kb-inline-image{width:150px;vertical-align:baseline;}<\/style>\n<h2 class=\"kt-adv-heading75_ac9372-3b wp-block-kadence-advancedheading\" data-kb-block=\"kb-adv-heading75_ac9372-3b\">Auteurs invit\u00e9s au Salon du livre du 16 novembre 2025<\/h2>\n\n\n<style>.wp-block-kadence-advancedheading.kt-adv-heading75_e01c4b-4e, .wp-block-kadence-advancedheading.kt-adv-heading75_e01c4b-4e[data-kb-block=\"kb-adv-heading75_e01c4b-4e\"]{font-size:var(--global-kb-font-size-md, 1.25rem);font-style:normal;}.wp-block-kadence-advancedheading.kt-adv-heading75_e01c4b-4e mark.kt-highlight, .wp-block-kadence-advancedheading.kt-adv-heading75_e01c4b-4e[data-kb-block=\"kb-adv-heading75_e01c4b-4e\"] mark.kt-highlight{font-style:normal;color:#f76a0c;-webkit-box-decoration-break:clone;box-decoration-break:clone;padding-top:0px;padding-right:0px;padding-bottom:0px;padding-left:0px;}.wp-block-kadence-advancedheading.kt-adv-heading75_e01c4b-4e img.kb-inline-image, .wp-block-kadence-advancedheading.kt-adv-heading75_e01c4b-4e[data-kb-block=\"kb-adv-heading75_e01c4b-4e\"] img.kb-inline-image{width:150px;vertical-align:baseline;}<\/style>\n<h2 class=\"kt-adv-heading75_e01c4b-4e wp-block-kadence-advancedheading\" data-kb-block=\"kb-adv-heading75_e01c4b-4e\">Acide Jovial-Biadala Marie-Elisabeth<\/h2>\n\n\n\n<div class=\"wp-block-group\"><div class=\"wp-block-group__inner-container is-layout-constrained wp-block-group-is-layout-constrained\">\n<div class=\"wp-block-media-text is-stacked-on-mobile\" style=\"grid-template-columns:18% auto\"><figure class=\"wp-block-media-text__media\"><img loading=\"lazy\" decoding=\"async\" width=\"169\" height=\"174\" src=\"https:\/\/lecturepourtous.net\/wp-content\/uploads\/2025\/09\/Acide-jovial-Biadala-Marie-Elisabeth.png\" alt=\"\" class=\"wp-image-168 size-full\"\/><\/figure><div class=\"wp-block-media-text__content\">\n<h2 class=\"wp-block-heading\" style=\"font-size:14px\"><strong>Apr\u00e8s une formation au conservatoire d\u2019art dramatique \u00e0 Clermont-Ferrand dans les ann\u00e9es 80, je suis devenue costumi\u00e8re pour des ateliers parisiens, comme le Moulin Rouge ou l\u2019Op\u00e9ra de Paris au Palais Garnier. Parall\u00e8lement, j\u2019ai cr\u00e9\u00e9 ma premi\u00e8re troupe amateur en Seine et Marne pour laquelle, tr\u00e8s t\u00f4t, je me suis d\u00e9cid\u00e9e \u00e0 \u00e9crire sketchs et com\u00e9dies.<br>Arriv\u00e9e en r\u00e9gion toulousaine dans les ann\u00e9es 90, j\u2019ai alors cr\u00e9\u00e9 une nouvelle association de th\u00e9\u00e2tre amateur qui, \u00e0 ce jour, se porte bien et accueille toutes les tranches d\u2019\u00e2ges et tous les profils avec joie. J\u2019ai donn\u00e9 des cours d\u2019initiation th\u00e9\u00e2tre dans les \u00e9coles primaires et maternelles.  Depuis les ann\u00e9es 2010 je m\u2019accorde le plaisir d\u2019\u00e9crire des polars, puis, naturellement, mon esprit analytique me pousse au gr\u00e9 de ses envies.<\/strong><\/h2>\n\n\n\n<p><\/p>\n<\/div><\/div>\n<\/div><\/div>\n\n\n\n<h2 class=\"wp-block-heading\" style=\"font-size:20px\">Ast\u00e9ria<\/h2>\n\n\n\n<div class=\"wp-block-columns is-layout-flex wp-container-core-columns-is-layout-9d6595d7 wp-block-columns-is-layout-flex\">\n<div class=\"wp-block-column is-layout-flow wp-block-column-is-layout-flow\" style=\"flex-basis:20%\">\n<figure class=\"wp-block-image\"><img loading=\"lazy\" decoding=\"async\" width=\"990\" height=\"1024\" src=\"https:\/\/lecturepourtous.net\/wp-content\/uploads\/2025\/11\/Asteria-2-990x1024.png\" alt=\"\" class=\"wp-image-271\" srcset=\"https:\/\/lecturepourtous.net\/wp-content\/uploads\/2025\/11\/Asteria-2-990x1024.png 990w, https:\/\/lecturepourtous.net\/wp-content\/uploads\/2025\/11\/Asteria-2-290x300.png 290w, https:\/\/lecturepourtous.net\/wp-content\/uploads\/2025\/11\/Asteria-2-768x794.png 768w, https:\/\/lecturepourtous.net\/wp-content\/uploads\/2025\/11\/Asteria-2.png 1034w\" sizes=\"auto, (max-width: 990px) 100vw, 990px\" \/><\/figure>\n<\/div>\n\n\n\n<div class=\"wp-block-column is-layout-flow wp-block-column-is-layout-flow\" style=\"flex-basis:80%\"><style>.wp-block-kadence-advancedheading.kt-adv-heading75_7edb9e-7c, .wp-block-kadence-advancedheading.kt-adv-heading75_7edb9e-7c[data-kb-block=\"kb-adv-heading75_7edb9e-7c\"]{font-size:var(--global-kb-font-size-sm, 0.9rem);font-style:normal;}.wp-block-kadence-advancedheading.kt-adv-heading75_7edb9e-7c mark.kt-highlight, .wp-block-kadence-advancedheading.kt-adv-heading75_7edb9e-7c[data-kb-block=\"kb-adv-heading75_7edb9e-7c\"] mark.kt-highlight{font-style:normal;color:#f76a0c;-webkit-box-decoration-break:clone;box-decoration-break:clone;padding-top:0px;padding-right:0px;padding-bottom:0px;padding-left:0px;}.wp-block-kadence-advancedheading.kt-adv-heading75_7edb9e-7c img.kb-inline-image, .wp-block-kadence-advancedheading.kt-adv-heading75_7edb9e-7c[data-kb-block=\"kb-adv-heading75_7edb9e-7c\"] img.kb-inline-image{width:150px;vertical-align:baseline;}<\/style>\n<p class=\"kt-adv-heading75_7edb9e-7c wp-block-kadence-advancedheading\" data-kb-block=\"kb-adv-heading75_7edb9e-7c\"><strong>Mon nom de plume est Ast\u00e9ria. Cela fait maintenant pr\u00e8s de douze ans que j\u2019\u00e9cris contes et roman pour une jeunesse encore curieuse et r\u00eaveuse. Jeune artiste touche-\u00e0-tout, je suis \u00e0 la fois autrice et cr\u00e9atrice de BD hebdomadaire sur Instagram. Ma sp\u00e9cialit\u00e9: dessiner des personnages color\u00e9s et&nbsp;expressifs!<\/strong><br>&nbsp;<\/p>\n<\/div>\n<\/div>\n\n\n<style>.wp-block-kadence-advancedheading.kt-adv-heading75_f5595d-3d, .wp-block-kadence-advancedheading.kt-adv-heading75_f5595d-3d[data-kb-block=\"kb-adv-heading75_f5595d-3d\"]{font-size:var(--global-kb-font-size-md, 1.25rem);font-style:normal;}.wp-block-kadence-advancedheading.kt-adv-heading75_f5595d-3d mark.kt-highlight, .wp-block-kadence-advancedheading.kt-adv-heading75_f5595d-3d[data-kb-block=\"kb-adv-heading75_f5595d-3d\"] mark.kt-highlight{font-style:normal;color:#f76a0c;-webkit-box-decoration-break:clone;box-decoration-break:clone;padding-top:0px;padding-right:0px;padding-bottom:0px;padding-left:0px;}.wp-block-kadence-advancedheading.kt-adv-heading75_f5595d-3d img.kb-inline-image, .wp-block-kadence-advancedheading.kt-adv-heading75_f5595d-3d[data-kb-block=\"kb-adv-heading75_f5595d-3d\"] img.kb-inline-image{width:150px;vertical-align:baseline;}<\/style>\n<h2 class=\"kt-adv-heading75_f5595d-3d wp-block-kadence-advancedheading\" data-kb-block=\"kb-adv-heading75_f5595d-3d\">Bachmann Fran\u00e7oise<\/h2>\n\n\n\n<div class=\"wp-block-media-text is-stacked-on-mobile\" style=\"grid-template-columns:19% auto\"><figure class=\"wp-block-media-text__media\"><img loading=\"lazy\" decoding=\"async\" width=\"190\" height=\"197\" src=\"https:\/\/lecturepourtous.net\/wp-content\/uploads\/2025\/09\/Bachmann-Francoise.png\" alt=\"\" class=\"wp-image-169 size-full\"\/><\/figure><div class=\"wp-block-media-text__content\">\n<h2 class=\"wp-block-heading\" style=\"font-size:14px\">Captiv\u00e9e par le roman policier, Fran\u00e7oise Bachmann cr\u00e9e son univers en \u00e9laborant des \u00e9nigmes autour de personnages attachants. Avec minutie, elle choisit un lieu, un \u00e9difice, un objet, une figure c\u00e9l\u00e8bre pour ciseler une histoire o\u00f9 se c\u00f4toient le myst\u00e8re, le raisonnement et les comportements humains. De quoi r\u00e9unir d\u00e9couverte et divertissement pour stimuler la curiosit\u00e9 du lecteur.<\/h2>\n<\/div><\/div>\n\n\n<style>.wp-block-kadence-advancedheading.kt-adv-heading75_bc0298-27, .wp-block-kadence-advancedheading.kt-adv-heading75_bc0298-27[data-kb-block=\"kb-adv-heading75_bc0298-27\"]{font-size:var(--global-kb-font-size-md, 1.25rem);font-style:normal;}.wp-block-kadence-advancedheading.kt-adv-heading75_bc0298-27 mark.kt-highlight, .wp-block-kadence-advancedheading.kt-adv-heading75_bc0298-27[data-kb-block=\"kb-adv-heading75_bc0298-27\"] mark.kt-highlight{font-style:normal;color:#f76a0c;-webkit-box-decoration-break:clone;box-decoration-break:clone;padding-top:0px;padding-right:0px;padding-bottom:0px;padding-left:0px;}.wp-block-kadence-advancedheading.kt-adv-heading75_bc0298-27 img.kb-inline-image, .wp-block-kadence-advancedheading.kt-adv-heading75_bc0298-27[data-kb-block=\"kb-adv-heading75_bc0298-27\"] img.kb-inline-image{width:150px;vertical-align:baseline;}<\/style>\n<h2 class=\"kt-adv-heading75_bc0298-27 wp-block-kadence-advancedheading\" data-kb-block=\"kb-adv-heading75_bc0298-27\">Berth\u00e8s Colette<\/h2>\n\n\n\n<div class=\"wp-block-media-text is-stacked-on-mobile\" style=\"grid-template-columns:19% auto\"><figure class=\"wp-block-media-text__media\"><img loading=\"lazy\" decoding=\"async\" width=\"211\" height=\"218\" src=\"https:\/\/lecturepourtous.net\/wp-content\/uploads\/2025\/09\/Berthes-Colette.png\" alt=\"\" class=\"wp-image-171 size-full\"\/><\/figure><div class=\"wp-block-media-text__content\">\n<h2 class=\"wp-block-heading\" style=\"font-size:14px\">J&rsquo;\u00e9cris depuis toujours. J&rsquo;ai publi\u00e9 depuis vingt cinq ans une douzaine d&rsquo;ouvrages et particip\u00e9 \u00e0 des ouvrages collectifs : Romans, essai, conte, r\u00e9cits, articles de journaux..et maintenant un polar.<\/h2>\n<\/div><\/div>\n\n\n<style>.wp-block-kadence-advancedheading.kt-adv-heading75_cd980c-bb, .wp-block-kadence-advancedheading.kt-adv-heading75_cd980c-bb[data-kb-block=\"kb-adv-heading75_cd980c-bb\"]{font-size:var(--global-kb-font-size-md, 1.25rem);font-style:normal;}.wp-block-kadence-advancedheading.kt-adv-heading75_cd980c-bb mark.kt-highlight, .wp-block-kadence-advancedheading.kt-adv-heading75_cd980c-bb[data-kb-block=\"kb-adv-heading75_cd980c-bb\"] mark.kt-highlight{font-style:normal;color:#f76a0c;-webkit-box-decoration-break:clone;box-decoration-break:clone;padding-top:0px;padding-right:0px;padding-bottom:0px;padding-left:0px;}.wp-block-kadence-advancedheading.kt-adv-heading75_cd980c-bb img.kb-inline-image, .wp-block-kadence-advancedheading.kt-adv-heading75_cd980c-bb[data-kb-block=\"kb-adv-heading75_cd980c-bb\"] img.kb-inline-image{width:150px;vertical-align:baseline;}<\/style>\n<h2 class=\"kt-adv-heading75_cd980c-bb wp-block-kadence-advancedheading\" data-kb-block=\"kb-adv-heading75_cd980c-bb\">Badoc Maxime<\/h2>\n\n\n\n<div class=\"wp-block-media-text is-stacked-on-mobile\" style=\"grid-template-columns:19% auto\"><figure class=\"wp-block-media-text__media\"><img loading=\"lazy\" decoding=\"async\" width=\"181\" height=\"187\" src=\"https:\/\/lecturepourtous.net\/wp-content\/uploads\/2025\/09\/Badoc-Maxime.png\" alt=\"\" class=\"wp-image-170 size-full\"\/><\/figure><div class=\"wp-block-media-text__content\">\n<h2 class=\"wp-block-heading has-small-font-size\"><strong>N\u00e9 en 1990, Maxime se montre cr\u00e9atif depuis le berceau, passant son enfance \u00e0 griffonner des centaines de pages de bandes dessin\u00e9es. Il d\u00e9couvre Bram Stoker, Alexandre Dumas et Ren\u00e9 Barjavel, autant d\u2019auteurs qui l\u2019accompagnent lors d\u2019une d\u00e9cennie pass\u00e9e entre voyages et diff\u00e9rents m\u00e9tiers, gardant toujours un carnet de notes pr\u00e8s de lui afin d\u2019\u00e9toffer un univers qu\u2019il \u00e9labore m\u00e9thodiquement.                                                                                                                    En 2023, il publie son premier roman, La M\u00e9canique des \u00c9checs.                                          Aujourd\u2019hui, Maxime vit \u00e0 Toulouse, partageant son temps entre balade en nature, concoction de produits du terroir et l\u2019\u00e9criture de ses deux prochains romans<\/strong><\/h2>\n<\/div><\/div>\n\n\n<style>.wp-block-kadence-advancedheading.kt-adv-heading75_0501d6-0f, .wp-block-kadence-advancedheading.kt-adv-heading75_0501d6-0f[data-kb-block=\"kb-adv-heading75_0501d6-0f\"]{font-size:var(--global-kb-font-size-md, 1.25rem);font-style:normal;}.wp-block-kadence-advancedheading.kt-adv-heading75_0501d6-0f mark.kt-highlight, .wp-block-kadence-advancedheading.kt-adv-heading75_0501d6-0f[data-kb-block=\"kb-adv-heading75_0501d6-0f\"] mark.kt-highlight{font-style:normal;color:#f76a0c;-webkit-box-decoration-break:clone;box-decoration-break:clone;padding-top:0px;padding-right:0px;padding-bottom:0px;padding-left:0px;}.wp-block-kadence-advancedheading.kt-adv-heading75_0501d6-0f img.kb-inline-image, .wp-block-kadence-advancedheading.kt-adv-heading75_0501d6-0f[data-kb-block=\"kb-adv-heading75_0501d6-0f\"] img.kb-inline-image{width:150px;vertical-align:baseline;}<\/style>\n<h2 class=\"kt-adv-heading75_0501d6-0f wp-block-kadence-advancedheading\" data-kb-block=\"kb-adv-heading75_0501d6-0f\"><strong>Bocquet Jean-Pierre<\/strong><\/h2>\n\n\n\n<div class=\"wp-block-media-text is-stacked-on-mobile\" style=\"grid-template-columns:19% auto\"><figure class=\"wp-block-media-text__media\"><img loading=\"lazy\" decoding=\"async\" width=\"160\" height=\"165\" src=\"https:\/\/lecturepourtous.net\/wp-content\/uploads\/2025\/09\/Bocquet-Jean-Pierre.png\" alt=\"\" class=\"wp-image-172 size-full\"\/><\/figure><div class=\"wp-block-media-text__content\">\n<h2 class=\"wp-block-heading has-small-font-size\">Il<strong>&nbsp;habite T\u00e9teghem, pr\u00e8s de Dunkerque. Professeur agr\u00e9g\u00e9 de lettres, il a effectu\u00e9 sa carri\u00e8re du coll\u00e8ge \u00e0 l&rsquo;Universit\u00e9, en formation initiale et continue.                                                                    Sa vingtaine d\u2019ouvrages publi\u00e9s (romans et recueils po\u00e9tiques,) n\u2019est que la partie visible de ce jardin secret qu\u2019il cultive au jour le jour, riche de pens\u00e9es et d\u2019aphorismes, de billets d\u2019humeur, d\u2019\u00e9crits de circonstance.                                                                                                              Si toute langue est une vision du monde, et si lire \u00e9mancipe, Jean-Pierre BOCQUET ne d\u00e9sesp\u00e8re pas de contribuer \u00e0 sa mani\u00e8re, f\u00fbt-ce modestement, \u00e0 la d\u00e9fense et illustration de la langue fran\u00e7aise.<\/strong><\/h2>\n<\/div><\/div>\n\n\n<style>.wp-block-kadence-advancedheading.kt-adv-heading75_1c9f13-eb, .wp-block-kadence-advancedheading.kt-adv-heading75_1c9f13-eb[data-kb-block=\"kb-adv-heading75_1c9f13-eb\"]{text-align:left;font-size:var(--global-kb-font-size-md, 1.25rem);font-style:normal;}.wp-block-kadence-advancedheading.kt-adv-heading75_1c9f13-eb mark.kt-highlight, .wp-block-kadence-advancedheading.kt-adv-heading75_1c9f13-eb[data-kb-block=\"kb-adv-heading75_1c9f13-eb\"] mark.kt-highlight{font-style:normal;color:#f76a0c;-webkit-box-decoration-break:clone;box-decoration-break:clone;padding-top:0px;padding-right:0px;padding-bottom:0px;padding-left:0px;}.wp-block-kadence-advancedheading.kt-adv-heading75_1c9f13-eb img.kb-inline-image, .wp-block-kadence-advancedheading.kt-adv-heading75_1c9f13-eb[data-kb-block=\"kb-adv-heading75_1c9f13-eb\"] img.kb-inline-image{width:150px;vertical-align:baseline;}<\/style>\n<h2 class=\"kt-adv-heading75_1c9f13-eb wp-block-kadence-advancedheading\" data-kb-block=\"kb-adv-heading75_1c9f13-eb\"><strong>Candat Claudine<\/strong><\/h2>\n\n\n\n<div class=\"wp-block-media-text alignwide is-stacked-on-mobile\" style=\"grid-template-columns:19% auto\"><figure class=\"wp-block-media-text__media\"><img loading=\"lazy\" decoding=\"async\" width=\"229\" height=\"237\" src=\"https:\/\/lecturepourtous.net\/wp-content\/uploads\/2025\/09\/Candat-Claudine.png\" alt=\"\" class=\"wp-image-173 size-full\"\/><\/figure><div class=\"wp-block-media-text__content\">\n<h2 class=\"wp-block-heading\" style=\"font-size:14px\">Toulousaine et germaniste, Claudine Candat s\u00e9journe \u00e0 Stuttgart et \u00e0 Vienne o\u00f9 elle s\u2019impr\u00e8gne du romantisme et du fantastique allemands. Nouvelliste, romanci\u00e8re et po\u00e8te, son inspiration est \u00e9clectique.                                                                                              Son thriller,<em>&nbsp;ELwig de l\u2019Auberge Froide<\/em>, est n\u00e9 d\u2019un p\u00e9riple qui l\u2019a men\u00e9e \u00e0 v\u00e9lo jusqu\u2019en Ukraine. Son premier cri d&nbsp;\u2018artiste : une po\u00e9sie lyrique.                                                                L\u2019humour : un autre versant de son \u00e9criture.<em><strong> Lisbonne avait raison<\/strong><\/em> correspond \u00e0 sa part espagnole.                                                                                                                                                 Elle se d\u00e9voile au fil de son blog : https:\/\/claudine-candat-romanciere.blogspot.com\/<br>&nbsp;<\/h2>\n<\/div><\/div>\n\n\n<style>.wp-block-kadence-advancedheading.kt-adv-heading75_0e41a5-5d, .wp-block-kadence-advancedheading.kt-adv-heading75_0e41a5-5d[data-kb-block=\"kb-adv-heading75_0e41a5-5d\"]{font-size:var(--global-kb-font-size-md, 1.25rem);font-style:normal;}.wp-block-kadence-advancedheading.kt-adv-heading75_0e41a5-5d mark.kt-highlight, .wp-block-kadence-advancedheading.kt-adv-heading75_0e41a5-5d[data-kb-block=\"kb-adv-heading75_0e41a5-5d\"] mark.kt-highlight{font-style:normal;color:#f76a0c;-webkit-box-decoration-break:clone;box-decoration-break:clone;padding-top:0px;padding-right:0px;padding-bottom:0px;padding-left:0px;}.wp-block-kadence-advancedheading.kt-adv-heading75_0e41a5-5d img.kb-inline-image, .wp-block-kadence-advancedheading.kt-adv-heading75_0e41a5-5d[data-kb-block=\"kb-adv-heading75_0e41a5-5d\"] img.kb-inline-image{width:150px;vertical-align:baseline;}<\/style>\n<h2 class=\"kt-adv-heading75_0e41a5-5d wp-block-kadence-advancedheading\" data-kb-block=\"kb-adv-heading75_0e41a5-5d\">Cazeaux Bernard<\/h2>\n\n\n\n<div class=\"wp-block-media-text is-stacked-on-mobile\" style=\"grid-template-columns:20% auto\"><figure class=\"wp-block-media-text__media\"><img loading=\"lazy\" decoding=\"async\" width=\"990\" height=\"1024\" src=\"https:\/\/lecturepourtous.net\/wp-content\/uploads\/2025\/09\/Cazeaux-Bernard-990x1024.png\" alt=\"\" class=\"wp-image-175 size-full\" srcset=\"https:\/\/lecturepourtous.net\/wp-content\/uploads\/2025\/09\/Cazeaux-Bernard-990x1024.png 990w, https:\/\/lecturepourtous.net\/wp-content\/uploads\/2025\/09\/Cazeaux-Bernard-290x300.png 290w, https:\/\/lecturepourtous.net\/wp-content\/uploads\/2025\/09\/Cazeaux-Bernard-768x794.png 768w, https:\/\/lecturepourtous.net\/wp-content\/uploads\/2025\/09\/Cazeaux-Bernard-1485x1536.png 1485w, https:\/\/lecturepourtous.net\/wp-content\/uploads\/2025\/09\/Cazeaux-Bernard.png 1550w\" sizes=\"auto, (max-width: 990px) 100vw, 990px\" \/><\/figure><div class=\"wp-block-media-text__content\">\n<h2 class=\"wp-block-heading has-small-font-size\"><strong>Apr\u00e8s une carri\u00e8re professionnelle dans diff\u00e9rents secteurs, Bernard Cazeaux est devenu enseignant ; une exp\u00e9rience enrichissante qui lui a beaucoup apport\u00e9.                              Depuis plus de trente ans, il \u00e9crit des romans qui explorent des facettes diff\u00e9rentes de la noirceur humaine. Tout en donnant libre cours \u00e0 son imagination, il apporte un soin particulier au caract\u00e8re et \u00e0 la complexit\u00e9 de chacun des personnages.                           Aujourd&rsquo;hui il consacre son temps \u00e0 l&rsquo;\u00e9criture. Il a \u00e9t\u00e9 finaliste en 2023 et 2024 du Prix de l&#8217;embouchure, avec ses deux romans, <em>Toulouse en rouge et noir<\/em>, et, <em>Toulouse les pr\u00e9dictions d&rsquo;un tueur<\/em><\/strong><\/h2>\n<\/div><\/div>\n\n\n<style>.wp-block-kadence-advancedheading.kt-adv-heading75_24d114-51, .wp-block-kadence-advancedheading.kt-adv-heading75_24d114-51[data-kb-block=\"kb-adv-heading75_24d114-51\"]{font-size:var(--global-kb-font-size-md, 1.25rem);font-style:normal;}.wp-block-kadence-advancedheading.kt-adv-heading75_24d114-51 mark.kt-highlight, .wp-block-kadence-advancedheading.kt-adv-heading75_24d114-51[data-kb-block=\"kb-adv-heading75_24d114-51\"] mark.kt-highlight{font-style:normal;color:#f76a0c;-webkit-box-decoration-break:clone;box-decoration-break:clone;padding-top:0px;padding-right:0px;padding-bottom:0px;padding-left:0px;}.wp-block-kadence-advancedheading.kt-adv-heading75_24d114-51 img.kb-inline-image, .wp-block-kadence-advancedheading.kt-adv-heading75_24d114-51[data-kb-block=\"kb-adv-heading75_24d114-51\"] img.kb-inline-image{width:150px;vertical-align:baseline;}<\/style>\n<h2 class=\"kt-adv-heading75_24d114-51 wp-block-kadence-advancedheading\" data-kb-block=\"kb-adv-heading75_24d114-51\">Ch\u00e9reau Patrick<\/h2>\n\n\n\n<div class=\"wp-block-media-text is-stacked-on-mobile\" style=\"grid-template-columns:21% auto\"><figure class=\"wp-block-media-text__media\"><img loading=\"lazy\" decoding=\"async\" width=\"905\" height=\"935\" src=\"https:\/\/lecturepourtous.net\/wp-content\/uploads\/2025\/09\/Chereau-Patrick.png\" alt=\"\" class=\"wp-image-176 size-full\" srcset=\"https:\/\/lecturepourtous.net\/wp-content\/uploads\/2025\/09\/Chereau-Patrick.png 905w, https:\/\/lecturepourtous.net\/wp-content\/uploads\/2025\/09\/Chereau-Patrick-290x300.png 290w, https:\/\/lecturepourtous.net\/wp-content\/uploads\/2025\/09\/Chereau-Patrick-768x793.png 768w\" sizes=\"auto, (max-width: 905px) 100vw, 905px\" \/><\/figure><div class=\"wp-block-media-text__content\">\n<div class=\"wp-block-columns is-layout-flex wp-container-core-columns-is-layout-9d6595d7 wp-block-columns-is-layout-flex\">\n<div class=\"wp-block-column is-layout-flow wp-block-column-is-layout-flow\" style=\"flex-basis:100%\">\n<h2 class=\"wp-block-heading\" style=\"font-size:14px\">\u00c9crivain de proximit\u00e9, en circuit court et en biodynamie &#8230; Je me revendique de l&rsquo;intelligence Authentique&#8230;                                                                                                             Auteur de trois romans policiers dont l&rsquo;un a obtenu le grand prix du roman des Gourmets des lettres, d&rsquo;un recueil de nouvelles dont l&rsquo;une a \u00e9t\u00e9 traduite en languedocien,d&rsquo;un recueil de th\u00e9\u00e2tre.                                                                                         Ma derni\u00e8re cr\u00e9ation en avril 2025 est un roman historique au XIXe si\u00e8cle.<\/h2>\n<\/div>\n<\/div>\n<\/div><\/div>\n\n\n<style>.wp-block-kadence-advancedheading.kt-adv-heading75_141db9-91, .wp-block-kadence-advancedheading.kt-adv-heading75_141db9-91[data-kb-block=\"kb-adv-heading75_141db9-91\"]{font-size:var(--global-kb-font-size-md, 1.25rem);font-style:normal;}.wp-block-kadence-advancedheading.kt-adv-heading75_141db9-91 mark.kt-highlight, .wp-block-kadence-advancedheading.kt-adv-heading75_141db9-91[data-kb-block=\"kb-adv-heading75_141db9-91\"] mark.kt-highlight{font-style:normal;color:#f76a0c;-webkit-box-decoration-break:clone;box-decoration-break:clone;padding-top:0px;padding-right:0px;padding-bottom:0px;padding-left:0px;}.wp-block-kadence-advancedheading.kt-adv-heading75_141db9-91 img.kb-inline-image, .wp-block-kadence-advancedheading.kt-adv-heading75_141db9-91[data-kb-block=\"kb-adv-heading75_141db9-91\"] img.kb-inline-image{width:150px;vertical-align:baseline;}<\/style>\n<h2 class=\"kt-adv-heading75_141db9-91 wp-block-kadence-advancedheading\" data-kb-block=\"kb-adv-heading75_141db9-91\">Clapat &#8211; Clanet Patrick<\/h2>\n\n\n\n<div class=\"wp-block-media-text is-stacked-on-mobile\" style=\"grid-template-columns:21% auto\"><figure class=\"wp-block-media-text__media\"><img loading=\"lazy\" decoding=\"async\" width=\"425\" height=\"440\" src=\"https:\/\/lecturepourtous.net\/wp-content\/uploads\/2025\/09\/Clapat-Clanet-Patrick.png\" alt=\"\" class=\"wp-image-177 size-full\" srcset=\"https:\/\/lecturepourtous.net\/wp-content\/uploads\/2025\/09\/Clapat-Clanet-Patrick.png 425w, https:\/\/lecturepourtous.net\/wp-content\/uploads\/2025\/09\/Clapat-Clanet-Patrick-290x300.png 290w\" sizes=\"auto, (max-width: 425px) 100vw, 425px\" \/><\/figure><div class=\"wp-block-media-text__content\">\n<h2 class=\"wp-block-heading\" style=\"font-size:14px\">Clapat est l\u2019auteur de la s\u00e9rie de bandes dessin\u00e9es \u00ab L\u2019Extraordinaire aventure d\u2019Alcibiade Didascaux \u00bb. Un curieux h\u00e9ros qui voyage dans le temps pour nous faire d\u00e9couvrir l\u2019Antiquit\u00e9 gr\u00e9co-romaine, l\u2019Egypte ancienne et le Moyen \u00c2ge de mani\u00e8re humoristique. Cette s\u00e9rie a conquis des milliers de lecteurs de tous \u00e2ges. Reconnue par les plus grands sp\u00e9cialistes et conseill\u00e9e par les enseignants, elle est m\u00eame traduite jusqu\u2019en Chine.           Clapat a obtenu le Grand Prix du Public au Festival de la BD de Bassillac. Les albums consacr\u00e9s aux Gaulois ont m\u00eame fait l\u2019objet d\u2019une grande exposition au Mus\u00e9e de la Poste. Clapat est \u00e9galement l\u2019auteur d\u2019ouvrages illustr\u00e9s sur la Mythologie grecque qui seront \u00e9galement pr\u00e9sent\u00e9s sur le Salon du Livre.<\/h2>\n<\/div><\/div>\n\n\n<style>.wp-block-kadence-advancedheading.kt-adv-heading75_7b1716-54, .wp-block-kadence-advancedheading.kt-adv-heading75_7b1716-54[data-kb-block=\"kb-adv-heading75_7b1716-54\"]{font-size:var(--global-kb-font-size-md, 1.25rem);font-style:normal;}.wp-block-kadence-advancedheading.kt-adv-heading75_7b1716-54 mark.kt-highlight, .wp-block-kadence-advancedheading.kt-adv-heading75_7b1716-54[data-kb-block=\"kb-adv-heading75_7b1716-54\"] mark.kt-highlight{font-style:normal;color:#f76a0c;-webkit-box-decoration-break:clone;box-decoration-break:clone;padding-top:0px;padding-right:0px;padding-bottom:0px;padding-left:0px;}.wp-block-kadence-advancedheading.kt-adv-heading75_7b1716-54 img.kb-inline-image, .wp-block-kadence-advancedheading.kt-adv-heading75_7b1716-54[data-kb-block=\"kb-adv-heading75_7b1716-54\"] img.kb-inline-image{width:150px;vertical-align:baseline;}<\/style>\n<h2 class=\"kt-adv-heading75_7b1716-54 wp-block-kadence-advancedheading\" data-kb-block=\"kb-adv-heading75_7b1716-54\">Desgeorge Guillaume<\/h2>\n\n\n\n<div class=\"wp-block-media-text is-stacked-on-mobile\" style=\"grid-template-columns:19% auto\"><figure class=\"wp-block-media-text__media\"><img loading=\"lazy\" decoding=\"async\" width=\"157\" height=\"162\" src=\"https:\/\/lecturepourtous.net\/wp-content\/uploads\/2025\/09\/Desgeorge-Guillaume.png\" alt=\"\" class=\"wp-image-178 size-full\"\/><\/figure><div class=\"wp-block-media-text__content\">\n<h2 class=\"wp-block-heading\" style=\"font-size:14px\">Habitant la banlieue de Toulouse, Guillaume est curieux de tout et tout ce qui l\u2019entoure est pr\u00e9texte \u00e0 d\u00e9marrer une nouvelle histoire.                                                                                                    Il \u00e9crit principalement des dystopies afin d\u2019amener un regard critique sur notre \u00e9poque \u00e0 travers des mondes futuristes, mais aime varier les genres et se retrouver parfois sur des histoires qui sortent de son domaine habituel.&nbsp;<\/h2>\n<\/div><\/div>\n\n\n<style>.wp-block-kadence-advancedheading.kt-adv-heading75_c6565b-6e, .wp-block-kadence-advancedheading.kt-adv-heading75_c6565b-6e[data-kb-block=\"kb-adv-heading75_c6565b-6e\"]{font-size:var(--global-kb-font-size-md, 1.25rem);font-style:normal;}.wp-block-kadence-advancedheading.kt-adv-heading75_c6565b-6e mark.kt-highlight, .wp-block-kadence-advancedheading.kt-adv-heading75_c6565b-6e[data-kb-block=\"kb-adv-heading75_c6565b-6e\"] mark.kt-highlight{font-style:normal;color:#f76a0c;-webkit-box-decoration-break:clone;box-decoration-break:clone;padding-top:0px;padding-right:0px;padding-bottom:0px;padding-left:0px;}.wp-block-kadence-advancedheading.kt-adv-heading75_c6565b-6e img.kb-inline-image, .wp-block-kadence-advancedheading.kt-adv-heading75_c6565b-6e[data-kb-block=\"kb-adv-heading75_c6565b-6e\"] img.kb-inline-image{width:150px;vertical-align:baseline;}<\/style>\n<h2 class=\"kt-adv-heading75_c6565b-6e wp-block-kadence-advancedheading\" data-kb-block=\"kb-adv-heading75_c6565b-6e\">F\u00e9arn Flavie<\/h2>\n\n\n\n<div class=\"wp-block-media-text is-stacked-on-mobile\" style=\"grid-template-columns:20% auto\"><figure class=\"wp-block-media-text__media\"><img loading=\"lazy\" decoding=\"async\" width=\"118\" height=\"122\" src=\"https:\/\/lecturepourtous.net\/wp-content\/uploads\/2025\/09\/Fearn-Flavie.png\" alt=\"\" class=\"wp-image-179 size-full\"\/><\/figure><div class=\"wp-block-media-text__content\">\n<h2 class=\"wp-block-heading\" style=\"font-size:14px\">Flavie Fearn est une autrice ind\u00e9pendante de la r\u00e9gion toulousaine, passionn\u00e9e de lecture et d\u2019\u00e9criture depuis l\u2019\u00e9cole primaire. F\u00e9rue de voyages dans des mondes imaginaires et sur Terre (notamment en Inde et dans la nature), elle \u00e9crit dans les genres du fantastique et de la fantasy.                                                                                                                                                              Elle pr\u00e9sentera sa duologie \u00ab&nbsp;Magic Uchronia&nbsp;\u00bb, un r\u00e9cit de voyages dans le temps f\u00e9ministe pour adolescents, dont le tome 1 a \u00e9t\u00e9 r\u00e9compens\u00e9 par le prix jeunesse 2023 des Gourmets de lettres.                                                                                                                                                              Avec son troisi\u00e8me roman, \u00ab&nbsp;Le bureau de contr\u00f4le des imaginaires&nbsp;\u00bb, Flavie Fearn invitera les lecteurs adultes dans un univers de <em>space fantasy<\/em>, o\u00f9 les pouvoirs de l\u2019imagination sont illimit\u00e9s mais l\u2019\u00e9criture d\u2019histoires dangereuse et prohib\u00e9e.<\/h2>\n<\/div><\/div>\n\n\n\n<h2 class=\"wp-block-heading has-medium-font-size\">Fichtre Paul<\/h2>\n\n\n\n<div class=\"wp-block-media-text is-stacked-on-mobile\" style=\"grid-template-columns:21% auto\"><figure class=\"wp-block-media-text__media\"><img loading=\"lazy\" decoding=\"async\" width=\"193\" height=\"199\" src=\"https:\/\/lecturepourtous.net\/wp-content\/uploads\/2025\/09\/Lyraud-Fichtre-Paul.png\" alt=\"\" class=\"wp-image-185 size-full\"\/><\/figure><div class=\"wp-block-media-text__content\">\n<h2 class=\"wp-block-heading\" style=\"font-size:14px\">Paul Fichtre est un \u00e9crivain discret vivant en Occitanie. D\u2019abord manager professionnel pour le compte de soci\u00e9t\u00e9s sp\u00e9cialis\u00e9es dans le commerce de gros, il dirige ensuite une PME jusqu\u2019\u00e0 ce qu\u2019un probl\u00e8me de sant\u00e9 l\u2019am\u00e8ne \u00e0 r\u00e9fl\u00e9chir sur le sens de sa vie.                             F\u00e9ru de litt\u00e9rature de l\u2019imaginaire, et plus particuli\u00e8rement de science-fiction, Paul Fichtre d\u00e9cide de coucher sur le papier les histoires qui peuplent son imagination.                                 Ce go\u00fbt immod\u00e9r\u00e9 pour la lecture, le cin\u00e9ma de genre, la sc\u00e9narisation de jeux de r\u00f4le et les m\u00e9dias interactifs l\u2019impr\u00e8gne d\u2019une culture geek qui transpara\u00eet dans ses \u00e9crits. Fortement influenc\u00e9 par le cyberpunk et le space opera, Paul Fichtre conjugue ces deux influences dans un spacepunk des plus imaginatif.                                                                                                              Il est l\u2019auteur \u00e0 ce jour de deux romans publi\u00e9s chez Pulp factory ainsi que de plusieurs nouvelles se d\u00e9roulant dans le m\u00eame univers.<\/h2>\n<\/div><\/div>\n\n\n<style>.wp-block-kadence-advancedheading.kt-adv-heading75_bfe250-2f, .wp-block-kadence-advancedheading.kt-adv-heading75_bfe250-2f[data-kb-block=\"kb-adv-heading75_bfe250-2f\"]{font-size:var(--global-kb-font-size-md, 1.25rem);font-style:normal;}.wp-block-kadence-advancedheading.kt-adv-heading75_bfe250-2f mark.kt-highlight, .wp-block-kadence-advancedheading.kt-adv-heading75_bfe250-2f[data-kb-block=\"kb-adv-heading75_bfe250-2f\"] mark.kt-highlight{font-style:normal;color:#f76a0c;-webkit-box-decoration-break:clone;box-decoration-break:clone;padding-top:0px;padding-right:0px;padding-bottom:0px;padding-left:0px;}.wp-block-kadence-advancedheading.kt-adv-heading75_bfe250-2f img.kb-inline-image, .wp-block-kadence-advancedheading.kt-adv-heading75_bfe250-2f[data-kb-block=\"kb-adv-heading75_bfe250-2f\"] img.kb-inline-image{width:150px;vertical-align:baseline;}<\/style>\n<h2 class=\"kt-adv-heading75_bfe250-2f wp-block-kadence-advancedheading\" data-kb-block=\"kb-adv-heading75_bfe250-2f\">Gerdolle Thierry<\/h2>\n\n\n\n<div class=\"wp-block-media-text is-stacked-on-mobile\" style=\"grid-template-columns:21% auto\"><figure class=\"wp-block-media-text__media\"><img loading=\"lazy\" decoding=\"async\" width=\"198\" height=\"206\" src=\"https:\/\/lecturepourtous.net\/wp-content\/uploads\/2025\/09\/Gerdolle-Thierry.png\" alt=\"\" class=\"wp-image-180 size-full\"\/><\/figure><div class=\"wp-block-media-text__content\">\n<div class=\"wp-block-group is-vertical is-layout-flex wp-container-core-group-is-layout-8cf370e7 wp-block-group-is-layout-flex\">\n<h2 class=\"wp-block-heading\" style=\"font-size:14px\">Thierry Gerdolle est un auteur engag\u00e9, dont les \u00e9crits explorent avec sensibilit\u00e9 et profondeur les d\u00e9fis auxquels sont confront\u00e9s les jeunes d&rsquo;aujourd&rsquo;hui. Passionn\u00e9 par la litt\u00e9rature et les questions sociales, il s&rsquo;efforce de cr\u00e9er des r\u00e9cits qui r\u00e9sonnent avec les exp\u00e9riences v\u00e9cues par ses lecteurs, tout en offrant des perspectives nouvelles et inspirantes.<\/h2>\n\n\n\n<h2 class=\"wp-block-heading\" style=\"font-size:14px\">Dans son ouvrage \u00ab\u00a0Si jamais j&rsquo;avais dit\u00a0\u00bb, Thierry Gerdolle aborde le th\u00e8me d\u00e9licat mais crucial du harc\u00e8lement scolaire. \u00c0 travers une narration poignante et des personnages attachants, il plonge le lecteur dans les r\u00e9alit\u00e9s souvent invisibles de ce fl\u00e9au qui touche de nombreux enfants et adolescents. Le roman met en lumi\u00e8re les cons\u00e9quences \u00e9motionnelles et psychologiques du harc\u00e8lement, tout en offrant un message d&rsquo;espoir et de r\u00e9silience.<\/h2>\n<\/div>\n<\/div><\/div>\n\n\n<style>.wp-block-kadence-advancedheading.kt-adv-heading75_c869f8-ee, .wp-block-kadence-advancedheading.kt-adv-heading75_c869f8-ee[data-kb-block=\"kb-adv-heading75_c869f8-ee\"]{font-size:var(--global-kb-font-size-md, 1.25rem);font-style:normal;}.wp-block-kadence-advancedheading.kt-adv-heading75_c869f8-ee mark.kt-highlight, .wp-block-kadence-advancedheading.kt-adv-heading75_c869f8-ee[data-kb-block=\"kb-adv-heading75_c869f8-ee\"] mark.kt-highlight{font-style:normal;color:#f76a0c;-webkit-box-decoration-break:clone;box-decoration-break:clone;padding-top:0px;padding-right:0px;padding-bottom:0px;padding-left:0px;}.wp-block-kadence-advancedheading.kt-adv-heading75_c869f8-ee img.kb-inline-image, .wp-block-kadence-advancedheading.kt-adv-heading75_c869f8-ee[data-kb-block=\"kb-adv-heading75_c869f8-ee\"] img.kb-inline-image{width:150px;vertical-align:baseline;}<\/style>\n<h2 class=\"kt-adv-heading75_c869f8-ee wp-block-kadence-advancedheading\" data-kb-block=\"kb-adv-heading75_c869f8-ee\">Havot Christophe<\/h2>\n\n\n\n<div class=\"wp-block-media-text is-stacked-on-mobile\" style=\"grid-template-columns:22% auto\"><figure class=\"wp-block-media-text__media\"><img loading=\"lazy\" decoding=\"async\" width=\"262\" height=\"271\" src=\"https:\/\/lecturepourtous.net\/wp-content\/uploads\/2025\/09\/Havot-Christophe.png\" alt=\"\" class=\"wp-image-181 size-full\"\/><\/figure><div class=\"wp-block-media-text__content\">\n<h2 class=\"wp-block-heading\" style=\"font-size:14px\"><strong>Je suis principalement \u00e9diteur et je viendrai donc avec les livres de diff\u00e9rents auteurs, et les miens puisque je suis aussi auteur.<\/strong><\/h2>\n\n\n\n<p style=\"font-size:14px\"><strong>Derni\u00e8re parution (\u00e0 date, il devrait y en avoir un ou deux autres avant le salon en novembre)&nbsp;: <em><u>Oscillations \u00e0 l\u2019infini<\/u><\/em> de Emilia Ekholm.<\/strong><\/p>\n\n\n\n<p style=\"font-size:14px\"><strong>Nous \u00e9ditons des romans de litt\u00e9rature blanche.<\/strong>                                                                      <strong>Site internet<\/strong> <strong>de la maison d&rsquo;\u00e9dition :<\/strong> <strong>https:\/\/outsiderland.com\/orpailleur\/<\/strong><\/p>\n<\/div><\/div>\n\n\n<style>.wp-block-kadence-advancedheading.kt-adv-heading75_0f76b4-a3, .wp-block-kadence-advancedheading.kt-adv-heading75_0f76b4-a3[data-kb-block=\"kb-adv-heading75_0f76b4-a3\"]{font-size:var(--global-kb-font-size-md, 1.25rem);font-style:normal;}.wp-block-kadence-advancedheading.kt-adv-heading75_0f76b4-a3 mark.kt-highlight, .wp-block-kadence-advancedheading.kt-adv-heading75_0f76b4-a3[data-kb-block=\"kb-adv-heading75_0f76b4-a3\"] mark.kt-highlight{font-style:normal;color:#f76a0c;-webkit-box-decoration-break:clone;box-decoration-break:clone;padding-top:0px;padding-right:0px;padding-bottom:0px;padding-left:0px;}.wp-block-kadence-advancedheading.kt-adv-heading75_0f76b4-a3 img.kb-inline-image, .wp-block-kadence-advancedheading.kt-adv-heading75_0f76b4-a3[data-kb-block=\"kb-adv-heading75_0f76b4-a3\"] img.kb-inline-image{width:150px;vertical-align:baseline;}<\/style>\n<h2 class=\"kt-adv-heading75_0f76b4-a3 wp-block-kadence-advancedheading\" data-kb-block=\"kb-adv-heading75_0f76b4-a3\">Lacassin Dare Christel<\/h2>\n\n\n\n<div class=\"wp-block-media-text is-stacked-on-mobile\" style=\"grid-template-columns:22% auto\"><figure class=\"wp-block-media-text__media\"><img loading=\"lazy\" decoding=\"async\" width=\"244\" height=\"243\" src=\"https:\/\/lecturepourtous.net\/wp-content\/uploads\/2025\/09\/Lacassin-Dare-Christel.png\" alt=\"\" class=\"wp-image-182 size-full\" srcset=\"https:\/\/lecturepourtous.net\/wp-content\/uploads\/2025\/09\/Lacassin-Dare-Christel.png 244w, https:\/\/lecturepourtous.net\/wp-content\/uploads\/2025\/09\/Lacassin-Dare-Christel-150x150.png 150w\" sizes=\"auto, (max-width: 244px) 100vw, 244px\" \/><\/figure><div class=\"wp-block-media-text__content\">\n<h2 class=\"wp-block-heading\" style=\"font-size:14px\">Auteure de quarante sept ans, n\u00e9e \u00e0 Toulouse, je vis dans le Tarn depuis vingt et un ans. J&rsquo;\u00e9cris depuis l&rsquo;\u00e2ge de treize ans.                                                                                                          Pour moi, l&rsquo;\u00e9criture est une ressource de bienfaits infinis, une \u00e9chappatoire.                                                                                                                        Prisonni\u00e8re d&rsquo;une maladie invisible depuis plusieurs ann\u00e9es, je r\u00e9siste gr\u00e2ce \u00e0 ma plume. On me d\u00e9crit souvent comme forte et courageuse, et beaucoup parleront de r\u00e9silience en \u00e9voquant mon parcours.<\/h2>\n<\/div><\/div>\n\n\n<style>.wp-block-kadence-advancedheading.kt-adv-heading75_faecbf-9f, .wp-block-kadence-advancedheading.kt-adv-heading75_faecbf-9f[data-kb-block=\"kb-adv-heading75_faecbf-9f\"]{font-size:var(--global-kb-font-size-md, 1.25rem);font-style:normal;}.wp-block-kadence-advancedheading.kt-adv-heading75_faecbf-9f mark.kt-highlight, .wp-block-kadence-advancedheading.kt-adv-heading75_faecbf-9f[data-kb-block=\"kb-adv-heading75_faecbf-9f\"] mark.kt-highlight{font-style:normal;color:#f76a0c;-webkit-box-decoration-break:clone;box-decoration-break:clone;padding-top:0px;padding-right:0px;padding-bottom:0px;padding-left:0px;}.wp-block-kadence-advancedheading.kt-adv-heading75_faecbf-9f img.kb-inline-image, .wp-block-kadence-advancedheading.kt-adv-heading75_faecbf-9f[data-kb-block=\"kb-adv-heading75_faecbf-9f\"] img.kb-inline-image{width:150px;vertical-align:baseline;}<\/style>\n<h2 class=\"kt-adv-heading75_faecbf-9f wp-block-kadence-advancedheading\" data-kb-block=\"kb-adv-heading75_faecbf-9f\">Laguille Christian et Chistophe Vallar<\/h2>\n\n\n\n<div class=\"wp-block-media-text is-stacked-on-mobile\" style=\"grid-template-columns:23% auto\"><figure class=\"wp-block-media-text__media\"><img loading=\"lazy\" decoding=\"async\" width=\"492\" height=\"258\" src=\"https:\/\/lecturepourtous.net\/wp-content\/uploads\/2025\/09\/Vallard-et-Laguille.jpg\" alt=\"\" class=\"wp-image-249 size-full\" srcset=\"https:\/\/lecturepourtous.net\/wp-content\/uploads\/2025\/09\/Vallard-et-Laguille.jpg 492w, https:\/\/lecturepourtous.net\/wp-content\/uploads\/2025\/09\/Vallard-et-Laguille-300x157.jpg 300w\" sizes=\"auto, (max-width: 492px) 100vw, 492px\" \/><\/figure><div class=\"wp-block-media-text__content\">\n<h2 class=\"wp-block-heading\" style=\"font-size:14px\">Pr\u00e9sentent leur ouvrage co-\u00e9crit. Christophe Vallar, originaire de Castelsarrasin,  se distingue par sa capacit\u00e9 \u00e0 retranscrire les \u00e9motions et les sensations de mani\u00e8re vivante et po\u00e9tique. Trois ouvrages d\u00e9j\u00e0 parus. Ses r\u00e9cits sont impr\u00e9gn\u00e9s de souvenirs olfactifs et visuels, offrant une immersion dans les paysages et les atmosph\u00e8res de son enfance. Chrisian Laguille est n\u00e9 en 1967 \u00e0 Montauban, enseignant formateur en gestion, correspondant de presse, auteur compositeur interpr\u00e8te. Six ouvrages d\u00e9j\u00e0 parus ( romans et nouvelles). L&rsquo;auteur d\u00e9crit son processus d\u2019\u00e9criture comme une \u00e9coute de ses personnages, bien qu\u2019il reconnaisse que ses \u0153uvres refl\u00e8tent une part de lui-m\u00eame. Il avoue avoir un besoin permanent d\u2019\u00e9crire, une passion qui l\u2019anime depuis longtemps.<\/h2>\n<\/div><\/div>\n\n\n<style>.wp-block-kadence-advancedheading.kt-adv-heading75_3b2b5b-98, .wp-block-kadence-advancedheading.kt-adv-heading75_3b2b5b-98[data-kb-block=\"kb-adv-heading75_3b2b5b-98\"]{font-size:var(--global-kb-font-size-md, 1.25rem);font-style:normal;}.wp-block-kadence-advancedheading.kt-adv-heading75_3b2b5b-98 mark.kt-highlight, .wp-block-kadence-advancedheading.kt-adv-heading75_3b2b5b-98[data-kb-block=\"kb-adv-heading75_3b2b5b-98\"] mark.kt-highlight{font-style:normal;color:#f76a0c;-webkit-box-decoration-break:clone;box-decoration-break:clone;padding-top:0px;padding-right:0px;padding-bottom:0px;padding-left:0px;}.wp-block-kadence-advancedheading.kt-adv-heading75_3b2b5b-98 img.kb-inline-image, .wp-block-kadence-advancedheading.kt-adv-heading75_3b2b5b-98[data-kb-block=\"kb-adv-heading75_3b2b5b-98\"] img.kb-inline-image{width:150px;vertical-align:baseline;}<\/style>\n<h2 class=\"kt-adv-heading75_3b2b5b-98 wp-block-kadence-advancedheading\" data-kb-block=\"kb-adv-heading75_3b2b5b-98\">Linsolas G\u00e9rard<\/h2>\n\n\n\n<div class=\"wp-block-media-text is-stacked-on-mobile\" style=\"grid-template-columns:23% auto\"><figure class=\"wp-block-media-text__media\"><img loading=\"lazy\" decoding=\"async\" width=\"166\" height=\"171\" src=\"https:\/\/lecturepourtous.net\/wp-content\/uploads\/2025\/09\/Linsolas-Gerard.png\" alt=\"\" class=\"wp-image-184 size-full\"\/><\/figure><div class=\"wp-block-media-text__content\">\n<h2 class=\"wp-block-heading\" style=\"font-size:14px\">Titulaire du DESS \u00ab action artistique et politiques culturelles \u00bb de l\u2019IUP Denis Diderot                   de Dijon apr\u00e8s avoir \u00e9t\u00e9 \u00e9l\u00e8ve puis professeur \u00e0 la rue Blanche (ENSATT), G\u00e9rard Linsolas multiplie les exp\u00e9riences th\u00e9\u00e2trales : accessoiriste aux Bouffes-Parisiens, r\u00e9gisseur \u00e0 l\u2019\u00e9cole de mimodrame Marcel Marceau puis au th\u00e9\u00e2tre Antoine, directeur des th\u00e9\u00e2tres de Gagny, Charenton-le-Pont, Bruges, il joue avec Jacqueline Maillan ou Jacques Ardouin, il est assistant-metteur en sc\u00e8ne de Pierre Mondy et G\u00e9rard Vergez, il collabore avec G\u00e9rard Savoisien pour l\u2019\u00e9criture dramatique et met en sc\u00e8ne Franck Desmedt ou Brigitte Lafon. En 2008 il obtient le prix ARDUA et en 2023 le Grand Prix ANRAT pour l\u2019Op\u00e9ration Moli\u00e8re avec son texte \u00ab Le chat de Moli\u00e8re \u00bb. Il est soci\u00e9taire \u00e0 la SACD depuis 2020.<\/h2>\n<\/div><\/div>\n\n\n<style>.wp-block-kadence-advancedheading.kt-adv-heading75_db5ee7-1a, .wp-block-kadence-advancedheading.kt-adv-heading75_db5ee7-1a[data-kb-block=\"kb-adv-heading75_db5ee7-1a\"]{font-size:var(--global-kb-font-size-md, 1.25rem);font-style:normal;}.wp-block-kadence-advancedheading.kt-adv-heading75_db5ee7-1a mark.kt-highlight, .wp-block-kadence-advancedheading.kt-adv-heading75_db5ee7-1a[data-kb-block=\"kb-adv-heading75_db5ee7-1a\"] mark.kt-highlight{font-style:normal;color:#f76a0c;-webkit-box-decoration-break:clone;box-decoration-break:clone;padding-top:0px;padding-right:0px;padding-bottom:0px;padding-left:0px;}.wp-block-kadence-advancedheading.kt-adv-heading75_db5ee7-1a img.kb-inline-image, .wp-block-kadence-advancedheading.kt-adv-heading75_db5ee7-1a[data-kb-block=\"kb-adv-heading75_db5ee7-1a\"] img.kb-inline-image{width:150px;vertical-align:baseline;}<\/style>\n<h2 class=\"kt-adv-heading75_db5ee7-1a wp-block-kadence-advancedheading\" data-kb-block=\"kb-adv-heading75_db5ee7-1a\">Magellan Murielle<\/h2>\n\n\n\n<div class=\"wp-block-media-text is-stacked-on-mobile\" style=\"grid-template-columns:23% auto\"><figure class=\"wp-block-media-text__media\"><img loading=\"lazy\" decoding=\"async\" width=\"244\" height=\"253\" src=\"https:\/\/lecturepourtous.net\/wp-content\/uploads\/2025\/09\/Magellan-Muriel.png\" alt=\"\" class=\"wp-image-186 size-full\"\/><\/figure><div class=\"wp-block-media-text__content\">\n<h2 class=\"wp-block-heading\" style=\"font-size:14px\"><strong>Tous mes livres sont des romans sauf l\u2019Eloge du tennis, qui est un essai litt\u00e9raire.                             Mes livres existent en poche ou grand format. Mon dernier paru sera l\u2019Eloge du Tennis, qui sort le 15\/05\/2025 avant Roland Garros.<\/strong><\/h2>\n<\/div><\/div>\n\n\n<style>.wp-block-kadence-advancedheading.kt-adv-heading75_a0a2cb-33, .wp-block-kadence-advancedheading.kt-adv-heading75_a0a2cb-33[data-kb-block=\"kb-adv-heading75_a0a2cb-33\"]{font-size:var(--global-kb-font-size-md, 1.25rem);font-style:normal;}.wp-block-kadence-advancedheading.kt-adv-heading75_a0a2cb-33 mark.kt-highlight, .wp-block-kadence-advancedheading.kt-adv-heading75_a0a2cb-33[data-kb-block=\"kb-adv-heading75_a0a2cb-33\"] mark.kt-highlight{font-style:normal;color:#f76a0c;-webkit-box-decoration-break:clone;box-decoration-break:clone;padding-top:0px;padding-right:0px;padding-bottom:0px;padding-left:0px;}.wp-block-kadence-advancedheading.kt-adv-heading75_a0a2cb-33 img.kb-inline-image, .wp-block-kadence-advancedheading.kt-adv-heading75_a0a2cb-33[data-kb-block=\"kb-adv-heading75_a0a2cb-33\"] img.kb-inline-image{width:150px;vertical-align:baseline;}<\/style>\n<h2 class=\"kt-adv-heading75_a0a2cb-33 wp-block-kadence-advancedheading\" data-kb-block=\"kb-adv-heading75_a0a2cb-33\">Marty Audrey<\/h2>\n\n\n\n<div class=\"wp-block-media-text is-stacked-on-mobile\" style=\"grid-template-columns:24% auto\"><figure class=\"wp-block-media-text__media\"><img loading=\"lazy\" decoding=\"async\" width=\"293\" height=\"302\" src=\"https:\/\/lecturepourtous.net\/wp-content\/uploads\/2025\/09\/Marty-Audrey.png\" alt=\"\" class=\"wp-image-187 size-full\" srcset=\"https:\/\/lecturepourtous.net\/wp-content\/uploads\/2025\/09\/Marty-Audrey.png 293w, https:\/\/lecturepourtous.net\/wp-content\/uploads\/2025\/09\/Marty-Audrey-291x300.png 291w\" sizes=\"auto, (max-width: 293px) 100vw, 293px\" \/><\/figure><div class=\"wp-block-media-text__content\">\n<h2 class=\"wp-block-heading\" style=\"font-size:14px\">Auteure, biographe, conf\u00e9renci\u00e8re, Audrey Marty \u00e9crit essentiellement des biographies de personnalit\u00e9s oubli\u00e9es et des romans historiques.                                                                 Elle se passionne pour les arts,l&rsquo;histoire et la Belle \u00c9poque, p\u00e9riode qui s&rsquo;\u00e9tend des ann\u00e9es 1870 \u00e0 1914.                                                                                                                                                        A ce jour, elle a publi\u00e9 cinq ouvrages.<\/h2>\n<\/div><\/div>\n\n\n\n<p class=\"has-medium-font-size\"><strong>Moles Jean-Jacques<\/strong><\/p>\n\n\n\n<div class=\"wp-block-media-text is-stacked-on-mobile\" style=\"grid-template-columns:24% auto\"><figure class=\"wp-block-media-text__media\"><img loading=\"lazy\" decoding=\"async\" width=\"426\" height=\"440\" src=\"https:\/\/lecturepourtous.net\/wp-content\/uploads\/2025\/09\/Moles-Jean-Jacques-1.png\" alt=\"\" class=\"wp-image-257 size-full\" srcset=\"https:\/\/lecturepourtous.net\/wp-content\/uploads\/2025\/09\/Moles-Jean-Jacques-1.png 426w, https:\/\/lecturepourtous.net\/wp-content\/uploads\/2025\/09\/Moles-Jean-Jacques-1-290x300.png 290w\" sizes=\"auto, (max-width: 426px) 100vw, 426px\" \/><\/figure><div class=\"wp-block-media-text__content\">\n<h2 class=\"wp-block-heading has-small-font-size\">Enseignant de profession, photographe-voyageur par passion, Jean-Jacques Moles va \u00e0 la rencontre des gens et s\u2019efforce de garder des liens avec ses sujets, de les revoir, pour construire une histoire commune.                                                                                              Ainsi il apprend \u00e0 ralentir son allure pour profiter de l\u2019hospitalit\u00e9 roumaine d\u00e8s la chute du r\u00e9gime en 1990, vit des \u00ab aventures b\u00e9ninoises \u00bb sous le signe d\u2019Amnesty International, s\u2019attache aux campagnards de Vi\u00f1ales \u00e0 l\u2019ouest de Cuba, bourlingue dans le sud \u00e9thiopien, du c\u00f4t\u00e9 de chez Lucy,\u2026                                                                      Quelle que soit sa destination, sa photographie se nourrit de la relation \u00e0 l\u2019autre et de son quotidien.                                                                                                                                          La r\u00e9alisation de tirages argentiques, l\u2019\u00e9dition de livres et les expositions lui permettent de partager ce v\u00e9cu, entre t\u00e9moignage et carnet intime.                                                             Il a ouvert la galerie MON OEIL, blottie au coeur du village de Maubec, en Tarn-et-Garonne.<\/h2>\n<\/div><\/div>\n\n\n<style>.wp-block-kadence-advancedheading.kt-adv-heading75_15b71a-5b, .wp-block-kadence-advancedheading.kt-adv-heading75_15b71a-5b[data-kb-block=\"kb-adv-heading75_15b71a-5b\"]{font-size:var(--global-kb-font-size-md, 1.25rem);font-style:normal;}.wp-block-kadence-advancedheading.kt-adv-heading75_15b71a-5b mark.kt-highlight, .wp-block-kadence-advancedheading.kt-adv-heading75_15b71a-5b[data-kb-block=\"kb-adv-heading75_15b71a-5b\"] mark.kt-highlight{font-style:normal;color:#f76a0c;-webkit-box-decoration-break:clone;box-decoration-break:clone;padding-top:0px;padding-right:0px;padding-bottom:0px;padding-left:0px;}.wp-block-kadence-advancedheading.kt-adv-heading75_15b71a-5b img.kb-inline-image, .wp-block-kadence-advancedheading.kt-adv-heading75_15b71a-5b[data-kb-block=\"kb-adv-heading75_15b71a-5b\"] img.kb-inline-image{width:150px;vertical-align:baseline;}<\/style>\n<h2 class=\"kt-adv-heading75_15b71a-5b wp-block-kadence-advancedheading\" data-kb-block=\"kb-adv-heading75_15b71a-5b\">Muller Alain<\/h2>\n\n\n\n<div class=\"wp-block-media-text is-stacked-on-mobile\" style=\"grid-template-columns:25% auto\"><figure class=\"wp-block-media-text__media\"><img loading=\"lazy\" decoding=\"async\" width=\"145\" height=\"149\" src=\"https:\/\/lecturepourtous.net\/wp-content\/uploads\/2025\/09\/Muller-Alain.png\" alt=\"\" class=\"wp-image-189 size-full\"\/><\/figure><div class=\"wp-block-media-text__content\">\n<h2 class=\"wp-block-heading\" style=\"font-size:14px\">N\u00e9 en 1954, retrait\u00e9 en 2018 ,\u00c9ducateur sp\u00e9cialis\u00e9 \u00e0 Nancy, carri\u00e8re professionnelle dans le secteur m\u00e9dico-social. Responsable pendant 30 ans d\u2019une structure d\u2019accueil pour personnes adultes en situation de handicap.                                                                                                                1986- Cr\u00e9ation de l&rsquo;association ACT 12 \u00e0 Millau( Association pour la cr\u00e9ation th\u00e9\u00e2trale en Aveyron), animation de la compagnie Cr\u00e9ation \u00c9ph\u00e9m\u00e8re avec Philippe Flahaut.               2019- La Nu\u00e9e Bleue,\u00e9diteur \u00e0 Strasbourg, a publi\u00e9 le recueil de mon t\u00e9moignage historique <em>Nous pi\u00e9tinerons le nid d&rsquo;aigle<\/em> .                                                                                     2025-La revue litt\u00e9raire <em>Restes <\/em>a \u00e9dit\u00e9 ma nouvelle: <em>D\u00e9claration universelle des droits de la poule . <\/em>                                                                                                                                        Travaille actuellement sur divers projets d&rsquo;\u00e9criture et de fiction en vue de faciliter l&rsquo;\u00e9ventuelle mise en sc\u00e8ne de ces textes pour le th\u00e9\u00e2tre , ou cr\u00e9er l&rsquo;\u00e9vidence de leur adaptation pour le cin\u00e9ma.                                                  <\/h2>\n<\/div><\/div>\n\n\n<style>.wp-block-kadence-advancedheading.kt-adv-heading75_baf42c-6f, .wp-block-kadence-advancedheading.kt-adv-heading75_baf42c-6f[data-kb-block=\"kb-adv-heading75_baf42c-6f\"]{font-size:var(--global-kb-font-size-md, 1.25rem);font-style:normal;}.wp-block-kadence-advancedheading.kt-adv-heading75_baf42c-6f mark.kt-highlight, .wp-block-kadence-advancedheading.kt-adv-heading75_baf42c-6f[data-kb-block=\"kb-adv-heading75_baf42c-6f\"] mark.kt-highlight{font-style:normal;color:#f76a0c;-webkit-box-decoration-break:clone;box-decoration-break:clone;padding-top:0px;padding-right:0px;padding-bottom:0px;padding-left:0px;}.wp-block-kadence-advancedheading.kt-adv-heading75_baf42c-6f img.kb-inline-image, .wp-block-kadence-advancedheading.kt-adv-heading75_baf42c-6f[data-kb-block=\"kb-adv-heading75_baf42c-6f\"] img.kb-inline-image{width:150px;vertical-align:baseline;}<\/style>\n<h2 class=\"kt-adv-heading75_baf42c-6f wp-block-kadence-advancedheading\" data-kb-block=\"kb-adv-heading75_baf42c-6f\">Muller G\u00e9rard<\/h2>\n\n\n\n<div class=\"wp-block-media-text is-stacked-on-mobile\" style=\"grid-template-columns:25% auto\"><figure class=\"wp-block-media-text__media\"><img loading=\"lazy\" decoding=\"async\" width=\"181\" height=\"187\" src=\"https:\/\/lecturepourtous.net\/wp-content\/uploads\/2025\/09\/Muller-Gerard.png\" alt=\"\" class=\"wp-image-190 size-full\"\/><\/figure><div class=\"wp-block-media-text__content\">\n<h2 class=\"wp-block-heading\" style=\"font-size:14px\">75 ans, ing\u00e9nieur, retrait\u00e9 de l\u2019industrie a\u00e9rospatiale o\u00f9 il r\u00e9alise encore du \u00ab&nbsp;consulting&nbsp;\u00bb pour des PME et des startups,                                                                                                                G\u00e9rard Muller est un vrai passionn\u00e9 de litt\u00e9rature. Il consacre son temps libre \u00e0 l\u2019\u00e9criture de po\u00e9sies et de romans de fiction, en voyageant \u00e0 travers les diff\u00e9rents genres, du polar au roman psychologique.                                                                                                                             Il anime par ailleurs un atelier litt\u00e9raire&nbsp;consacr\u00e9 \u00e0 l\u2019\u00e9criture romanesque (atelier Phil\u00e9mon \u00e0 Toulouse) o\u00f9 il coache de \u00ab&nbsp;jeunes auteurs&nbsp;\u00bb jusqu\u2019\u00e0 l\u2019\u00e9dition de leur premier roman.&nbsp;<\/h2>\n\n\n\n<h2 class=\"wp-block-heading\" style=\"font-size:14px\">Il est membre de la Soci\u00e9t\u00e9 des Po\u00e8tes et Artistes de France, Acad\u00e9micien des livres de Toulouse et Directeur de la collection roman aux \u00c9ditions Un Autre Reg\u2019Art.<\/h2>\n<\/div><\/div>\n\n\n<style>.wp-block-kadence-advancedheading.kt-adv-heading75_c6134b-dd, .wp-block-kadence-advancedheading.kt-adv-heading75_c6134b-dd[data-kb-block=\"kb-adv-heading75_c6134b-dd\"]{font-size:var(--global-kb-font-size-md, 1.25rem);font-style:normal;}.wp-block-kadence-advancedheading.kt-adv-heading75_c6134b-dd mark.kt-highlight, .wp-block-kadence-advancedheading.kt-adv-heading75_c6134b-dd[data-kb-block=\"kb-adv-heading75_c6134b-dd\"] mark.kt-highlight{font-style:normal;color:#f76a0c;-webkit-box-decoration-break:clone;box-decoration-break:clone;padding-top:0px;padding-right:0px;padding-bottom:0px;padding-left:0px;}.wp-block-kadence-advancedheading.kt-adv-heading75_c6134b-dd img.kb-inline-image, .wp-block-kadence-advancedheading.kt-adv-heading75_c6134b-dd[data-kb-block=\"kb-adv-heading75_c6134b-dd\"] img.kb-inline-image{width:150px;vertical-align:baseline;}<\/style>\n<h2 class=\"kt-adv-heading75_c6134b-dd wp-block-kadence-advancedheading\" data-kb-block=\"kb-adv-heading75_c6134b-dd\">Noulet Didier<\/h2>\n\n\n\n<div class=\"wp-block-media-text is-stacked-on-mobile\" style=\"grid-template-columns:25% auto\"><figure class=\"wp-block-media-text__media\"><img loading=\"lazy\" decoding=\"async\" width=\"904\" height=\"935\" src=\"https:\/\/lecturepourtous.net\/wp-content\/uploads\/2025\/09\/Noulet-Didier.png\" alt=\"\" class=\"wp-image-192 size-full\" srcset=\"https:\/\/lecturepourtous.net\/wp-content\/uploads\/2025\/09\/Noulet-Didier.png 904w, https:\/\/lecturepourtous.net\/wp-content\/uploads\/2025\/09\/Noulet-Didier-290x300.png 290w, https:\/\/lecturepourtous.net\/wp-content\/uploads\/2025\/09\/Noulet-Didier-768x794.png 768w\" sizes=\"auto, (max-width: 904px) 100vw, 904px\" \/><\/figure><div class=\"wp-block-media-text__content\">\n<h2 class=\"wp-block-heading\" style=\"font-size:14px\">Ma vie professionnelle m\u2019a conduit dans toutes les r\u00e9gions de France mais c\u2019est dans le Tarn et Garonne que j\u2019ai choisi de m\u2019arr\u00eater. J\u2019\u00e9cris aujourd\u2019hui des romans o\u00f9 je partage avec mes lecteurs ma passion de l\u2019histoire. Mes livres ne se veulent pas \u00e9rudits, bien qu\u2019ils soient le fruit de nombreuses recherches, mais j\u2019esp\u00e8re donner \u00e0 chacun l\u2019envie d\u2019en savoir plus.<\/h2>\n<\/div><\/div>\n\n\n<style>.wp-block-kadence-advancedheading.kt-adv-heading75_4edc9c-28, .wp-block-kadence-advancedheading.kt-adv-heading75_4edc9c-28[data-kb-block=\"kb-adv-heading75_4edc9c-28\"]{font-size:var(--global-kb-font-size-md, 1.25rem);font-style:normal;}.wp-block-kadence-advancedheading.kt-adv-heading75_4edc9c-28 mark.kt-highlight, .wp-block-kadence-advancedheading.kt-adv-heading75_4edc9c-28[data-kb-block=\"kb-adv-heading75_4edc9c-28\"] mark.kt-highlight{font-style:normal;color:#f76a0c;-webkit-box-decoration-break:clone;box-decoration-break:clone;padding-top:0px;padding-right:0px;padding-bottom:0px;padding-left:0px;}.wp-block-kadence-advancedheading.kt-adv-heading75_4edc9c-28 img.kb-inline-image, .wp-block-kadence-advancedheading.kt-adv-heading75_4edc9c-28[data-kb-block=\"kb-adv-heading75_4edc9c-28\"] img.kb-inline-image{width:150px;vertical-align:baseline;}<\/style>\n<h2 class=\"kt-adv-heading75_4edc9c-28 wp-block-kadence-advancedheading\" data-kb-block=\"kb-adv-heading75_4edc9c-28\">Polomski Jo\u00ebl<\/h2>\n\n\n\n<div class=\"wp-block-media-text is-stacked-on-mobile\" style=\"grid-template-columns:25% auto\"><figure class=\"wp-block-media-text__media\"><img loading=\"lazy\" decoding=\"async\" width=\"362\" height=\"374\" src=\"https:\/\/lecturepourtous.net\/wp-content\/uploads\/2025\/09\/Polomski-Joel.png\" alt=\"\" class=\"wp-image-194 size-full\" srcset=\"https:\/\/lecturepourtous.net\/wp-content\/uploads\/2025\/09\/Polomski-Joel.png 362w, https:\/\/lecturepourtous.net\/wp-content\/uploads\/2025\/09\/Polomski-Joel-290x300.png 290w\" sizes=\"auto, (max-width: 362px) 100vw, 362px\" \/><\/figure><div class=\"wp-block-media-text__content\">\n<h2 class=\"wp-block-heading\" style=\"font-size:14px\">Install\u00e9 dans le Lot depuis plusieurs d\u00e9cennies,Jo\u00ebl Polomski puise son inspiration dans le patrimoine l\u00e9gendaire et historique du Quercy.                                                                                           En collaboration avec Fran\u00e7ois-Henri Souli\u00e9 au sc\u00e9nario, il publiera trois albums: \u00ab\u00a0L&rsquo;hiver de l&rsquo;\u00e9l\u00e9phant\u00a0\u00bb, \u00ab\u00a0Montauban 1621\u00a0\u00bb et \u00ab\u00a0La fortune des Sapiac\u00a0\u00bb.                                                                       Il a \u00e9galement mis en image trois sites pr\u00e9historiques de renom, la grotte Chauvet ( L&rsquo;enfant Autre), La grotte de Pech Merle et la grotte Cosquer( La derni\u00e8re femme).<\/h2>\n<\/div><\/div>\n\n\n<style>.wp-block-kadence-advancedheading.kt-adv-heading75_3035a4-ec, .wp-block-kadence-advancedheading.kt-adv-heading75_3035a4-ec[data-kb-block=\"kb-adv-heading75_3035a4-ec\"]{font-size:var(--global-kb-font-size-md, 1.25rem);font-style:normal;}.wp-block-kadence-advancedheading.kt-adv-heading75_3035a4-ec mark.kt-highlight, .wp-block-kadence-advancedheading.kt-adv-heading75_3035a4-ec[data-kb-block=\"kb-adv-heading75_3035a4-ec\"] mark.kt-highlight{font-style:normal;color:#f76a0c;-webkit-box-decoration-break:clone;box-decoration-break:clone;padding-top:0px;padding-right:0px;padding-bottom:0px;padding-left:0px;}.wp-block-kadence-advancedheading.kt-adv-heading75_3035a4-ec img.kb-inline-image, .wp-block-kadence-advancedheading.kt-adv-heading75_3035a4-ec[data-kb-block=\"kb-adv-heading75_3035a4-ec\"] img.kb-inline-image{width:150px;vertical-align:baseline;}<\/style>\n<h2 class=\"kt-adv-heading75_3035a4-ec wp-block-kadence-advancedheading\" data-kb-block=\"kb-adv-heading75_3035a4-ec\">Quadri David<\/h2>\n\n\n\n<div class=\"wp-block-media-text is-stacked-on-mobile\" style=\"grid-template-columns:26% auto\"><figure class=\"wp-block-media-text__media\"><img loading=\"lazy\" decoding=\"async\" width=\"217\" height=\"224\" src=\"https:\/\/lecturepourtous.net\/wp-content\/uploads\/2025\/09\/Quadri-David.png\" alt=\"\" class=\"wp-image-195 size-full\"\/><\/figure><div class=\"wp-block-media-text__content\">\n<h2 class=\"wp-block-heading\" style=\"font-size:14px\">N\u00e9 \u00e0 Montauban, David Quadri poursuit des \u00e9tudes d&rsquo;histoire \u00e0 l&rsquo;universit\u00e9 Toulouse-Le Mirail, o\u00f9 il d\u00e9veloppe une passion pour la recherche et l&rsquo;\u00e9criture.                               La r\u00e9daction de son m\u00e9moire,intitul\u00e9 \u00a0\u00bb La soci\u00e9t\u00e9 rurale \u00e0 Verdun sur Garonne et dans son canton au XIXe si\u00e8cle\u00a0\u00bb,marque ses premiers pas dans l&rsquo;\u00e9criture analytique et narrative.                                                                                                                                                 Il est professeur en histoire-g\u00e9ographie et documentation, une carri\u00e8re qui lui permet de transmettre son amour pour les sciences humaines et la litt\u00e9rature.                                  Ses publications :                                                                                                                                  En 2013 , \u00a0\u00bb Je t&rsquo;ai trouv\u00e9\u00a0\u00bb  ;                                                                                                                        En 2017, \u00ab\u00a0Tribulations dans un lyc\u00e9e\u00a0\u00bb ;                                                                                           En 2018 , \u00ab\u00a0Palette po\u00e9tique\u00a0\u00bb ;                                                                                                                 En 2023 , \u00ab\u00a0Cheminement de vie : de la naissance \u00e0 la renaissance\u00a0\u00bb ;                                       En 2024, \u00ab\u00a0Dans les m\u00e9andres de l&rsquo;interdit\u00a0\u00bb<\/h2>\n<\/div><\/div>\n\n\n<style>.wp-block-kadence-advancedheading.kt-adv-heading75_b6f523-c2, .wp-block-kadence-advancedheading.kt-adv-heading75_b6f523-c2[data-kb-block=\"kb-adv-heading75_b6f523-c2\"]{font-size:var(--global-kb-font-size-md, 1.25rem);font-style:normal;}.wp-block-kadence-advancedheading.kt-adv-heading75_b6f523-c2 mark.kt-highlight, .wp-block-kadence-advancedheading.kt-adv-heading75_b6f523-c2[data-kb-block=\"kb-adv-heading75_b6f523-c2\"] mark.kt-highlight{font-style:normal;color:#f76a0c;-webkit-box-decoration-break:clone;box-decoration-break:clone;padding-top:0px;padding-right:0px;padding-bottom:0px;padding-left:0px;}.wp-block-kadence-advancedheading.kt-adv-heading75_b6f523-c2 img.kb-inline-image, .wp-block-kadence-advancedheading.kt-adv-heading75_b6f523-c2[data-kb-block=\"kb-adv-heading75_b6f523-c2\"] img.kb-inline-image{width:150px;vertical-align:baseline;}<\/style>\n<h2 class=\"kt-adv-heading75_b6f523-c2 wp-block-kadence-advancedheading\" data-kb-block=\"kb-adv-heading75_b6f523-c2\">Ros R\u00e9mi<\/h2>\n\n\n\n<div class=\"wp-block-media-text is-stacked-on-mobile\" style=\"grid-template-columns:26% auto\"><figure class=\"wp-block-media-text__media\"><img loading=\"lazy\" decoding=\"async\" width=\"211\" height=\"219\" src=\"https:\/\/lecturepourtous.net\/wp-content\/uploads\/2025\/09\/Ros-Remy.png\" alt=\"\" class=\"wp-image-196 size-full\"\/><\/figure><div class=\"wp-block-media-text__content\">\n<h2 class=\"wp-block-heading\" style=\"font-size:14px\">Animateur-\u00e9ducateur en milieu scolaire de formation,R\u00e9mi Ros a exerc\u00e9 ensuite le m\u00e9tier d&rsquo;attach\u00e9 commercial dans le milieu des assurances, puis diff\u00e9rentes autres exp\u00e9riences professionnelles.                                                                                                        Suite \u00e0 un licenciement, il se met \u00e0 \u00e9crire et \u00e0 r\u00e9aliser des guides touristiques (le premier sur le Tarn et Garonne, suivront deux ouvrages sur le Cantal, un sur l&rsquo;Aveyron Autrement et pour f\u00eater sa dixi\u00e8me ann\u00e9e dans le milieu litt\u00e9raire, un nouvel ouvrage sur son d\u00e9partement le Tarn et Garonne).                                                                                   En parall\u00e8le des guides, il consacre son temps \u00e0 l&rsquo;\u00e9criture de romans.                                     A ce jour, il a publi\u00e9 \u00a0\u00bb Les flocons bleus\u00a0\u00bb: un roman historique et \u00ab\u00a0Ils n&rsquo;auraient pas d\u00fb\u00a0\u00bb, un roman policier.<\/h2>\n<\/div><\/div>\n\n\n<style>.wp-block-kadence-advancedheading.kt-adv-heading75_ee8f12-97, .wp-block-kadence-advancedheading.kt-adv-heading75_ee8f12-97[data-kb-block=\"kb-adv-heading75_ee8f12-97\"]{font-size:var(--global-kb-font-size-md, 1.25rem);font-style:normal;}.wp-block-kadence-advancedheading.kt-adv-heading75_ee8f12-97 mark.kt-highlight, .wp-block-kadence-advancedheading.kt-adv-heading75_ee8f12-97[data-kb-block=\"kb-adv-heading75_ee8f12-97\"] mark.kt-highlight{font-style:normal;color:#f76a0c;-webkit-box-decoration-break:clone;box-decoration-break:clone;padding-top:0px;padding-right:0px;padding-bottom:0px;padding-left:0px;}.wp-block-kadence-advancedheading.kt-adv-heading75_ee8f12-97 img.kb-inline-image, .wp-block-kadence-advancedheading.kt-adv-heading75_ee8f12-97[data-kb-block=\"kb-adv-heading75_ee8f12-97\"] img.kb-inline-image{width:150px;vertical-align:baseline;}<\/style>\n<h2 class=\"kt-adv-heading75_ee8f12-97 wp-block-kadence-advancedheading\" data-kb-block=\"kb-adv-heading75_ee8f12-97\">Saint Laurent Josiane<\/h2>\n\n\n\n<div class=\"wp-block-media-text is-stacked-on-mobile\" style=\"grid-template-columns:26% auto\"><figure class=\"wp-block-media-text__media\"><img loading=\"lazy\" decoding=\"async\" width=\"145\" height=\"150\" src=\"https:\/\/lecturepourtous.net\/wp-content\/uploads\/2025\/09\/Saint-Laurent-Josiane.png\" alt=\"\" class=\"wp-image-197 size-full\"\/><\/figure><div class=\"wp-block-media-text__content\">\n<h2 class=\"wp-block-heading\" style=\"font-size:14px\">Josiane Saint Laurent , toulousaine d&rsquo;origine, a men\u00e9 de pair une carri\u00e8re d&rsquo;artiste peintre r\u00e9gionale et d&rsquo;assistante m\u00e9dicale au CHU de Toulouse.                                                           Aujourd&rsquo;hui, elle est l&rsquo;autrice de quatre  romans policiers se d\u00e9roulant en Occitanie<\/h2>\n<\/div><\/div>\n\n\n<style>.wp-block-kadence-advancedheading.kt-adv-heading75_a7fbc5-56, .wp-block-kadence-advancedheading.kt-adv-heading75_a7fbc5-56[data-kb-block=\"kb-adv-heading75_a7fbc5-56\"]{font-size:var(--global-kb-font-size-md, 1.25rem);font-style:normal;}.wp-block-kadence-advancedheading.kt-adv-heading75_a7fbc5-56 mark.kt-highlight, .wp-block-kadence-advancedheading.kt-adv-heading75_a7fbc5-56[data-kb-block=\"kb-adv-heading75_a7fbc5-56\"] mark.kt-highlight{font-style:normal;color:#f76a0c;-webkit-box-decoration-break:clone;box-decoration-break:clone;padding-top:0px;padding-right:0px;padding-bottom:0px;padding-left:0px;}.wp-block-kadence-advancedheading.kt-adv-heading75_a7fbc5-56 img.kb-inline-image, .wp-block-kadence-advancedheading.kt-adv-heading75_a7fbc5-56[data-kb-block=\"kb-adv-heading75_a7fbc5-56\"] img.kb-inline-image{width:150px;vertical-align:baseline;}<\/style>\n<h2 class=\"kt-adv-heading75_a7fbc5-56 wp-block-kadence-advancedheading\" data-kb-block=\"kb-adv-heading75_a7fbc5-56\">Serra Ga\u00ebtan<\/h2>\n\n\n\n<div class=\"wp-block-media-text is-stacked-on-mobile\" style=\"grid-template-columns:27% auto\"><figure class=\"wp-block-media-text__media\"><img loading=\"lazy\" decoding=\"async\" width=\"132\" height=\"138\" src=\"https:\/\/lecturepourtous.net\/wp-content\/uploads\/2025\/09\/Serra-Gaetan.png\" alt=\"\" class=\"wp-image-199 size-full\"\/><\/figure><div class=\"wp-block-media-text__content\">\n<h2 class=\"wp-block-heading\" style=\"font-size:14px\">Je suis un peu comme un super-h\u00e9ros, j\u2019ai une double identit\u00e9 :                                professeur des \u00e9coles le jour et auteur jeunesse (albums, romans, documentaires) la nuit (et le reste du temps o\u00f9 je ne suis pas en classe) !                                                              Mes \u00e9l\u00e8ves sont souvent les premiers cobayes de mes \u00e9crits.                                                    Ma classe est mon \u201claboratoire\u201d.<\/h2>\n<\/div><\/div>\n\n\n<style>.wp-block-kadence-advancedheading.kt-adv-heading75_a00c0a-2c, .wp-block-kadence-advancedheading.kt-adv-heading75_a00c0a-2c[data-kb-block=\"kb-adv-heading75_a00c0a-2c\"]{font-size:var(--global-kb-font-size-md, 1.25rem);font-style:normal;}.wp-block-kadence-advancedheading.kt-adv-heading75_a00c0a-2c mark.kt-highlight, .wp-block-kadence-advancedheading.kt-adv-heading75_a00c0a-2c[data-kb-block=\"kb-adv-heading75_a00c0a-2c\"] mark.kt-highlight{font-style:normal;color:#f76a0c;-webkit-box-decoration-break:clone;box-decoration-break:clone;padding-top:0px;padding-right:0px;padding-bottom:0px;padding-left:0px;}.wp-block-kadence-advancedheading.kt-adv-heading75_a00c0a-2c img.kb-inline-image, .wp-block-kadence-advancedheading.kt-adv-heading75_a00c0a-2c[data-kb-block=\"kb-adv-heading75_a00c0a-2c\"] img.kb-inline-image{width:150px;vertical-align:baseline;}<\/style>\n<h2 class=\"kt-adv-heading75_a00c0a-2c wp-block-kadence-advancedheading\" data-kb-block=\"kb-adv-heading75_a00c0a-2c\">Servat C\u00e9line<\/h2>\n\n\n\n<div class=\"wp-block-media-text is-stacked-on-mobile\" style=\"grid-template-columns:27% auto\"><figure class=\"wp-block-media-text__media\"><img loading=\"lazy\" decoding=\"async\" width=\"290\" height=\"299\" src=\"https:\/\/lecturepourtous.net\/wp-content\/uploads\/2025\/09\/Servat-Celine.png\" alt=\"\" class=\"wp-image-200 size-full\"\/><\/figure><div class=\"wp-block-media-text__content\">\n<h2 class=\"wp-block-heading\" style=\"font-size:14px\">C\u00e9line Servat est une serial lectrice. Son premier roman, \u00ab\u00a0Internato\u00a0\u00bb, est sorti en 2020, annon\u00e7ant le point de d\u00e9part d&rsquo;une trilogie sur les dictatures et les secrets de famille, dont \u00a0\u00bb Norillag \u00a0\u00bb et \u00a0\u00bb Alambre \u00a0\u00bb sont les deux tomes suivants.            Elle a particip\u00e9 \u00e0 plusieurs recueils collectifs de nouvelles, ainsi qu&rsquo;\u00e0 la collection \u00ab\u00a0ovalie et gastronomie \u00a0\u00bb de Cairn, avec un polar soft intitul\u00e9 \u00a0\u00bb Le boeuf n&rsquo;a plus la cote\u00a0\u00bb. Dans son dernier polar soci\u00e9tal, \u00a0\u00bb La vall\u00e9e des \u00e9gar\u00e9s\u00a0\u00bb, sorti chez Taurnada en f\u00e9vrier 2025, elle s&rsquo;appuie sur son travail d&rsquo;assistante sociale pour traiter du sujet des enfants plac\u00e9s. C\u00e9line fait partie du collectif \u00a0\u00bb Les louves du polar\u00a0\u00bb. Elle organise le salon de litt\u00e9rature noire T(h)ermes noirs, \u00e0 Encausse les Thermes, qui a lieu le 2\u00b0week-end de Juin.<\/h2>\n<\/div><\/div>\n\n\n<style>.wp-block-kadence-advancedheading.kt-adv-heading75_e84e29-a2, .wp-block-kadence-advancedheading.kt-adv-heading75_e84e29-a2[data-kb-block=\"kb-adv-heading75_e84e29-a2\"]{font-size:var(--global-kb-font-size-md, 1.25rem);font-style:normal;}.wp-block-kadence-advancedheading.kt-adv-heading75_e84e29-a2 mark.kt-highlight, .wp-block-kadence-advancedheading.kt-adv-heading75_e84e29-a2[data-kb-block=\"kb-adv-heading75_e84e29-a2\"] mark.kt-highlight{font-style:normal;color:#f76a0c;-webkit-box-decoration-break:clone;box-decoration-break:clone;padding-top:0px;padding-right:0px;padding-bottom:0px;padding-left:0px;}.wp-block-kadence-advancedheading.kt-adv-heading75_e84e29-a2 img.kb-inline-image, .wp-block-kadence-advancedheading.kt-adv-heading75_e84e29-a2[data-kb-block=\"kb-adv-heading75_e84e29-a2\"] img.kb-inline-image{width:150px;vertical-align:baseline;}<\/style>\n<h2 class=\"kt-adv-heading75_e84e29-a2 wp-block-kadence-advancedheading\" data-kb-block=\"kb-adv-heading75_e84e29-a2\">Souli\u00e9 Fran\u00e7ois-Henri<\/h2>\n\n\n\n<div class=\"wp-block-media-text is-stacked-on-mobile\" style=\"grid-template-columns:28% auto\"><figure class=\"wp-block-media-text__media\"><img loading=\"lazy\" decoding=\"async\" width=\"145\" height=\"149\" src=\"https:\/\/lecturepourtous.net\/wp-content\/uploads\/2025\/09\/Soulie-Francois-Henri.png\" alt=\"\" class=\"wp-image-201 size-full\"\/><\/figure><div class=\"wp-block-media-text__content\">\n<h2 class=\"wp-block-heading\" style=\"font-size:14px\">Homme de th\u00e9\u00e2tre, com\u00e9dien, marionnettiste, sc\u00e9nariste, Fran\u00e7ois-Henri Souli\u00e9 est aussi \u00e9crivain et romancier .Laur\u00e9at du Prix du Premier Roman Policier ainsi que du Prix du Polar Historique et du Prix Radio France Bleu.<br>Didier Noulet et Roland Bringay, ont \u00e9t\u00e9 tr\u00e8s heureux d\u2019assister \u00e0 la remise, par le pr\u00e9fet du Tarn et Garonne dans les jardins de la Pr\u00e9fecture, de la m\u00e9daille de \u00ab&nbsp;chevalier des Arts et Lettres&nbsp;\u00bb \u00e0 notre ami Fran\u00e7ois Henri Souli\u00e9 c\u00e9l\u00e8bre homme de lettres montalbanais et auteur f\u00e9tiche de notre salon.                      Dernier ouvrage paru : \u00a0\u00bb Les pirates de Dieu\u00a0\u00bb en 2025<\/h2>\n<\/div><\/div>\n\n\n<style>.wp-block-kadence-advancedheading.kt-adv-heading75_0bbb02-a9, .wp-block-kadence-advancedheading.kt-adv-heading75_0bbb02-a9[data-kb-block=\"kb-adv-heading75_0bbb02-a9\"]{font-size:var(--global-kb-font-size-md, 1.25rem);font-style:normal;}.wp-block-kadence-advancedheading.kt-adv-heading75_0bbb02-a9 mark.kt-highlight, .wp-block-kadence-advancedheading.kt-adv-heading75_0bbb02-a9[data-kb-block=\"kb-adv-heading75_0bbb02-a9\"] mark.kt-highlight{font-style:normal;color:#f76a0c;-webkit-box-decoration-break:clone;box-decoration-break:clone;padding-top:0px;padding-right:0px;padding-bottom:0px;padding-left:0px;}.wp-block-kadence-advancedheading.kt-adv-heading75_0bbb02-a9 img.kb-inline-image, .wp-block-kadence-advancedheading.kt-adv-heading75_0bbb02-a9[data-kb-block=\"kb-adv-heading75_0bbb02-a9\"] img.kb-inline-image{width:150px;vertical-align:baseline;}<\/style>\n<h2 class=\"kt-adv-heading75_0bbb02-a9 wp-block-kadence-advancedheading\" data-kb-block=\"kb-adv-heading75_0bbb02-a9\">Temple Jean-Pierre<\/h2>\n\n\n\n<div class=\"wp-block-media-text is-stacked-on-mobile\" style=\"grid-template-columns:29% auto\"><figure class=\"wp-block-media-text__media\"><img loading=\"lazy\" decoding=\"async\" width=\"242\" height=\"249\" src=\"https:\/\/lecturepourtous.net\/wp-content\/uploads\/2025\/09\/Temple-Jean-Pierre.png\" alt=\"\" class=\"wp-image-202 size-full\"\/><\/figure><div class=\"wp-block-media-text__content\">\n<h2 class=\"wp-block-heading\" style=\"font-size:14px\"><strong>Pyr\u00e9n\u00e9en.&nbsp; Historien. Retrait\u00e9. Pyr\u00e9n\u00e9iste et alpiniste.                                                     Sp\u00e9cialis\u00e9 catharisme, Napol\u00e9on III, mythes.                                                                   Glaciologie, g\u00e9omorphologie.                                                                                            Historien de formation, \u00e9crivain par vocation.                                                                 Conf\u00e9rencier par temp\u00e9rament. <\/strong><\/h2>\n<\/div><\/div>\n\n\n<style>.wp-block-kadence-advancedheading.kt-adv-heading75_9b68ec-7c, .wp-block-kadence-advancedheading.kt-adv-heading75_9b68ec-7c[data-kb-block=\"kb-adv-heading75_9b68ec-7c\"]{font-size:var(--global-kb-font-size-md, 1.25rem);font-style:normal;}.wp-block-kadence-advancedheading.kt-adv-heading75_9b68ec-7c mark.kt-highlight, .wp-block-kadence-advancedheading.kt-adv-heading75_9b68ec-7c[data-kb-block=\"kb-adv-heading75_9b68ec-7c\"] mark.kt-highlight{font-style:normal;color:#f76a0c;-webkit-box-decoration-break:clone;box-decoration-break:clone;padding-top:0px;padding-right:0px;padding-bottom:0px;padding-left:0px;}.wp-block-kadence-advancedheading.kt-adv-heading75_9b68ec-7c img.kb-inline-image, .wp-block-kadence-advancedheading.kt-adv-heading75_9b68ec-7c[data-kb-block=\"kb-adv-heading75_9b68ec-7c\"] img.kb-inline-image{width:150px;vertical-align:baseline;}<\/style>\n<h2 class=\"kt-adv-heading75_9b68ec-7c wp-block-kadence-advancedheading\" data-kb-block=\"kb-adv-heading75_9b68ec-7c\">Tomas R\u00e9gis<\/h2>\n\n\n\n<div class=\"wp-block-media-text is-stacked-on-mobile\" style=\"grid-template-columns:30% auto\"><figure class=\"wp-block-media-text__media\"><img loading=\"lazy\" decoding=\"async\" width=\"187\" height=\"193\" src=\"https:\/\/lecturepourtous.net\/wp-content\/uploads\/2025\/09\/Tomas-Regis.png\" alt=\"\" class=\"wp-image-203 size-full\"\/><\/figure><div class=\"wp-block-media-text__content\">\n<h2 class=\"wp-block-heading\" style=\"font-size:14px\">N\u00e9 en 1973, R\u00e9gis Tomas est enseignant \u00e0 l&rsquo;universit\u00e9, conf\u00e9rencier, essayiste et co-animateur de l&rsquo;\u00e9mission Kairos sur Esprit Occitanie.                                                Passionn\u00e9 d&rsquo;histoire, il s&rsquo;est engag\u00e9 dans le roman policier historique depuis son deuxi\u00e8me roman, \u00a0\u00bb La part de l&rsquo;ogre\u00a0\u00bb , qui a re\u00e7u une distinction de l&rsquo;Acad\u00e9mie des Livres de Toulouse en 2022.<\/h2>\n<\/div><\/div>\n\n\n<style>.wp-block-kadence-advancedheading.kt-adv-heading75_321636-fc, .wp-block-kadence-advancedheading.kt-adv-heading75_321636-fc[data-kb-block=\"kb-adv-heading75_321636-fc\"]{font-size:var(--global-kb-font-size-md, 1.25rem);font-style:normal;}.wp-block-kadence-advancedheading.kt-adv-heading75_321636-fc mark.kt-highlight, .wp-block-kadence-advancedheading.kt-adv-heading75_321636-fc[data-kb-block=\"kb-adv-heading75_321636-fc\"] mark.kt-highlight{font-style:normal;color:#f76a0c;-webkit-box-decoration-break:clone;box-decoration-break:clone;padding-top:0px;padding-right:0px;padding-bottom:0px;padding-left:0px;}.wp-block-kadence-advancedheading.kt-adv-heading75_321636-fc img.kb-inline-image, .wp-block-kadence-advancedheading.kt-adv-heading75_321636-fc[data-kb-block=\"kb-adv-heading75_321636-fc\"] img.kb-inline-image{width:150px;vertical-align:baseline;}<\/style>\n<h2 class=\"kt-adv-heading75_321636-fc wp-block-kadence-advancedheading\" data-kb-block=\"kb-adv-heading75_321636-fc\">Viaule Serge<\/h2>\n\n\n\n<div class=\"wp-block-media-text is-stacked-on-mobile\" style=\"grid-template-columns:30% auto\"><figure class=\"wp-block-media-text__media\"><img loading=\"lazy\" decoding=\"async\" width=\"301\" height=\"312\" src=\"https:\/\/lecturepourtous.net\/wp-content\/uploads\/2025\/09\/Viaule-Serge.png\" alt=\"\" class=\"wp-image-205 size-full\" srcset=\"https:\/\/lecturepourtous.net\/wp-content\/uploads\/2025\/09\/Viaule-Serge.png 301w, https:\/\/lecturepourtous.net\/wp-content\/uploads\/2025\/09\/Viaule-Serge-289x300.png 289w\" sizes=\"auto, (max-width: 301px) 100vw, 301px\" \/><\/figure><div class=\"wp-block-media-text__content\"><style>.wp-block-kadence-advancedheading.kt-adv-heading75_b34b42-ea, .wp-block-kadence-advancedheading.kt-adv-heading75_b34b42-ea[data-kb-block=\"kb-adv-heading75_b34b42-ea\"]{font-size:var(--global-kb-font-size-sm, 0.9rem);font-style:normal;}.wp-block-kadence-advancedheading.kt-adv-heading75_b34b42-ea mark.kt-highlight, .wp-block-kadence-advancedheading.kt-adv-heading75_b34b42-ea[data-kb-block=\"kb-adv-heading75_b34b42-ea\"] mark.kt-highlight{font-style:normal;color:#f76a0c;-webkit-box-decoration-break:clone;box-decoration-break:clone;padding-top:0px;padding-right:0px;padding-bottom:0px;padding-left:0px;}.wp-block-kadence-advancedheading.kt-adv-heading75_b34b42-ea img.kb-inline-image, .wp-block-kadence-advancedheading.kt-adv-heading75_b34b42-ea[data-kb-block=\"kb-adv-heading75_b34b42-ea\"] img.kb-inline-image{width:150px;vertical-align:baseline;}<\/style>\n<h2 class=\"kt-adv-heading75_b34b42-ea wp-block-kadence-advancedheading\" data-kb-block=\"kb-adv-heading75_b34b42-ea\">S\u00e8rgi Viaule est n\u00e9 en 1950 \u00e0 Lavaur (Albigeois). \u00c9ducateur sp\u00e9cialis\u00e9 de profession,Il est membre de l&rsquo;Institut d&rsquo;Estudis Occitans depuis l&rsquo;\u00e2ge de 18 ans.  Il a beaucoup \u00e9crit et seulement dans sa langue maternelle (po\u00e9sies, r\u00e9cits, nouvelles et romans). Il poss\u00e8de une \u00e9criture tr\u00e8s personnelle dont le style s\u2019apparente \u00e0 une suite d\u2019instantan\u00e9s dans lequel chaque mot tient sa place.&nbsp;Chose rare en litt\u00e9rature occitane il publie beaucoup de r\u00e9cits&nbsp;: \u00ab&nbsp;<em>Barrutlada en Irlanda e en Gallas<\/em>&nbsp;\u00bb, \u00ab&nbsp;<em>Dins las piadas d\u2019En Rob\u00e8rt Stevenson<\/em>&nbsp;\u00bb, \u00ab&nbsp;<em>Jornal d\u2019un jaquet<\/em>&nbsp;\u00bb et derni\u00e8rement \u00ab&nbsp;<em>Itinerari d\u2019un resistent<\/em>&nbsp;\u00bb, tous \u00e9dit\u00e9s aux Editions des R\u00e9gionalismes.&nbsp;&nbsp;&nbsp;&nbsp;&nbsp;&nbsp;&nbsp;&nbsp;&nbsp;&nbsp;&nbsp;                                                                                                               Il a \u00e9galement traduit du fran\u00e7ais des romans de Maurice Magre, notamment \u00ab\u00a0<em>La sang de Tolosa<\/em>\u00ab\u00a0, mais aussi de Raimonda Tricoire \u00ab&nbsp;<em>Esclarmonde de Perelha<\/em>&nbsp;\u00bb, des essais de Franc\u00e9s Fontan \u00ab\u00a0<em>Per un nacionalisme umanista<\/em>\u00a0\u00bb e d&rsquo;Hamid Zanaz \u00ab\u00a0<em>L&rsquo;androna islamica<\/em>\u00ab\u00a0. Il a \u00e9galement traduit la po\u00e9sie de Monique-Marie Ihry dont le recueil \u00ab&nbsp;<em>Amb de tinta sus ma p\u00e8l<\/em>&nbsp;\u00bb.&nbsp;Par ailleurs il est critique litt\u00e9raire et chroniqueur r\u00e9gulier dans plusieurs revues (<em>Anem Occitans&nbsp;!<\/em>, <em>Lo Gai Saber<\/em>, <em>Lo Lugarn, etc\u2026<\/em>).<\/h2>\n<\/div><\/div>\n\n\n<style>.kb-row-layout-id75_e832bc-b5 > .kt-row-column-wrap{align-content:start;}:where(.kb-row-layout-id75_e832bc-b5 > .kt-row-column-wrap) > .wp-block-kadence-column{justify-content:start;}.kb-row-layout-id75_e832bc-b5 > .kt-row-column-wrap{column-gap:var(--global-kb-gap-md, 2rem);row-gap:var(--global-kb-gap-md, 2rem);max-width:var( --global-content-width, 1290px );padding-left:var(--global-content-edge-padding);padding-right:var(--global-content-edge-padding);padding-top:var(--global-kb-spacing-xxl, 5rem);padding-bottom:var(--global-kb-spacing-xxl, 5rem);grid-template-columns:repeat(2, minmax(0, 1fr));}.kb-row-layout-id75_e832bc-b5 > .kt-row-layout-overlay{opacity:0.30;}@media all and (max-width: 1024px){.kb-row-layout-id75_e832bc-b5 > .kt-row-column-wrap{row-gap:var(--global-kb-gap-lg, 4rem);grid-template-columns:minmax(0, 1fr);}}@media all and (max-width: 767px){.kb-row-layout-id75_e832bc-b5 > .kt-row-column-wrap{grid-template-columns:minmax(0, 1fr);}}<\/style><div class=\"kb-row-layout-wrap kb-row-layout-id75_e832bc-b5 alignfull has-theme-palette9-background-color kt-row-has-bg wp-block-kadence-rowlayout\"><div class=\"kt-row-column-wrap kt-has-2-columns kt-row-layout-equal kt-tab-layout-row kt-mobile-layout-row kt-row-valign-top kb-theme-content-width\">\n<style>.kadence-column75_0f8c25-be > .kt-inside-inner-col,.kadence-column75_0f8c25-be > .kt-inside-inner-col:before{border-top-left-radius:0px;border-top-right-radius:0px;border-bottom-right-radius:0px;border-bottom-left-radius:0px;}.kadence-column75_0f8c25-be > .kt-inside-inner-col{column-gap:var(--global-kb-gap-sm, 1rem);}.kadence-column75_0f8c25-be > .kt-inside-inner-col{flex-direction:column;}.kadence-column75_0f8c25-be > .kt-inside-inner-col > .aligncenter{width:100%;}.kadence-column75_0f8c25-be > .kt-inside-inner-col:before{opacity:0.3;}.kadence-column75_0f8c25-be{position:relative;}.kadence-column75_0f8c25-be, .kt-inside-inner-col > .kadence-column75_0f8c25-be:not(.specificity){margin-left:var(--global-kb-spacing-xl, 4rem);}@media all and (max-width: 1024px){.kadence-column75_0f8c25-be > .kt-inside-inner-col{flex-direction:column;justify-content:center;}}@media all and (max-width: 1024px){.kadence-column75_0f8c25-be, .kt-inside-inner-col > .kadence-column75_0f8c25-be:not(.specificity){margin-left:0px;}}@media all and (max-width: 767px){.kadence-column75_0f8c25-be > .kt-inside-inner-col{flex-direction:column;justify-content:center;}}<\/style>\n<div class=\"wp-block-kadence-column kadence-column75_0f8c25-be\"><div class=\"kt-inside-inner-col\"><style>.kb-row-layout-wrap.wp-block-kadence-rowlayout.kb-row-layout-id75_d6956c-7a{margin-top:0px;margin-bottom:0px;}.kb-row-layout-id75_d6956c-7a > .kt-row-column-wrap{align-content:start;}:where(.kb-row-layout-id75_d6956c-7a > .kt-row-column-wrap) > .wp-block-kadence-column{justify-content:start;}.kb-row-layout-id75_d6956c-7a > .kt-row-column-wrap{column-gap:var(--global-kb-gap-md, 2rem);row-gap:var(--global-kb-gap-md, 2rem);padding-top:0px;padding-right:0px;padding-bottom:0px;padding-left:0px;grid-template-columns:minmax(0, 1fr);}.kb-row-layout-id75_d6956c-7a > .kt-row-layout-overlay{opacity:0.30;}@media all and (max-width: 1024px){.kb-row-layout-id75_d6956c-7a > .kt-row-column-wrap{padding-right:var(--global-kb-spacing-4xl, 8rem);padding-left:var(--global-kb-spacing-4xl, 8rem);grid-template-columns:minmax(0, 1fr);}}@media all and (max-width: 767px){.kb-row-layout-id75_d6956c-7a > .kt-row-column-wrap{padding-right:0px;padding-left:0px;grid-template-columns:minmax(0, 1fr);}}<\/style><div class=\"kb-row-layout-wrap kb-row-layout-id75_d6956c-7a alignnone wp-block-kadence-rowlayout\"><div class=\"kt-row-column-wrap kt-has-1-columns kt-row-layout-equal kt-tab-layout-inherit kt-mobile-layout-row kt-row-valign-top\">\n<style>.kadence-column75_ad1070-29 > .kt-inside-inner-col{padding-top:var(--global-kb-spacing-xl, 4rem);padding-right:var(--global-kb-spacing-xl, 4rem);padding-bottom:var(--global-kb-spacing-xl, 4rem);padding-left:var(--global-kb-spacing-xl, 4rem);}.kadence-column75_ad1070-29 > .kt-inside-inner-col,.kadence-column75_ad1070-29 > .kt-inside-inner-col:before{border-top-left-radius:0px;border-top-right-radius:0px;border-bottom-right-radius:80px;border-bottom-left-radius:0px;}.kadence-column75_ad1070-29 > .kt-inside-inner-col{column-gap:var(--global-kb-gap-sm, 1rem);}.kadence-column75_ad1070-29 > .kt-inside-inner-col{flex-direction:column;}.kadence-column75_ad1070-29 > .kt-inside-inner-col > .aligncenter{width:100%;}.kadence-column75_ad1070-29 > .kt-inside-inner-col{background-color:var(--global-palette8, #F7FAFC);}.kadence-column75_ad1070-29 > .kt-inside-inner-col:before{opacity:0.3;}.kadence-column75_ad1070-29{text-align:center;}.kadence-column75_ad1070-29{position:relative;}@media all and (max-width: 1024px){.kadence-column75_ad1070-29{text-align:center;}}@media all and (max-width: 1024px){.kadence-column75_ad1070-29 > .kt-inside-inner-col{flex-direction:column;justify-content:center;}}@media all and (max-width: 767px){.kadence-column75_ad1070-29 > .kt-inside-inner-col{flex-direction:column;justify-content:center;}}<\/style>\n<div class=\"wp-block-kadence-column kadence-column75_ad1070-29 kb-section-dir-vertical kb-section-md-dir-vertical\"><div class=\"kt-inside-inner-col\"><style>.wp-block-kadence-advancedheading.kt-adv-heading75_7b1e27-d2, .wp-block-kadence-advancedheading.kt-adv-heading75_7b1e27-d2[data-kb-block=\"kb-adv-heading75_7b1e27-d2\"]{display:block;font-size:var(--global-kb-font-size-sm, 0.9rem);font-style:normal;text-transform:uppercase;}.wp-block-kadence-advancedheading.kt-adv-heading75_7b1e27-d2 mark.kt-highlight, .wp-block-kadence-advancedheading.kt-adv-heading75_7b1e27-d2[data-kb-block=\"kb-adv-heading75_7b1e27-d2\"] mark.kt-highlight{font-style:normal;color:#f76a0c;-webkit-box-decoration-break:clone;box-decoration-break:clone;padding-top:0px;padding-right:0px;padding-bottom:0px;padding-left:0px;}.wp-block-kadence-advancedheading.kt-adv-heading75_7b1e27-d2 img.kb-inline-image, .wp-block-kadence-advancedheading.kt-adv-heading75_7b1e27-d2[data-kb-block=\"kb-adv-heading75_7b1e27-d2\"] img.kb-inline-image{width:150px;vertical-align:baseline;}<\/style>\n<span class=\"kt-adv-heading75_7b1e27-d2 wp-block-kadence-advancedheading has-theme-palette-3-color has-text-color\" data-kb-block=\"kb-adv-heading75_7b1e27-d2\"><\/span>\n<\/div><\/div>\n\n<\/div><\/div><\/div><\/div>\n\n\n<style>.kadence-column75_474832-ce > .kt-inside-inner-col,.kadence-column75_474832-ce > .kt-inside-inner-col:before{border-top-left-radius:0px;border-top-right-radius:0px;border-bottom-right-radius:0px;border-bottom-left-radius:0px;}.kadence-column75_474832-ce > .kt-inside-inner-col{column-gap:var(--global-kb-gap-sm, 1rem);}.kadence-column75_474832-ce > .kt-inside-inner-col{flex-direction:column;}.kadence-column75_474832-ce > .kt-inside-inner-col > .aligncenter{width:100%;}.kadence-column75_474832-ce > .kt-inside-inner-col:before{opacity:0.3;}.kadence-column75_474832-ce{position:relative;}@media all and (max-width: 1024px){.kadence-column75_474832-ce > .kt-inside-inner-col{flex-direction:column;justify-content:center;}}@media all and (max-width: 767px){.kadence-column75_474832-ce > .kt-inside-inner-col{flex-direction:column;justify-content:center;}}<\/style>\n<div class=\"wp-block-kadence-column kadence-column75_474832-ce\"><div class=\"kt-inside-inner-col\"><\/div><\/div>\n\n<\/div><\/div>\n\n\n<p><\/p>\n\n\n<style>.kb-row-layout-id75_219cc2-59 > .kt-row-column-wrap{align-content:center;}:where(.kb-row-layout-id75_219cc2-59 > .kt-row-column-wrap) > .wp-block-kadence-column{justify-content:center;}.kb-row-layout-id75_219cc2-59 > .kt-row-column-wrap{column-gap:var(--global-kb-gap-md, 2rem);row-gap:var(--global-kb-gap-md, 2rem);max-width:var( --global-content-width, 1290px );padding-left:var(--global-content-edge-padding);padding-right:var(--global-content-edge-padding);padding-top:var(--global-kb-spacing-xxl, 5rem);padding-bottom:var(--global-kb-spacing-xxl, 5rem);min-height:450px;grid-template-columns:minmax(0, 1fr);}.kb-row-layout-id75_219cc2-59{background-image:url('https:\/\/lecturepourtous.net\/wp-content\/uploads\/2025\/07\/cozy-indoor-scene-with-an-open-book.jpeg');background-size:cover;background-position:center center;background-attachment:fixed;background-repeat:no-repeat;}.kb-row-layout-id75_219cc2-59 > .kt-row-layout-overlay{opacity:0.75;background:linear-gradient(90deg,var(--global-palette1) 0%,var(--global-palette2) 100%);}@media all and (max-width: 1024px), only screen and (min-device-width: 1024px) and (max-device-width: 1366px) and (-webkit-min-device-pixel-ratio: 2) and (hover: none){.kb-row-layout-id75_219cc2-59{background-attachment:scroll;}}@media all and (max-width: 1024px){.kb-row-layout-id75_219cc2-59 > .kt-row-column-wrap{grid-template-columns:minmax(0, 1fr);}}@media all and (max-width: 767px){.kb-row-layout-id75_219cc2-59 > .kt-row-column-wrap{grid-template-columns:minmax(0, 1fr);}}<\/style><div class=\"kb-row-layout-wrap kb-row-layout-id75_219cc2-59 alignfull kt-row-has-bg wp-block-kadence-rowlayout\"><div class=\"kt-row-layout-overlay kt-row-overlay-gradient\"><\/div><div class=\"kt-row-column-wrap kt-has-1-columns kt-row-layout-equal kt-tab-layout-inherit kt-mobile-layout-row kt-row-valign-middle kb-theme-content-width\">\n<style>.kadence-column75_1a35e9-30 > .kt-inside-inner-col,.kadence-column75_1a35e9-30 > .kt-inside-inner-col:before{border-top-left-radius:0px;border-top-right-radius:0px;border-bottom-right-radius:0px;border-bottom-left-radius:0px;}.kadence-column75_1a35e9-30 > .kt-inside-inner-col{column-gap:var(--global-kb-gap-sm, 1rem);}.kadence-column75_1a35e9-30 > .kt-inside-inner-col{flex-direction:column;}.kadence-column75_1a35e9-30 > .kt-inside-inner-col > .aligncenter{width:100%;}.kadence-column75_1a35e9-30 > .kt-inside-inner-col:before{opacity:0.3;}.kadence-column75_1a35e9-30{position:relative;}@media all and (max-width: 1024px){.kadence-column75_1a35e9-30 > .kt-inside-inner-col{flex-direction:column;justify-content:center;}}@media all and (max-width: 767px){.kadence-column75_1a35e9-30 > .kt-inside-inner-col{flex-direction:column;justify-content:center;}}<\/style>\n<div class=\"wp-block-kadence-column kadence-column75_1a35e9-30\"><div class=\"kt-inside-inner-col\"><style>.kb-row-layout-id75_911f5a-93 > .kt-row-column-wrap{align-content:start;}:where(.kb-row-layout-id75_911f5a-93 > .kt-row-column-wrap) > .wp-block-kadence-column{justify-content:start;}.kb-row-layout-id75_911f5a-93 > .kt-row-column-wrap{column-gap:var(--global-kb-gap-md, 2rem);row-gap:var(--global-kb-gap-md, 2rem);max-width:800px;margin-left:auto;margin-right:auto;padding-top:0px;padding-right:0px;padding-bottom:0px;padding-left:0px;grid-template-columns:minmax(0, 1fr);}.kb-row-layout-id75_911f5a-93 > .kt-row-layout-overlay{opacity:0.30;}@media all and (max-width: 1024px){.kb-row-layout-id75_911f5a-93 > .kt-row-column-wrap{grid-template-columns:minmax(0, 1fr);}}@media all and (max-width: 767px){.kb-row-layout-id75_911f5a-93 > .kt-row-column-wrap{grid-template-columns:minmax(0, 1fr);}}<\/style><div class=\"kb-row-layout-wrap kb-row-layout-id75_911f5a-93 alignnone wp-block-kadence-rowlayout\"><div class=\"kt-row-column-wrap kt-has-1-columns kt-row-layout-equal kt-tab-layout-inherit kt-mobile-layout-row kt-row-valign-top\">\n<style>.kadence-column75_5249b3-14 > .kt-inside-inner-col,.kadence-column75_5249b3-14 > .kt-inside-inner-col:before{border-top-left-radius:0px;border-top-right-radius:0px;border-bottom-right-radius:0px;border-bottom-left-radius:0px;}.kadence-column75_5249b3-14 > .kt-inside-inner-col{column-gap:var(--global-kb-gap-sm, 1rem);}.kadence-column75_5249b3-14 > .kt-inside-inner-col{flex-direction:column;}.kadence-column75_5249b3-14 > .kt-inside-inner-col > .aligncenter{width:100%;}.kadence-column75_5249b3-14 > .kt-inside-inner-col:before{opacity:0.3;}.kadence-column75_5249b3-14{position:relative;}@media all and (max-width: 1024px){.kadence-column75_5249b3-14 > .kt-inside-inner-col{flex-direction:column;justify-content:center;}}@media all and (max-width: 767px){.kadence-column75_5249b3-14 > .kt-inside-inner-col{flex-direction:column;justify-content:center;}}<\/style>\n<div class=\"wp-block-kadence-column kadence-column75_5249b3-14\"><div class=\"kt-inside-inner-col\"><style>.wp-block-kadence-advancedheading.kt-adv-heading75_e82d18-16, .wp-block-kadence-advancedheading.kt-adv-heading75_e82d18-16[data-kb-block=\"kb-adv-heading75_e82d18-16\"]{text-align:center;font-size:var(--global-kb-font-size-xl, 3rem);line-height:1.2;font-style:normal;}.wp-block-kadence-advancedheading.kt-adv-heading75_e82d18-16 mark.kt-highlight, .wp-block-kadence-advancedheading.kt-adv-heading75_e82d18-16[data-kb-block=\"kb-adv-heading75_e82d18-16\"] mark.kt-highlight{font-style:normal;color:#f76a0c;-webkit-box-decoration-break:clone;box-decoration-break:clone;padding-top:0px;padding-right:0px;padding-bottom:0px;padding-left:0px;}.wp-block-kadence-advancedheading.kt-adv-heading75_e82d18-16 img.kb-inline-image, .wp-block-kadence-advancedheading.kt-adv-heading75_e82d18-16[data-kb-block=\"kb-adv-heading75_e82d18-16\"] img.kb-inline-image{width:150px;vertical-align:baseline;}<\/style>\n<h2 class=\"kt-adv-heading75_e82d18-16 wp-block-kadence-advancedheading has-theme-palette-9-color has-text-color\" data-kb-block=\"kb-adv-heading75_e82d18-16\">Pr\u00e9sentation de LecturePourTous<\/h2>\n\n\n<style>.wp-block-kadence-advancedheading.kt-adv-heading75_e86ef3-7c, .wp-block-kadence-advancedheading.kt-adv-heading75_e86ef3-7c[data-kb-block=\"kb-adv-heading75_e86ef3-7c\"]{text-align:center;font-style:normal;}.wp-block-kadence-advancedheading.kt-adv-heading75_e86ef3-7c mark.kt-highlight, .wp-block-kadence-advancedheading.kt-adv-heading75_e86ef3-7c[data-kb-block=\"kb-adv-heading75_e86ef3-7c\"] mark.kt-highlight{font-style:normal;color:#f76a0c;-webkit-box-decoration-break:clone;box-decoration-break:clone;padding-top:0px;padding-right:0px;padding-bottom:0px;padding-left:0px;}.wp-block-kadence-advancedheading.kt-adv-heading75_e86ef3-7c img.kb-inline-image, .wp-block-kadence-advancedheading.kt-adv-heading75_e86ef3-7c[data-kb-block=\"kb-adv-heading75_e86ef3-7c\"] img.kb-inline-image{width:150px;vertical-align:baseline;}<\/style>\n<p class=\"kt-adv-heading75_e86ef3-7c wp-block-kadence-advancedheading has-theme-palette-9-color has-text-color\" data-kb-block=\"kb-adv-heading75_e86ef3-7c\">Notre mission est d&rsquo;\u00e9veiller l&rsquo;int\u00e9r\u00eat pour la lecture dans toutes les communaut\u00e9s.<\/p>\n\n\n<style>.wp-block-kadence-advancedbtn.kb-btns75_bbc7e2-e9{gap:var(--global-kb-gap-xs, 0.5rem );justify-content:center;align-items:center;}.kt-btns75_bbc7e2-e9 .kt-button{font-weight:normal;font-style:normal;}.kt-btns75_bbc7e2-e9 .kt-btn-wrap-0{margin-right:5px;}.wp-block-kadence-advancedbtn.kt-btns75_bbc7e2-e9 .kt-btn-wrap-0 .kt-button{color:#555555;border-color:#555555;}.wp-block-kadence-advancedbtn.kt-btns75_bbc7e2-e9 .kt-btn-wrap-0 .kt-button:hover, .wp-block-kadence-advancedbtn.kt-btns75_bbc7e2-e9 .kt-btn-wrap-0 .kt-button:focus{color:#ffffff;border-color:#444444;}.wp-block-kadence-advancedbtn.kt-btns75_bbc7e2-e9 .kt-btn-wrap-0 .kt-button::before{display:none;}.wp-block-kadence-advancedbtn.kt-btns75_bbc7e2-e9 .kt-btn-wrap-0 .kt-button:hover, .wp-block-kadence-advancedbtn.kt-btns75_bbc7e2-e9 .kt-btn-wrap-0 .kt-button:focus{background:#444444;}<\/style>\n<div class=\"wp-block-kadence-advancedbtn kb-buttons-wrap kb-btns75_bbc7e2-e9\"><style>ul.menu .wp-block-kadence-advancedbtn .kb-btn75_e30cf7-76.kb-button{width:initial;}.wp-block-kadence-advancedbtn .kb-btn75_e30cf7-76.kb-button{color:var(--global-palette1, #3182CE);background:var(--global-palette8, #F7FAFC);border-top-left-radius:100px;border-top-right-radius:100px;border-bottom-right-radius:100px;border-bottom-left-radius:100px;padding-top:var(--global-kb-spacing-sm, 1.5rem);padding-right:var(--global-kb-spacing-sm, 1.5rem);padding-bottom:var(--global-kb-spacing-sm, 1.5rem);padding-left:var(--global-kb-spacing-sm, 1.5rem);}.kb-btn75_e30cf7-76.kb-button .kb-svg-icon-wrap{padding-top:0px;padding-right:0px;padding-bottom:0px;padding-left:0px;font-size:24px;--kb-button-icon-size:24px;}.wp-block-kadence-advancedbtn .kb-btn75_e30cf7-76.kb-button:hover, .wp-block-kadence-advancedbtn .kb-btn75_e30cf7-76.kb-button:focus{color:var(--global-palette1, #3182CE);background:var(--global-palette9, #ffffff);}.kb-btn75_e30cf7-76.kb-button .kt-btn-inner-text{display:none;}<\/style><span class=\"kb-button kt-button button kb-btn75_e30cf7-76 kt-btn-size-standard kt-btn-width-type-auto kb-btn-global-fill  kt-btn-has-text-false kt-btn-has-svg-true  ktblocksvideopop wp-block-kadence-singlebtn\"><span class=\"kb-svg-icon-wrap kb-svg-icon-fas_play kt-btn-icon-side-right\"><svg viewBox=\"0 0 448 512\"  fill=\"currentColor\" xmlns=\"http:\/\/www.w3.org\/2000\/svg\"  aria-hidden=\"true\"><path d=\"M424.4 214.7L72.4 6.6C43.8-10.3 0 6.1 0 47.9V464c0 37.5 40.7 60.1 72.4 41.3l352-208c31.4-18.5 31.5-64.1 0-82.6z\"\/><\/svg><\/span><\/span><\/div>\n<\/div><\/div>\n\n<\/div><\/div><\/div><\/div>\n\n<\/div><\/div>\n\n<style>.kb-row-layout-id75_9ff8cf-58 > .kt-row-column-wrap{align-content:center;}:where(.kb-row-layout-id75_9ff8cf-58 > .kt-row-column-wrap) > .wp-block-kadence-column{justify-content:center;}.kb-row-layout-id75_9ff8cf-58 > .kt-row-column-wrap{column-gap:var(--global-kb-gap-md, 2rem);row-gap:var(--global-kb-gap-md, 2rem);max-width:var( --global-content-width, 1290px );padding-left:var(--global-content-edge-padding);padding-right:var(--global-content-edge-padding);padding-top:var(--global-kb-spacing-xxl, 5rem);padding-bottom:var(--global-kb-spacing-xxl, 5rem);grid-template-columns:repeat(2, minmax(0, 1fr));}.kb-row-layout-id75_9ff8cf-58 > .kt-row-layout-overlay{opacity:0.30;}@media all and (max-width: 1024px){.kb-row-layout-id75_9ff8cf-58 > .kt-row-column-wrap{grid-template-columns:minmax(0, 1fr);}}@media all and (max-width: 767px){.kb-row-layout-id75_9ff8cf-58 > .kt-row-column-wrap{padding-top:var(--global-kb-spacing-xl, 4rem);padding-bottom:var(--global-kb-spacing-xl, 4rem);grid-template-columns:minmax(0, 1fr);}}<\/style><div class=\"kb-row-layout-wrap kb-row-layout-id75_9ff8cf-58 alignnone has-theme-palette8-background-color kt-row-has-bg wp-block-kadence-rowlayout\"><div class=\"kt-row-column-wrap kt-has-2-columns kt-row-layout-equal kt-tab-layout-row kt-mobile-layout-row kt-row-valign-middle kb-theme-content-width\">\n<style>.kadence-column75_215b15-ca > .kt-inside-inner-col,.kadence-column75_215b15-ca > .kt-inside-inner-col:before{border-top-left-radius:0px;border-top-right-radius:0px;border-bottom-right-radius:0px;border-bottom-left-radius:0px;}.kadence-column75_215b15-ca > .kt-inside-inner-col{column-gap:var(--global-kb-gap-sm, 1rem);}.kadence-column75_215b15-ca > .kt-inside-inner-col{flex-direction:column;}.kadence-column75_215b15-ca > .kt-inside-inner-col > .aligncenter{width:100%;}.kadence-column75_215b15-ca > .kt-inside-inner-col:before{opacity:0.3;}.kadence-column75_215b15-ca{position:relative;}@media all and (max-width: 1024px){.kadence-column75_215b15-ca > .kt-inside-inner-col{flex-direction:column;justify-content:center;}}@media all and (max-width: 767px){.kadence-column75_215b15-ca > .kt-inside-inner-col{flex-direction:column;justify-content:center;}}<\/style>\n<div class=\"wp-block-kadence-column kadence-column75_215b15-ca inner-column-1\"><div class=\"kt-inside-inner-col\"><style>.kadence-column75_77b5a9-da > .kt-inside-inner-col{display:flex;}.kadence-column75_77b5a9-da > .kt-inside-inner-col{padding-right:var(--global-kb-spacing-md, 2rem);padding-bottom:var(--global-kb-spacing-sm, 1.5rem);padding-left:var(--global-kb-spacing-md, 2rem);}.kadence-column75_77b5a9-da > .kt-inside-inner-col,.kadence-column75_77b5a9-da > .kt-inside-inner-col:before{border-top-left-radius:0px;border-top-right-radius:0px;border-bottom-right-radius:0px;border-bottom-left-radius:0px;}.kadence-column75_77b5a9-da > .kt-inside-inner-col{column-gap:var(--global-kb-gap-sm, 1rem);}.kadence-column75_77b5a9-da > .kt-inside-inner-col{flex-direction:row;flex-wrap:wrap;align-items:center;justify-content:space-between;}.kadence-column75_77b5a9-da > .kt-inside-inner-col > *, .kadence-column75_77b5a9-da > .kt-inside-inner-col > figure.wp-block-image, .kadence-column75_77b5a9-da > .kt-inside-inner-col > figure.wp-block-kadence-image{margin-top:0px;margin-bottom:0px;}.kadence-column75_77b5a9-da > .kt-inside-inner-col > .kb-image-is-ratio-size{flex-grow:1;}.kadence-column75_77b5a9-da > .kt-inside-inner-col:before{opacity:0.3;}.kadence-column75_77b5a9-da{position:relative;}@media all and (max-width: 1024px){.kadence-column75_77b5a9-da > .kt-inside-inner-col{flex-direction:row;flex-wrap:wrap;align-items:center;justify-content:space-between;}}@media all and (min-width: 768px) and (max-width: 1024px){.kadence-column75_77b5a9-da > .kt-inside-inner-col > *, .kadence-column75_77b5a9-da > .kt-inside-inner-col > figure.wp-block-image, .kadence-column75_77b5a9-da > .kt-inside-inner-col > figure.wp-block-kadence-image{margin-top:0px;margin-bottom:0px;}.kadence-column75_77b5a9-da > .kt-inside-inner-col > .kb-image-is-ratio-size{flex-grow:1;}}@media all and (max-width: 767px){.kadence-column75_77b5a9-da > .kt-inside-inner-col{flex-direction:column;justify-content:center;align-items:flex-start;flex-wrap:nowrap;}.wp-block-kadence-column.kb-section-dir-horizontal.kadence-column75_77b5a9-da > .kt-inside-inner-col > .wp-block-kadence-infobox{align-self:unset;}}<\/style>\n<div class=\"wp-block-kadence-column kadence-column75_77b5a9-da kb-section-dir-horizontal kb-section-sm-dir-vertical inner-column-1\"><div class=\"kt-inside-inner-col\"><style>.kb-count-up-75_a3b0e9-38 .kb-count-up-title{color:var(--global-palette5, #4A5568);font-size:18px;}.kb-count-up-75_a3b0e9-38 .kb-count-up-title{text-align:center;}.kb-count-up-75_a3b0e9-38 .kb-count-up-number{color:var(--global-palette1, #3182CE);font-size:70px;line-height:70px;font-family:'Sorts Mill Goudy';font-style:italic;font-weight:400;}.kb-count-up-75_a3b0e9-38 .kb-count-up-number{margin-bottom:10px;text-align:center;}@media all and (max-width: 767px){.kb-count-up-75_a3b0e9-38 .kb-count-up-number{font-size:40px;}}<\/style>\n<div class=\"wp-block-kadence-countup kb-count-up-75_a3b0e9-38 kb-count-up\" data-start=\"0\" data-end=\"20\" data-prefix=\"\" data-suffix=\"k+\" data-duration=\"2\" data-separator=\"\"><div class=\"kb-count-up-process kb-count-up-number\"><\/div><\/div>\n\n\n<style>.wp-block-kadence-advancedheading.kt-adv-heading75_2d248c-da, .wp-block-kadence-advancedheading.kt-adv-heading75_2d248c-da[data-kb-block=\"kb-adv-heading75_2d248c-da\"]{font-weight:700;font-style:normal;font-family:var( --global-heading-font-family, inherit );}.wp-block-kadence-advancedheading.kt-adv-heading75_2d248c-da mark.kt-highlight, .wp-block-kadence-advancedheading.kt-adv-heading75_2d248c-da[data-kb-block=\"kb-adv-heading75_2d248c-da\"] mark.kt-highlight{font-style:normal;color:#f76a0c;-webkit-box-decoration-break:clone;box-decoration-break:clone;padding-top:0px;padding-right:0px;padding-bottom:0px;padding-left:0px;}.wp-block-kadence-advancedheading.kt-adv-heading75_2d248c-da img.kb-inline-image, .wp-block-kadence-advancedheading.kt-adv-heading75_2d248c-da[data-kb-block=\"kb-adv-heading75_2d248c-da\"] img.kb-inline-image{width:150px;vertical-align:baseline;}@media all and (max-width: 1024px){.wp-block-kadence-advancedheading.kt-adv-heading75_2d248c-da, .wp-block-kadence-advancedheading.kt-adv-heading75_2d248c-da[data-kb-block=\"kb-adv-heading75_2d248c-da\"]{text-align:center!important;}}@media all and (max-width: 767px){.wp-block-kadence-advancedheading.kt-adv-heading75_2d248c-da, .wp-block-kadence-advancedheading.kt-adv-heading75_2d248c-da[data-kb-block=\"kb-adv-heading75_2d248c-da\"]{text-align:center!important;}}<\/style>\n<div class=\"kt-adv-heading75_2d248c-da wp-block-kadence-advancedheading has-theme-palette-3-color has-text-color\" data-kb-block=\"kb-adv-heading75_2d248c-da\">Add Title<\/div>\n<\/div><\/div>\n\n\n<style>.kb-image75_a697b1-7d .kb-image-has-overlay:after{opacity:0.3;border-top-left-radius:20px;border-top-right-radius:20px;border-bottom-right-radius:20px;border-bottom-left-radius:20px;}.kb-image75_a697b1-7d img.kb-img, .kb-image75_a697b1-7d .kb-img img{border-top-left-radius:20px;border-top-right-radius:20px;border-bottom-right-radius:20px;border-bottom-left-radius:20px;}<\/style>\n<div class=\"wp-block-kadence-image kb-image75_a697b1-7d\"><figure class=\"aligncenter kb-image-is-ratio-size\"><div class=\"kb-is-ratio-image kb-image-ratio-land21\"><img loading=\"lazy\" decoding=\"async\" width=\"1365\" height=\"2048\" src=\"https:\/\/lecturepourtous.net\/wp-content\/uploads\/2025\/07\/a-close-up-photograph-of-an-open-book.jpeg\" alt=\"A close-up photograph of an open book, showing the details of turning pages.\" class=\"kb-img wp-image-60\" srcset=\"https:\/\/lecturepourtous.net\/wp-content\/uploads\/2025\/07\/a-close-up-photograph-of-an-open-book.jpeg 1365w, https:\/\/lecturepourtous.net\/wp-content\/uploads\/2025\/07\/a-close-up-photograph-of-an-open-book-200x300.jpeg 200w, https:\/\/lecturepourtous.net\/wp-content\/uploads\/2025\/07\/a-close-up-photograph-of-an-open-book-683x1024.jpeg 683w, https:\/\/lecturepourtous.net\/wp-content\/uploads\/2025\/07\/a-close-up-photograph-of-an-open-book-768x1152.jpeg 768w, https:\/\/lecturepourtous.net\/wp-content\/uploads\/2025\/07\/a-close-up-photograph-of-an-open-book-1024x1536.jpeg 1024w\" sizes=\"auto, (max-width: 1365px) 100vw, 1365px\" \/><\/div><\/figure><\/div>\n<\/div><\/div>\n\n\n<style>.kadence-column75_1c5ee2-b7 > .kt-inside-inner-col,.kadence-column75_1c5ee2-b7 > .kt-inside-inner-col:before{border-top-left-radius:0px;border-top-right-radius:0px;border-bottom-right-radius:0px;border-bottom-left-radius:0px;}.kadence-column75_1c5ee2-b7 > .kt-inside-inner-col{column-gap:var(--global-kb-gap-sm, 1rem);}.kadence-column75_1c5ee2-b7 > .kt-inside-inner-col{flex-direction:column;}.kadence-column75_1c5ee2-b7 > .kt-inside-inner-col > .aligncenter{width:100%;}.kadence-column75_1c5ee2-b7 > .kt-inside-inner-col:before{opacity:0.3;}.kadence-column75_1c5ee2-b7{position:relative;}.kadence-column75_1c5ee2-b7, .kt-inside-inner-col > .kadence-column75_1c5ee2-b7:not(.specificity){margin-left:50px;}@media all and (max-width: 1024px){.kadence-column75_1c5ee2-b7 > .kt-inside-inner-col{flex-direction:column;justify-content:center;}}@media all and (max-width: 1024px){.kadence-column75_1c5ee2-b7, .kt-inside-inner-col > .kadence-column75_1c5ee2-b7:not(.specificity){margin-top:0px;margin-right:0px;margin-bottom:0px;margin-left:0px;}}@media all and (max-width: 767px){.kadence-column75_1c5ee2-b7 > .kt-inside-inner-col{flex-direction:column;justify-content:center;}.kadence-column75_1c5ee2-b7, .kt-inside-inner-col > .kadence-column75_1c5ee2-b7:not(.specificity){margin-top:0px;margin-right:0px;margin-bottom:0px;margin-left:0px;}}<\/style>\n<div class=\"wp-block-kadence-column kadence-column75_1c5ee2-b7 inner-column-2\"><div class=\"kt-inside-inner-col\"><style>.wp-block-kadence-advancedheading.kt-adv-heading75_4388f6-c2, .wp-block-kadence-advancedheading.kt-adv-heading75_4388f6-c2[data-kb-block=\"kb-adv-heading75_4388f6-c2\"]{font-size:var(--global-kb-font-size-md, 1.25rem);font-style:normal;}.wp-block-kadence-advancedheading.kt-adv-heading75_4388f6-c2 mark.kt-highlight, .wp-block-kadence-advancedheading.kt-adv-heading75_4388f6-c2[data-kb-block=\"kb-adv-heading75_4388f6-c2\"] mark.kt-highlight{font-style:normal;color:#f76a0c;-webkit-box-decoration-break:clone;box-decoration-break:clone;padding-top:0px;padding-right:0px;padding-bottom:0px;padding-left:0px;}.wp-block-kadence-advancedheading.kt-adv-heading75_4388f6-c2 img.kb-inline-image, .wp-block-kadence-advancedheading.kt-adv-heading75_4388f6-c2[data-kb-block=\"kb-adv-heading75_4388f6-c2\"] img.kb-inline-image{width:150px;vertical-align:baseline;}@media all and (max-width: 1024px){.wp-block-kadence-advancedheading.kt-adv-heading75_4388f6-c2, .wp-block-kadence-advancedheading.kt-adv-heading75_4388f6-c2[data-kb-block=\"kb-adv-heading75_4388f6-c2\"]{text-align:center!important;}}@media all and (max-width: 767px){.wp-block-kadence-advancedheading.kt-adv-heading75_4388f6-c2, .wp-block-kadence-advancedheading.kt-adv-heading75_4388f6-c2[data-kb-block=\"kb-adv-heading75_4388f6-c2\"]{text-align:center!important;}}<\/style>\n<h2 class=\"kt-adv-heading75_4388f6-c2 wp-block-kadence-advancedheading\" data-kb-block=\"kb-adv-heading75_4388f6-c2\">LecturePourTous est une organisation d\u00e9di\u00e9e \u00e0 promouvoir la culture litt\u00e9raire en France \u00e0 travers des \u00e9v\u00e9nements gratuits.<\/h2>\n\n\n<style>.wp-block-kadence-advancedheading.kt-adv-heading75_67a5c6-9d, .wp-block-kadence-advancedheading.kt-adv-heading75_67a5c6-9d[data-kb-block=\"kb-adv-heading75_67a5c6-9d\"]{font-style:normal;}.wp-block-kadence-advancedheading.kt-adv-heading75_67a5c6-9d mark.kt-highlight, .wp-block-kadence-advancedheading.kt-adv-heading75_67a5c6-9d[data-kb-block=\"kb-adv-heading75_67a5c6-9d\"] mark.kt-highlight{font-style:normal;color:#f76a0c;-webkit-box-decoration-break:clone;box-decoration-break:clone;padding-top:0px;padding-right:0px;padding-bottom:0px;padding-left:0px;}.wp-block-kadence-advancedheading.kt-adv-heading75_67a5c6-9d img.kb-inline-image, .wp-block-kadence-advancedheading.kt-adv-heading75_67a5c6-9d[data-kb-block=\"kb-adv-heading75_67a5c6-9d\"] img.kb-inline-image{width:150px;vertical-align:baseline;}@media all and (max-width: 1024px){.wp-block-kadence-advancedheading.kt-adv-heading75_67a5c6-9d, .wp-block-kadence-advancedheading.kt-adv-heading75_67a5c6-9d[data-kb-block=\"kb-adv-heading75_67a5c6-9d\"]{text-align:center!important;}}@media all and (max-width: 767px){.wp-block-kadence-advancedheading.kt-adv-heading75_67a5c6-9d, .wp-block-kadence-advancedheading.kt-adv-heading75_67a5c6-9d[data-kb-block=\"kb-adv-heading75_67a5c6-9d\"]{text-align:center!important;}}<\/style>\n<p class=\"kt-adv-heading75_67a5c6-9d wp-block-kadence-advancedheading has-theme-palette-4-color has-text-color\" data-kb-block=\"kb-adv-heading75_67a5c6-9d\">En organisant des \u00e9v\u00e9nements litt\u00e9raires, nous facilitons l&rsquo;acc\u00e8s \u00e0 la culture pour un large public, des passionn\u00e9s aux familles.<\/p>\n\n\n\n<p>Notre mission est d&rsquo;\u00e9veiller l&rsquo;int\u00e9r\u00eat pour la lecture dans toutes les communaut\u00e9s.<\/p>\n<\/div><\/div>\n\n<\/div><\/div>\n\n<style>.kb-row-layout-id75_0e1cb5-f4 > .kt-row-column-wrap{align-content:start;}:where(.kb-row-layout-id75_0e1cb5-f4 > .kt-row-column-wrap) > .wp-block-kadence-column{justify-content:start;}.kb-row-layout-id75_0e1cb5-f4 > .kt-row-column-wrap{column-gap:var(--global-kb-gap-md, 2rem);row-gap:var(--global-kb-gap-md, 2rem);max-width:var( --global-content-width, 1290px );padding-left:var(--global-content-edge-padding);padding-right:var(--global-content-edge-padding);padding-top:var(--global-kb-spacing-xxl, 5rem);padding-bottom:var(--global-kb-spacing-xxl, 5rem);grid-template-columns:minmax(0, 1fr);}.kb-row-layout-id75_0e1cb5-f4 > .kt-row-layout-overlay{opacity:0.30;}@media all and (max-width: 1024px){.kb-row-layout-id75_0e1cb5-f4 > .kt-row-column-wrap{grid-template-columns:minmax(0, 1fr);}}@media all and (max-width: 767px){.kb-row-layout-id75_0e1cb5-f4 > .kt-row-column-wrap{grid-template-columns:minmax(0, 1fr);}}<\/style><div class=\"kb-row-layout-wrap kb-row-layout-id75_0e1cb5-f4 alignfull has-theme-palette9-background-color kt-row-has-bg wp-block-kadence-rowlayout\"><div class=\"kt-row-column-wrap kt-has-1-columns kt-row-layout-equal kt-tab-layout-inherit kt-mobile-layout-row kt-row-valign-top kb-theme-content-width\">\n<style>.kadence-column75_147efa-d7 > .kt-inside-inner-col,.kadence-column75_147efa-d7 > .kt-inside-inner-col:before{border-top-left-radius:0px;border-top-right-radius:0px;border-bottom-right-radius:0px;border-bottom-left-radius:0px;}.kadence-column75_147efa-d7 > .kt-inside-inner-col{column-gap:var(--global-kb-gap-sm, 1rem);}.kadence-column75_147efa-d7 > .kt-inside-inner-col{flex-direction:column;}.kadence-column75_147efa-d7 > .kt-inside-inner-col > .aligncenter{width:100%;}.kadence-column75_147efa-d7 > .kt-inside-inner-col:before{opacity:0.3;}.kadence-column75_147efa-d7{position:relative;}@media all and (max-width: 1024px){.kadence-column75_147efa-d7 > .kt-inside-inner-col{flex-direction:column;justify-content:center;}}@media all and (max-width: 767px){.kadence-column75_147efa-d7 > .kt-inside-inner-col{flex-direction:column;justify-content:center;}}<\/style>\n<div class=\"wp-block-kadence-column kadence-column75_147efa-d7\"><div class=\"kt-inside-inner-col\"><style>.kadence-column75_8daa3f-6b{max-width:800px;margin-left:auto;margin-right:auto;}.wp-block-kadence-column.kb-section-dir-horizontal:not(.kb-section-md-dir-vertical)>.kt-inside-inner-col>.kadence-column75_8daa3f-6b{-webkit-flex:0 1 800px;flex:0 1 800px;max-width:unset;margin-left:unset;margin-right:unset;}.kadence-column75_8daa3f-6b > .kt-inside-inner-col,.kadence-column75_8daa3f-6b > .kt-inside-inner-col:before{border-top-left-radius:0px;border-top-right-radius:0px;border-bottom-right-radius:0px;border-bottom-left-radius:0px;}.kadence-column75_8daa3f-6b > .kt-inside-inner-col{column-gap:var(--global-kb-gap-sm, 1rem);}.kadence-column75_8daa3f-6b > .kt-inside-inner-col{flex-direction:column;}.kadence-column75_8daa3f-6b > .kt-inside-inner-col > .aligncenter{width:100%;}.kadence-column75_8daa3f-6b > .kt-inside-inner-col:before{opacity:0.3;}.kadence-column75_8daa3f-6b{position:relative;}.kadence-column75_8daa3f-6b, .kt-inside-inner-col > .kadence-column75_8daa3f-6b:not(.specificity){margin-bottom:var(--global-kb-spacing-lg, 3rem);margin-left:0px;}@media all and (min-width: 1025px){.wp-block-kadence-column.kb-section-dir-horizontal>.kt-inside-inner-col>.kadence-column75_8daa3f-6b{-webkit-flex:0 1 800px;flex:0 1 800px;max-width:unset;margin-left:unset;margin-right:unset;}}@media all and (max-width: 1024px){.kadence-column75_8daa3f-6b > .kt-inside-inner-col{flex-direction:column;justify-content:center;}}@media all and (max-width: 767px){.wp-block-kadence-column.kb-section-sm-dir-vertical:not(.kb-section-sm-dir-horizontal):not(.kb-section-sm-dir-specificity)>.kt-inside-inner-col>.kadence-column75_8daa3f-6b{max-width:800px;-webkit-flex:1;flex:1;margin-left:auto;margin-right:auto;}.kadence-column75_8daa3f-6b > .kt-inside-inner-col{flex-direction:column;justify-content:center;}}<\/style>\n<div class=\"wp-block-kadence-column kadence-column75_8daa3f-6b\"><div class=\"kt-inside-inner-col\"><style>.wp-block-kadence-advancedheading.kt-adv-heading75_2964c4-93, .wp-block-kadence-advancedheading.kt-adv-heading75_2964c4-93[data-kb-block=\"kb-adv-heading75_2964c4-93\"]{font-size:var(--global-kb-font-size-xl, 3rem);line-height:1.2;font-style:normal;}.wp-block-kadence-advancedheading.kt-adv-heading75_2964c4-93 mark.kt-highlight, .wp-block-kadence-advancedheading.kt-adv-heading75_2964c4-93[data-kb-block=\"kb-adv-heading75_2964c4-93\"] mark.kt-highlight{font-style:normal;color:#f76a0c;-webkit-box-decoration-break:clone;box-decoration-break:clone;padding-top:0px;padding-right:0px;padding-bottom:0px;padding-left:0px;}.wp-block-kadence-advancedheading.kt-adv-heading75_2964c4-93 img.kb-inline-image, .wp-block-kadence-advancedheading.kt-adv-heading75_2964c4-93[data-kb-block=\"kb-adv-heading75_2964c4-93\"] img.kb-inline-image{width:150px;vertical-align:baseline;}<\/style>\n<h2 class=\"kt-adv-heading75_2964c4-93 wp-block-kadence-advancedheading has-theme-palette-3-color has-text-color\" data-kb-block=\"kb-adv-heading75_2964c4-93\">Projets et Programmes<\/h2>\n\n\n<style>.wp-block-kadence-advancedheading.kt-adv-heading75_9446b2-a4, .wp-block-kadence-advancedheading.kt-adv-heading75_9446b2-a4[data-kb-block=\"kb-adv-heading75_9446b2-a4\"]{font-style:normal;}.wp-block-kadence-advancedheading.kt-adv-heading75_9446b2-a4 mark.kt-highlight, .wp-block-kadence-advancedheading.kt-adv-heading75_9446b2-a4[data-kb-block=\"kb-adv-heading75_9446b2-a4\"] mark.kt-highlight{font-style:normal;color:#f76a0c;-webkit-box-decoration-break:clone;box-decoration-break:clone;padding-top:0px;padding-right:0px;padding-bottom:0px;padding-left:0px;}.wp-block-kadence-advancedheading.kt-adv-heading75_9446b2-a4 img.kb-inline-image, .wp-block-kadence-advancedheading.kt-adv-heading75_9446b2-a4[data-kb-block=\"kb-adv-heading75_9446b2-a4\"] img.kb-inline-image{width:150px;vertical-align:baseline;}<\/style>\n<p class=\"kt-adv-heading75_9446b2-a4 wp-block-kadence-advancedheading has-theme-palette-3-color has-text-color\" data-kb-block=\"kb-adv-heading75_9446b2-a4\">Une s\u00e9lection de nos initiatives.<\/p>\n<\/div><\/div>\n\n\n<style>.kb-row-layout-id75_297d99-ac > .kt-row-column-wrap{align-content:start;}:where(.kb-row-layout-id75_297d99-ac > .kt-row-column-wrap) > .wp-block-kadence-column{justify-content:start;}.kb-row-layout-id75_297d99-ac > .kt-row-column-wrap{column-gap:var(--global-kb-gap-md, 2rem);row-gap:var(--global-kb-gap-md, 2rem);padding-top:25px;padding-bottom:0px;grid-template-columns:minmax(0, calc(36.4% - ((var(--global-kb-gap-md, 2rem) * 1 )\/2)))minmax(0, calc(63.6% - ((var(--global-kb-gap-md, 2rem) * 1 )\/2)));}.kb-row-layout-id75_297d99-ac > .kt-row-layout-overlay{opacity:0.30;}@media all and (max-width: 1024px){.kb-row-layout-id75_297d99-ac > .kt-row-column-wrap{grid-template-columns:repeat(2, minmax(0, 1fr));}}@media all and (max-width: 767px){.kb-row-layout-id75_297d99-ac > .kt-row-column-wrap{padding-top:0px;padding-right:0px;padding-bottom:0px;padding-left:0px;grid-template-columns:minmax(0, 1fr);}}<\/style><div class=\"kb-row-layout-wrap kb-row-layout-id75_297d99-ac alignnone wp-block-kadence-rowlayout\"><div class=\"kt-row-column-wrap kt-has-2-columns kt-row-layout-equal kt-tab-layout-inherit kt-mobile-layout-row kt-row-valign-top\">\n<style>.kadence-column75_7c90b4-5d > .kt-inside-inner-col,.kadence-column75_7c90b4-5d > .kt-inside-inner-col:before{border-top-left-radius:0px;border-top-right-radius:0px;border-bottom-right-radius:0px;border-bottom-left-radius:0px;}.kadence-column75_7c90b4-5d > .kt-inside-inner-col{column-gap:var(--global-kb-gap-sm, 1rem);}.kadence-column75_7c90b4-5d > .kt-inside-inner-col{flex-direction:column;}.kadence-column75_7c90b4-5d > .kt-inside-inner-col > .aligncenter{width:100%;}.kadence-column75_7c90b4-5d > .kt-inside-inner-col:before{opacity:0.3;}.kadence-column75_7c90b4-5d{position:relative;}@media all and (max-width: 1024px){.kadence-column75_7c90b4-5d > .kt-inside-inner-col{flex-direction:column;justify-content:center;}}@media all and (max-width: 767px){.kadence-column75_7c90b4-5d > .kt-inside-inner-col{flex-direction:column;justify-content:center;}}<\/style>\n<div class=\"wp-block-kadence-column kadence-column75_7c90b4-5d inner-column-1\"><div class=\"kt-inside-inner-col\"><style>.kb-image75_cc81b6-7e .kb-image-has-overlay:after{opacity:0.3;border-top-left-radius:10px;border-top-right-radius:10px;border-bottom-right-radius:10px;border-bottom-left-radius:10px;}.kb-image75_cc81b6-7e img.kb-img, .kb-image75_cc81b6-7e .kb-img img{border-top-left-radius:10px;border-top-right-radius:10px;border-bottom-right-radius:10px;border-bottom-left-radius:10px;}<\/style>\n<figure class=\"wp-block-kadence-image kb-image75_cc81b6-7e kb-image-is-ratio-size\"><div class=\"kb-is-ratio-image kb-image-ratio-port23\"><img loading=\"lazy\" decoding=\"async\" width=\"2048\" height=\"1365\" src=\"https:\/\/lecturepourtous.net\/wp-content\/uploads\/2025\/07\/casual-author-discussion-event-with-stacked-books.jpeg\" alt=\"Casual author discussion event with stacked books and engaged audience.\" class=\"kb-img wp-image-61\" srcset=\"https:\/\/lecturepourtous.net\/wp-content\/uploads\/2025\/07\/casual-author-discussion-event-with-stacked-books.jpeg 2048w, https:\/\/lecturepourtous.net\/wp-content\/uploads\/2025\/07\/casual-author-discussion-event-with-stacked-books-300x200.jpeg 300w, https:\/\/lecturepourtous.net\/wp-content\/uploads\/2025\/07\/casual-author-discussion-event-with-stacked-books-1024x683.jpeg 1024w, https:\/\/lecturepourtous.net\/wp-content\/uploads\/2025\/07\/casual-author-discussion-event-with-stacked-books-768x512.jpeg 768w, https:\/\/lecturepourtous.net\/wp-content\/uploads\/2025\/07\/casual-author-discussion-event-with-stacked-books-1536x1024.jpeg 1536w\" sizes=\"auto, (max-width: 2048px) 100vw, 2048px\" \/><\/div><\/figure>\n<\/div><\/div>\n\n\n<style>.kadence-column75_bc844a-52 > .kt-inside-inner-col{display:flex;}.kadence-column75_bc844a-52 > .kt-inside-inner-col,.kadence-column75_bc844a-52 > .kt-inside-inner-col:before{border-top-left-radius:0px;border-top-right-radius:0px;border-bottom-right-radius:0px;border-bottom-left-radius:0px;}.kadence-column75_bc844a-52 > .kt-inside-inner-col{row-gap:var(--global-kb-gap-md, 2rem);column-gap:var(--global-kb-gap-sm, 1rem);}.kadence-column75_bc844a-52 > .kt-inside-inner-col{flex-direction:column;}.kadence-column75_bc844a-52 > .kt-inside-inner-col > .aligncenter{width:100%;}.kadence-column75_bc844a-52 > .kt-inside-inner-col:before{opacity:0.3;}.kadence-column75_bc844a-52{position:relative;}@media all and (max-width: 1024px){.kadence-column75_bc844a-52 > .kt-inside-inner-col{flex-direction:column;justify-content:center;}}@media all and (max-width: 767px){.kadence-column75_bc844a-52 > .kt-inside-inner-col{flex-direction:column;justify-content:center;}}<\/style>\n<div class=\"wp-block-kadence-column kadence-column75_bc844a-52 inner-column-3\"><div class=\"kt-inside-inner-col\"><style>.kb-row-layout-id75_81aa15-b4 > .kt-row-column-wrap{align-content:start;}:where(.kb-row-layout-id75_81aa15-b4 > .kt-row-column-wrap) > .wp-block-kadence-column{justify-content:start;}.kb-row-layout-id75_81aa15-b4 > .kt-row-column-wrap{column-gap:var(--global-kb-gap-md, 2rem);row-gap:var(--global-kb-gap-md, 2rem);padding-top:0px;padding-bottom:0px;grid-template-columns:repeat(2, minmax(0, 1fr));}.kb-row-layout-id75_81aa15-b4 > .kt-row-layout-overlay{opacity:0.30;}@media all and (max-width: 1024px){.kb-row-layout-id75_81aa15-b4 > .kt-row-column-wrap{grid-template-columns:repeat(2, minmax(0, 1fr));}}@media all and (max-width: 767px){.kb-row-layout-id75_81aa15-b4 > .kt-row-column-wrap{padding-top:0px;padding-right:0px;padding-bottom:0px;padding-left:0px;grid-template-columns:minmax(0, 1fr);}}<\/style><div class=\"kb-row-layout-wrap kb-row-layout-id75_81aa15-b4 alignnone wp-block-kadence-rowlayout\"><div class=\"kt-row-column-wrap kt-has-2-columns kt-row-layout-equal kt-tab-layout-inherit kt-mobile-layout-row kt-row-valign-top\">\n<style>.kadence-column75_9cf8dc-b0 > .kt-inside-inner-col{display:flex;}.kadence-column75_9cf8dc-b0 > .kt-inside-inner-col,.kadence-column75_9cf8dc-b0 > .kt-inside-inner-col:before{border-top-left-radius:0px;border-top-right-radius:0px;border-bottom-right-radius:0px;border-bottom-left-radius:0px;}.kadence-column75_9cf8dc-b0 > .kt-inside-inner-col{row-gap:var(--global-kb-gap-md, 2rem);column-gap:var(--global-kb-gap-sm, 1rem);}.kadence-column75_9cf8dc-b0 > .kt-inside-inner-col{flex-direction:column;}.kadence-column75_9cf8dc-b0 > .kt-inside-inner-col > .aligncenter{width:100%;}.kadence-column75_9cf8dc-b0 > .kt-inside-inner-col:before{opacity:0.3;}.kadence-column75_9cf8dc-b0{position:relative;}@media all and (max-width: 1024px){.kadence-column75_9cf8dc-b0 > .kt-inside-inner-col{flex-direction:column;justify-content:center;}}@media all and (max-width: 767px){.kadence-column75_9cf8dc-b0 > .kt-inside-inner-col{flex-direction:column;justify-content:center;}}<\/style>\n<div class=\"wp-block-kadence-column kadence-column75_9cf8dc-b0 inner-column-2\"><div class=\"kt-inside-inner-col\"><style>.wp-block-kadence-image.kb-image75_fbceae-a5:not(.kb-specificity-added):not(.kb-extra-specificity-added){margin-bottom:0px;}.kb-image75_fbceae-a5 .kb-image-has-overlay:after{opacity:0.3;border-top-left-radius:10px;border-top-right-radius:10px;border-bottom-right-radius:10px;border-bottom-left-radius:10px;}.kb-image75_fbceae-a5 img.kb-img, .kb-image75_fbceae-a5 .kb-img img{border-top-left-radius:10px;border-top-right-radius:10px;border-bottom-right-radius:10px;border-bottom-left-radius:10px;}<\/style>\n<figure class=\"wp-block-kadence-image kb-image75_fbceae-a5 kb-image-is-ratio-size\"><div class=\"kb-is-ratio-image kb-image-ratio-square\"><img loading=\"lazy\" decoding=\"async\" width=\"2048\" height=\"1365\" src=\"https:\/\/lecturepourtous.net\/wp-content\/uploads\/2025\/07\/man-signing-books-during-an-intimate-creative.jpeg\" alt=\"Man signing books during an intimate creative event in a cozy indoor setting.\" class=\"kb-img wp-image-35\" srcset=\"https:\/\/lecturepourtous.net\/wp-content\/uploads\/2025\/07\/man-signing-books-during-an-intimate-creative.jpeg 2048w, https:\/\/lecturepourtous.net\/wp-content\/uploads\/2025\/07\/man-signing-books-during-an-intimate-creative-300x200.jpeg 300w, https:\/\/lecturepourtous.net\/wp-content\/uploads\/2025\/07\/man-signing-books-during-an-intimate-creative-1024x683.jpeg 1024w, https:\/\/lecturepourtous.net\/wp-content\/uploads\/2025\/07\/man-signing-books-during-an-intimate-creative-768x512.jpeg 768w, https:\/\/lecturepourtous.net\/wp-content\/uploads\/2025\/07\/man-signing-books-during-an-intimate-creative-1536x1024.jpeg 1536w\" sizes=\"auto, (max-width: 2048px) 100vw, 2048px\" \/><\/div><\/figure>\n\n\n<style>.kb-image75_9b5ffb-23 .kb-image-has-overlay:after{opacity:0.3;border-top-left-radius:10px;border-top-right-radius:10px;border-bottom-right-radius:10px;border-bottom-left-radius:10px;}.kb-image75_9b5ffb-23 img.kb-img, .kb-image75_9b5ffb-23 .kb-img img{border-top-left-radius:10px;border-top-right-radius:10px;border-bottom-right-radius:10px;border-bottom-left-radius:10px;}<\/style>\n<figure class=\"wp-block-kadence-image kb-image75_9b5ffb-23 kb-image-is-ratio-size\"><div class=\"kb-is-ratio-image kb-image-ratio-land32\"><img loading=\"lazy\" decoding=\"async\" width=\"2048\" height=\"1365\" src=\"https:\/\/lecturepourtous.net\/wp-content\/uploads\/2025\/07\/close-up-of-hands-signing-a-book-on.jpeg\" alt=\"Close-up of hands signing a book on a wooden table with a glass and water bottle.\" class=\"kb-img wp-image-36\" srcset=\"https:\/\/lecturepourtous.net\/wp-content\/uploads\/2025\/07\/close-up-of-hands-signing-a-book-on.jpeg 2048w, https:\/\/lecturepourtous.net\/wp-content\/uploads\/2025\/07\/close-up-of-hands-signing-a-book-on-300x200.jpeg 300w, https:\/\/lecturepourtous.net\/wp-content\/uploads\/2025\/07\/close-up-of-hands-signing-a-book-on-1024x683.jpeg 1024w, https:\/\/lecturepourtous.net\/wp-content\/uploads\/2025\/07\/close-up-of-hands-signing-a-book-on-768x512.jpeg 768w, https:\/\/lecturepourtous.net\/wp-content\/uploads\/2025\/07\/close-up-of-hands-signing-a-book-on-1536x1024.jpeg 1536w\" sizes=\"auto, (max-width: 2048px) 100vw, 2048px\" \/><\/div><\/figure>\n<\/div><\/div>\n\n\n<style>.kadence-column75_5c47f5-4f > .kt-inside-inner-col{display:flex;}.kadence-column75_5c47f5-4f > .kt-inside-inner-col,.kadence-column75_5c47f5-4f > .kt-inside-inner-col:before{border-top-left-radius:0px;border-top-right-radius:0px;border-bottom-right-radius:0px;border-bottom-left-radius:0px;}.kadence-column75_5c47f5-4f > .kt-inside-inner-col{row-gap:var(--global-kb-gap-md, 2rem);column-gap:var(--global-kb-gap-sm, 1rem);}.kadence-column75_5c47f5-4f > .kt-inside-inner-col{flex-direction:column;}.kadence-column75_5c47f5-4f > .kt-inside-inner-col > .aligncenter{width:100%;}.kadence-column75_5c47f5-4f > .kt-inside-inner-col:before{opacity:0.3;}.kadence-column75_5c47f5-4f{position:relative;}@media all and (max-width: 1024px){.kadence-column75_5c47f5-4f > .kt-inside-inner-col{flex-direction:column;justify-content:center;}}@media all and (max-width: 767px){.kadence-column75_5c47f5-4f > .kt-inside-inner-col{flex-direction:column;justify-content:center;}}<\/style>\n<div class=\"wp-block-kadence-column kadence-column75_5c47f5-4f inner-column-3\"><div class=\"kt-inside-inner-col\"><style>.wp-block-kadence-image.kb-image75_79d407-cb:not(.kb-specificity-added):not(.kb-extra-specificity-added){margin-bottom:0px;}.kb-image75_79d407-cb .kb-image-has-overlay:after{opacity:0.3;border-top-left-radius:10px;border-top-right-radius:10px;border-bottom-right-radius:10px;border-bottom-left-radius:10px;}.kb-image75_79d407-cb img.kb-img, .kb-image75_79d407-cb .kb-img img{border-top-left-radius:10px;border-top-right-radius:10px;border-bottom-right-radius:10px;border-bottom-left-radius:10px;object-position:50% 50%;}<\/style>\n<figure class=\"wp-block-kadence-image kb-image75_79d407-cb kb-image-is-ratio-size\"><div class=\"kb-is-ratio-image kb-image-ratio-land32\"><img loading=\"lazy\" decoding=\"async\" width=\"2048\" height=\"1365\" src=\"https:\/\/lecturepourtous.net\/wp-content\/uploads\/2025\/07\/young-woman-engrossed-in-a-book-amidst.jpeg\" alt=\"Young woman engrossed in a book amidst colorful bookstore shelves.\" class=\"kb-img wp-image-37\" srcset=\"https:\/\/lecturepourtous.net\/wp-content\/uploads\/2025\/07\/young-woman-engrossed-in-a-book-amidst.jpeg 2048w, https:\/\/lecturepourtous.net\/wp-content\/uploads\/2025\/07\/young-woman-engrossed-in-a-book-amidst-300x200.jpeg 300w, https:\/\/lecturepourtous.net\/wp-content\/uploads\/2025\/07\/young-woman-engrossed-in-a-book-amidst-1024x683.jpeg 1024w, https:\/\/lecturepourtous.net\/wp-content\/uploads\/2025\/07\/young-woman-engrossed-in-a-book-amidst-768x512.jpeg 768w, https:\/\/lecturepourtous.net\/wp-content\/uploads\/2025\/07\/young-woman-engrossed-in-a-book-amidst-1536x1024.jpeg 1536w\" sizes=\"auto, (max-width: 2048px) 100vw, 2048px\" \/><\/div><\/figure>\n\n\n<style>.wp-block-kadence-image.kb-image75_748b29-e4:not(.kb-specificity-added):not(.kb-extra-specificity-added){margin-top:0px;margin-bottom:0px;}.kb-image75_748b29-e4 .kb-image-has-overlay:after{opacity:0.3;border-top-left-radius:10px;border-top-right-radius:10px;border-bottom-right-radius:10px;border-bottom-left-radius:10px;}.kb-image75_748b29-e4 img.kb-img, .kb-image75_748b29-e4 .kb-img img{border-top-left-radius:10px;border-top-right-radius:10px;border-bottom-right-radius:10px;border-bottom-left-radius:10px;}<\/style>\n<figure class=\"wp-block-kadence-image kb-image75_748b29-e4 kb-image-is-ratio-size\"><div class=\"kb-is-ratio-image kb-image-ratio-square\"><img loading=\"lazy\" decoding=\"async\" width=\"1365\" height=\"2048\" src=\"https:\/\/lecturepourtous.net\/wp-content\/uploads\/2025\/07\/warm-indoor-setting-featuring-a-person-signing.jpeg\" alt=\"Warm indoor setting featuring a person signing books, perfect for cozy atmosphere themes.\" class=\"kb-img wp-image-38\" srcset=\"https:\/\/lecturepourtous.net\/wp-content\/uploads\/2025\/07\/warm-indoor-setting-featuring-a-person-signing.jpeg 1365w, https:\/\/lecturepourtous.net\/wp-content\/uploads\/2025\/07\/warm-indoor-setting-featuring-a-person-signing-200x300.jpeg 200w, https:\/\/lecturepourtous.net\/wp-content\/uploads\/2025\/07\/warm-indoor-setting-featuring-a-person-signing-683x1024.jpeg 683w, https:\/\/lecturepourtous.net\/wp-content\/uploads\/2025\/07\/warm-indoor-setting-featuring-a-person-signing-768x1152.jpeg 768w, https:\/\/lecturepourtous.net\/wp-content\/uploads\/2025\/07\/warm-indoor-setting-featuring-a-person-signing-1024x1536.jpeg 1024w\" sizes=\"auto, (max-width: 1365px) 100vw, 1365px\" \/><\/div><\/figure>\n<\/div><\/div>\n\n<\/div><\/div><\/div><\/div>\n\n<\/div><\/div><\/div><\/div>\n\n<\/div><\/div>","protected":false},"excerpt":{"rendered":"<p>Auteurs invit\u00e9s au Salon du Livre du dimanche 15 novembre 2026 Berry Lucie J\u2019ai \u00e9t\u00e9 juriste pendant 18 ann\u00e9es, et cette ann\u00e9e 2025 est sous le signe de la reconversion&#8230;<\/p>\n","protected":false},"author":2,"featured_media":0,"parent":0,"menu_order":0,"comment_status":"closed","ping_status":"closed","template":"","meta":{"_monsterinsights_skip_tracking":false,"_monsterinsights_sitenote_active":false,"_monsterinsights_sitenote_note":"","_monsterinsights_sitenote_category":0,"_kadence_starter_templates_imported_post":true,"_kad_post_transparent":"","_kad_post_title":"hide","_kad_post_layout":"left","_kad_post_sidebar_id":"","_kad_post_content_style":"unboxed","_kad_post_vertical_padding":"hide","_kad_post_feature":"hide","_kad_post_feature_position":"","_kad_post_header":false,"_kad_post_footer":false,"footnotes":""},"class_list":["post-75","page","type-page","status-publish","hentry"],"_links":{"self":[{"href":"https:\/\/lecturepourtous.net\/index.php\/wp-json\/wp\/v2\/pages\/75","targetHints":{"allow":["GET"]}}],"collection":[{"href":"https:\/\/lecturepourtous.net\/index.php\/wp-json\/wp\/v2\/pages"}],"about":[{"href":"https:\/\/lecturepourtous.net\/index.php\/wp-json\/wp\/v2\/types\/page"}],"author":[{"embeddable":true,"href":"https:\/\/lecturepourtous.net\/index.php\/wp-json\/wp\/v2\/users\/2"}],"replies":[{"embeddable":true,"href":"https:\/\/lecturepourtous.net\/index.php\/wp-json\/wp\/v2\/comments?post=75"}],"version-history":[{"count":94,"href":"https:\/\/lecturepourtous.net\/index.php\/wp-json\/wp\/v2\/pages\/75\/revisions"}],"predecessor-version":[{"id":434,"href":"https:\/\/lecturepourtous.net\/index.php\/wp-json\/wp\/v2\/pages\/75\/revisions\/434"}],"wp:attachment":[{"href":"https:\/\/lecturepourtous.net\/index.php\/wp-json\/wp\/v2\/media?parent=75"}],"curies":[{"name":"wp","href":"https:\/\/api.w.org\/{rel}","templated":true}]}}